{"id":32,"date":"2024-03-06T10:09:43","date_gmt":"2024-03-06T10:09:43","guid":{"rendered":"http:\/\/neusperiscentrodeestetica.com\/?page_id=32"},"modified":"2026-03-23T09:47:47","modified_gmt":"2026-03-23T09:47:47","slug":"servicios-estetica-carcaixent","status":"publish","type":"page","link":"https:\/\/neusperiscentrodeestetica.com\/index.php\/servicios-estetica-carcaixent\/","title":{"rendered":"SERVICIOS"},"content":{"rendered":"\t\t<div data-elementor-type=\"wp-page\" data-elementor-id=\"32\" class=\"elementor elementor-32\">\n\t\t\t\t<div class=\"elementor-element elementor-element-27039cf e-con-full e-flex e-con e-parent\" data-id=\"27039cf\" data-element_type=\"container\">\n\t\t<div class=\"elementor-element elementor-element-a054534 e-con-full e-flex e-con e-child\" data-id=\"a054534\" data-element_type=\"container\" data-settings=\"{&quot;background_background&quot;:&quot;classic&quot;}\">\n\t\t\t\t<div class=\"elementor-element elementor-element-acc5cb9 elementor-widget elementor-widget-heading\" data-id=\"acc5cb9\" data-element_type=\"widget\" data-widget_type=\"heading.default\">\n\t\t\t\t<div class=\"elementor-widget-container\">\n\t\t\t<h1 class=\"elementor-heading-title elementor-size-default\">SERVICIOS DE EST\u00c9TICA Y BIENESTAR DISE\u00d1ADOS ESPECIALMENTE PARA TI<\/h1>\t\t<\/div>\n\t\t\t\t<\/div>\n\t\t\t\t<div class=\"elementor-element elementor-element-860f9cb elementor-widget elementor-widget-text-editor\" data-id=\"860f9cb\" data-element_type=\"widget\" data-widget_type=\"text-editor.default\">\n\t\t\t\t<div class=\"elementor-widget-container\">\n\t\t\t\t\t\t\t<p data-path-to-node=\"7\">Tu belleza natural es \u00fanica, y en <b data-path-to-node=\"7\" data-index-in-node=\"35\">Neus Peris<\/b> nuestro prop\u00f3sito es simplemente ayudarte a que brille con m\u00e1s fuerza. Entendemos el cuidado como un equilibrio perfecto entre cuerpo, mente y esp\u00edritu.<\/p><p data-path-to-node=\"8\">Por eso, no creemos en soluciones gen\u00e9ricas: escuchamos lo que tu cuerpo necesita hoy para ofrecerte tratamientos faciales, corporales y de est\u00e9tica que de verdad funcionen para ti. Te invitamos a descubrir un rinc\u00f3n dise\u00f1ado para tu relax, donde cada detalle est\u00e1 pensado para que te sientas cuidada, equilibrada y llena de vitalidad.<\/p><p>Disfruta de un espacio acogedor y profesional donde cada detalle est\u00e1 orientado a tu satisfacci\u00f3n y bienestar total. Ven y descubre c\u00f3mo podemos ayudarte a sentirte renovada, relajada y llena de energ\u00eda positiva.<\/p>\t\t\t\t\t\t<\/div>\n\t\t\t\t<\/div>\n\t\t\t\t<\/div>\n\t\t\t\t<\/div>\n\t\t<div class=\"elementor-element elementor-element-6d4fe4d e-con-full e-flex e-con e-parent\" data-id=\"6d4fe4d\" data-element_type=\"container\" data-settings=\"{&quot;background_background&quot;:&quot;classic&quot;}\">\n\t\t<div class=\"elementor-element elementor-element-e5227da e-con-full e-flex e-con e-child\" data-id=\"e5227da\" data-element_type=\"container\">\n\t\t\t\t<div class=\"elementor-element elementor-element-bb2d006 elementor-widget-tablet_extra__width-initial elementor-widget elementor-widget-heading\" data-id=\"bb2d006\" data-element_type=\"widget\" data-widget_type=\"heading.default\">\n\t\t\t\t<div class=\"elementor-widget-container\">\n\t\t\t<h2 class=\"elementor-heading-title elementor-size-default\">TRATAMIENTOS FACIALES<\/h2>\t\t<\/div>\n\t\t\t\t<\/div>\n\t\t\t\t<div class=\"elementor-element elementor-element-ebd2636 elementor-widget-tablet_extra__width-initial elementor-widget elementor-widget-text-editor\" data-id=\"ebd2636\" data-element_type=\"widget\" data-widget_type=\"text-editor.default\">\n\t\t\t\t<div class=\"elementor-widget-container\">\n\t\t\t\t\t\t\t<p style=\"text-align: center;\">Experimenta la renovaci\u00f3n completa de tu piel con nuestros tratamientos faciales personalizados. Te brindar\u00e9 una atenci\u00f3n individualizada para<br \/>lograr una piel radiante y saludable.<\/p>\t\t\t\t\t\t<\/div>\n\t\t\t\t<\/div>\n\t\t\t\t<div class=\"elementor-element elementor-element-809a79a elementor-align-center elementor-widget elementor-widget-button\" data-id=\"809a79a\" data-element_type=\"widget\" data-widget_type=\"button.default\">\n\t\t\t\t<div class=\"elementor-widget-container\">\n\t\t\t\t\t<div class=\"elementor-button-wrapper\">\n\t\t\t<a class=\"elementor-button elementor-button-link elementor-size-sm\" href=\"http:\/\/neusperiscentrodeestetica.com\/index.php\/servicios\/tratamientos-faciales\/\">\n\t\t\t\t\t\t<span class=\"elementor-button-content-wrapper\">\n\t\t\t\t\t\t\t\t\t<span class=\"elementor-button-text\">VER M\u00c1S<\/span>\n\t\t\t\t\t<\/span>\n\t\t\t\t\t<\/a>\n\t\t<\/div>\n\t\t\t\t<\/div>\n\t\t\t\t<\/div>\n\t\t\t\t<\/div>\n\t\t<div class=\"elementor-element elementor-element-0bb1b0c e-con-full e-flex e-con e-child\" data-id=\"0bb1b0c\" data-element_type=\"container\">\n\t\t\t\t<div class=\"elementor-element elementor-element-0949e58 elementor-arrows-position-inside elementor-pagination-position-outside elementor-widget elementor-widget-image-carousel\" data-id=\"0949e58\" data-element_type=\"widget\" data-settings=\"{&quot;navigation&quot;:&quot;both&quot;,&quot;autoplay&quot;:&quot;yes&quot;,&quot;pause_on_hover&quot;:&quot;yes&quot;,&quot;pause_on_interaction&quot;:&quot;yes&quot;,&quot;autoplay_speed&quot;:5000,&quot;infinite&quot;:&quot;yes&quot;,&quot;speed&quot;:500}\" data-widget_type=\"image-carousel.default\">\n\t\t\t\t<div class=\"elementor-widget-container\">\n\t\t\t\t\t<div class=\"elementor-image-carousel-wrapper swiper\" dir=\"ltr\">\n\t\t\t<div class=\"elementor-image-carousel swiper-wrapper\" aria-live=\"off\">\n\t\t\t\t\t\t\t\t<div class=\"swiper-slide\" role=\"group\" aria-roledescription=\"slide\" aria-label=\"1 de 3\"><figure class=\"swiper-slide-inner\"><img decoding=\"async\" class=\"swiper-slide-image\" src=\"https:\/\/neusperiscentrodeestetica.com\/wp-content\/uploads\/2024\/03\/24-300x169.jpg\" alt=\"-24\" \/><\/figure><\/div><div class=\"swiper-slide\" role=\"group\" aria-roledescription=\"slide\" aria-label=\"2 de 3\"><figure class=\"swiper-slide-inner\"><img decoding=\"async\" class=\"swiper-slide-image\" src=\"https:\/\/neusperiscentrodeestetica.com\/wp-content\/uploads\/2024\/03\/8-300x169.jpg\" alt=\"Cuidado facial para piel radiante y saludable en est\u00e9tica en Carcaixent\" \/><\/figure><\/div><div class=\"swiper-slide\" role=\"group\" aria-roledescription=\"slide\" aria-label=\"3 de 3\"><figure class=\"swiper-slide-inner\"><img decoding=\"async\" class=\"swiper-slide-image\" src=\"https:\/\/neusperiscentrodeestetica.com\/wp-content\/uploads\/2024\/03\/22-300x169.jpg\" alt=\"Centro de Estetica en Carcaixent\" \/><\/figure><\/div>\t\t\t<\/div>\n\t\t\t\t\t\t\t\t\t\t\t\t<div class=\"elementor-swiper-button elementor-swiper-button-prev\" role=\"button\" tabindex=\"0\">\n\t\t\t\t\t\t<svg aria-hidden=\"true\" class=\"e-font-icon-svg e-eicon-chevron-left\" viewBox=\"0 0 1000 1000\" xmlns=\"http:\/\/www.w3.org\/2000\/svg\"><path d=\"M646 125C629 125 613 133 604 142L308 442C296 454 292 471 292 487 292 504 296 521 308 533L604 854C617 867 629 875 646 875 663 875 679 871 692 858 704 846 713 829 713 812 713 796 708 779 692 767L438 487 692 225C700 217 708 204 708 187 708 171 704 154 692 142 675 129 663 125 646 125Z\"><\/path><\/svg>\t\t\t\t\t<\/div>\n\t\t\t\t\t<div class=\"elementor-swiper-button elementor-swiper-button-next\" role=\"button\" tabindex=\"0\">\n\t\t\t\t\t\t<svg aria-hidden=\"true\" class=\"e-font-icon-svg e-eicon-chevron-right\" viewBox=\"0 0 1000 1000\" xmlns=\"http:\/\/www.w3.org\/2000\/svg\"><path d=\"M696 533C708 521 713 504 713 487 713 471 708 454 696 446L400 146C388 133 375 125 354 125 338 125 325 129 313 142 300 154 292 171 292 187 292 204 296 221 308 233L563 492 304 771C292 783 288 800 288 817 288 833 296 850 308 863 321 871 338 875 354 875 371 875 388 867 400 854L696 533Z\"><\/path><\/svg>\t\t\t\t\t<\/div>\n\t\t\t\t\n\t\t\t\t\t\t\t\t\t<div class=\"swiper-pagination\"><\/div>\n\t\t\t\t\t\t\t\t\t<\/div>\n\t\t\t\t<\/div>\n\t\t\t\t<\/div>\n\t\t\t\t<\/div>\n\t\t\t\t<\/div>\n\t\t<div class=\"elementor-element elementor-element-9e7c9c0 e-con-full e-flex e-con e-parent\" data-id=\"9e7c9c0\" data-element_type=\"container\">\n\t\t<div class=\"elementor-element elementor-element-9557c42 e-con-full e-flex e-con e-child\" data-id=\"9557c42\" data-element_type=\"container\">\n\t\t\t\t<div class=\"elementor-element elementor-element-6dc7509 elementor-widget elementor-widget-heading\" data-id=\"6dc7509\" data-element_type=\"widget\" data-widget_type=\"heading.default\">\n\t\t\t\t<div class=\"elementor-widget-container\">\n\t\t\t<h2 class=\"elementor-heading-title elementor-size-default\">TRATAMIENTOS CORPORALES<\/h2>\t\t<\/div>\n\t\t\t\t<\/div>\n\t\t\t\t<div class=\"elementor-element elementor-element-823ba83 elementor-widget elementor-widget-text-editor\" data-id=\"823ba83\" data-element_type=\"widget\" data-widget_type=\"text-editor.default\">\n\t\t\t\t<div class=\"elementor-widget-container\">\n\t\t\t\t\t\t\t<p style=\"text-align: center;\">Descubre la armon\u00eda entre cuerpo y mente con nuestra amplia gama de tratamientos corporales. Desde masajes relajantes hasta t\u00e9cnicas avanzadas de remodelaci\u00f3n corporal. Te ayudar\u00e9 a alcanzar tus objetivos est\u00e9ticos y a <br \/>lograr un bienestar general.<\/p>\t\t\t\t\t\t<\/div>\n\t\t\t\t<\/div>\n\t\t\t\t<div class=\"elementor-element elementor-element-56043e6 elementor-align-center elementor-widget elementor-widget-button\" data-id=\"56043e6\" data-element_type=\"widget\" data-widget_type=\"button.default\">\n\t\t\t\t<div class=\"elementor-widget-container\">\n\t\t\t\t\t<div class=\"elementor-button-wrapper\">\n\t\t\t<a class=\"elementor-button elementor-button-link elementor-size-sm\" href=\"http:\/\/neusperiscentrodeestetica.com\/index.php\/servicios\/tratamientos-corporales\/\">\n\t\t\t\t\t\t<span class=\"elementor-button-content-wrapper\">\n\t\t\t\t\t\t\t\t\t<span class=\"elementor-button-text\">VER M\u00c1S<\/span>\n\t\t\t\t\t<\/span>\n\t\t\t\t\t<\/a>\n\t\t<\/div>\n\t\t\t\t<\/div>\n\t\t\t\t<\/div>\n\t\t\t\t<\/div>\n\t\t<div class=\"elementor-element elementor-element-a901cca e-con-full e-flex e-con e-child\" data-id=\"a901cca\" data-element_type=\"container\">\n\t\t\t\t<div class=\"elementor-element elementor-element-e58ebb2 elementor-arrows-position-inside elementor-pagination-position-outside elementor-widget elementor-widget-image-carousel\" data-id=\"e58ebb2\" data-element_type=\"widget\" data-settings=\"{&quot;navigation&quot;:&quot;both&quot;,&quot;autoplay&quot;:&quot;yes&quot;,&quot;pause_on_hover&quot;:&quot;yes&quot;,&quot;pause_on_interaction&quot;:&quot;yes&quot;,&quot;autoplay_speed&quot;:5000,&quot;infinite&quot;:&quot;yes&quot;,&quot;speed&quot;:500}\" data-widget_type=\"image-carousel.default\">\n\t\t\t\t<div class=\"elementor-widget-container\">\n\t\t\t\t\t<div class=\"elementor-image-carousel-wrapper swiper\" dir=\"ltr\">\n\t\t\t<div class=\"elementor-image-carousel swiper-wrapper\" aria-live=\"off\">\n\t\t\t\t\t\t\t\t<div class=\"swiper-slide\" role=\"group\" aria-roledescription=\"slide\" aria-label=\"1 de 3\"><figure class=\"swiper-slide-inner\"><img decoding=\"async\" class=\"swiper-slide-image\" src=\"https:\/\/neusperiscentrodeestetica.com\/wp-content\/uploads\/2024\/04\/1-169x300.jpg\" alt=\"-1\" \/><\/figure><\/div><div class=\"swiper-slide\" role=\"group\" aria-roledescription=\"slide\" aria-label=\"2 de 3\"><figure class=\"swiper-slide-inner\"><img decoding=\"async\" class=\"swiper-slide-image\" src=\"https:\/\/neusperiscentrodeestetica.com\/wp-content\/uploads\/2024\/04\/13-169x300.jpg\" alt=\"-13\" \/><\/figure><\/div><div class=\"swiper-slide\" role=\"group\" aria-roledescription=\"slide\" aria-label=\"3 de 3\"><figure class=\"swiper-slide-inner\"><img decoding=\"async\" class=\"swiper-slide-image\" src=\"https:\/\/neusperiscentrodeestetica.com\/wp-content\/uploads\/2024\/04\/8-169x300.jpg\" alt=\"-8\" \/><\/figure><\/div>\t\t\t<\/div>\n\t\t\t\t\t\t\t\t\t\t\t\t<div class=\"elementor-swiper-button elementor-swiper-button-prev\" role=\"button\" tabindex=\"0\">\n\t\t\t\t\t\t<svg aria-hidden=\"true\" class=\"e-font-icon-svg e-eicon-chevron-left\" viewBox=\"0 0 1000 1000\" xmlns=\"http:\/\/www.w3.org\/2000\/svg\"><path d=\"M646 125C629 125 613 133 604 142L308 442C296 454 292 471 292 487 292 504 296 521 308 533L604 854C617 867 629 875 646 875 663 875 679 871 692 858 704 846 713 829 713 812 713 796 708 779 692 767L438 487 692 225C700 217 708 204 708 187 708 171 704 154 692 142 675 129 663 125 646 125Z\"><\/path><\/svg>\t\t\t\t\t<\/div>\n\t\t\t\t\t<div class=\"elementor-swiper-button elementor-swiper-button-next\" role=\"button\" tabindex=\"0\">\n\t\t\t\t\t\t<svg aria-hidden=\"true\" class=\"e-font-icon-svg e-eicon-chevron-right\" viewBox=\"0 0 1000 1000\" xmlns=\"http:\/\/www.w3.org\/2000\/svg\"><path d=\"M696 533C708 521 713 504 713 487 713 471 708 454 696 446L400 146C388 133 375 125 354 125 338 125 325 129 313 142 300 154 292 171 292 187 292 204 296 221 308 233L563 492 304 771C292 783 288 800 288 817 288 833 296 850 308 863 321 871 338 875 354 875 371 875 388 867 400 854L696 533Z\"><\/path><\/svg>\t\t\t\t\t<\/div>\n\t\t\t\t\n\t\t\t\t\t\t\t\t\t<div class=\"swiper-pagination\"><\/div>\n\t\t\t\t\t\t\t\t\t<\/div>\n\t\t\t\t<\/div>\n\t\t\t\t<\/div>\n\t\t\t\t<\/div>\n\t\t\t\t<\/div>\n\t\t<div class=\"elementor-element elementor-element-3894b39 e-con-full e-flex e-con e-parent\" data-id=\"3894b39\" data-element_type=\"container\" data-settings=\"{&quot;background_background&quot;:&quot;classic&quot;}\">\n\t\t<div class=\"elementor-element elementor-element-b48e7bd e-con-full e-flex e-con e-child\" data-id=\"b48e7bd\" data-element_type=\"container\">\n\t\t\t\t<div class=\"elementor-element elementor-element-0ce7755 elementor-widget elementor-widget-heading\" data-id=\"0ce7755\" data-element_type=\"widget\" data-widget_type=\"heading.default\">\n\t\t\t\t<div class=\"elementor-widget-container\">\n\t\t\t<h2 class=\"elementor-heading-title elementor-size-default\">NAILS BAR<\/h2>\t\t<\/div>\n\t\t\t\t<\/div>\n\t\t\t\t<div class=\"elementor-element elementor-element-6d82b44 elementor-widget elementor-widget-text-editor\" data-id=\"6d82b44\" data-element_type=\"widget\" data-widget_type=\"text-editor.default\">\n\t\t\t\t<div class=\"elementor-widget-container\">\n\t\t\t\t\t\t\t<p>Te ofrecemos una experiencia \u00fanica en los servicios de manicura y pedicura, utilizando productos de alta calidad y las \u00faltimas tendencias en dise\u00f1o de u\u00f1as.<\/p>\t\t\t\t\t\t<\/div>\n\t\t\t\t<\/div>\n\t\t\t\t<div class=\"elementor-element elementor-element-0aebba1 elementor-align-center elementor-widget elementor-widget-button\" data-id=\"0aebba1\" data-element_type=\"widget\" data-widget_type=\"button.default\">\n\t\t\t\t<div class=\"elementor-widget-container\">\n\t\t\t\t\t<div class=\"elementor-button-wrapper\">\n\t\t\t<a class=\"elementor-button elementor-button-link elementor-size-sm\" href=\"http:\/\/neusperiscentrodeestetica.com\/index.php\/servicios\/nails-bar\/\">\n\t\t\t\t\t\t<span class=\"elementor-button-content-wrapper\">\n\t\t\t\t\t\t\t\t\t<span class=\"elementor-button-text\">VER M\u00c1S<\/span>\n\t\t\t\t\t<\/span>\n\t\t\t\t\t<\/a>\n\t\t<\/div>\n\t\t\t\t<\/div>\n\t\t\t\t<\/div>\n\t\t\t\t<\/div>\n\t\t<div class=\"elementor-element elementor-element-4974ad2 e-con-full e-flex e-con e-child\" data-id=\"4974ad2\" data-element_type=\"container\">\n\t\t\t\t<div class=\"elementor-element elementor-element-d0d585d elementor-arrows-position-inside elementor-pagination-position-outside elementor-widget elementor-widget-image-carousel\" data-id=\"d0d585d\" data-element_type=\"widget\" data-settings=\"{&quot;navigation&quot;:&quot;both&quot;,&quot;autoplay&quot;:&quot;yes&quot;,&quot;pause_on_hover&quot;:&quot;yes&quot;,&quot;pause_on_interaction&quot;:&quot;yes&quot;,&quot;autoplay_speed&quot;:5000,&quot;infinite&quot;:&quot;yes&quot;,&quot;speed&quot;:500}\" data-widget_type=\"image-carousel.default\">\n\t\t\t\t<div class=\"elementor-widget-container\">\n\t\t\t\t\t<div class=\"elementor-image-carousel-wrapper swiper\" dir=\"ltr\">\n\t\t\t<div class=\"elementor-image-carousel swiper-wrapper\" aria-live=\"off\">\n\t\t\t\t\t\t\t\t<div class=\"swiper-slide\" role=\"group\" aria-roledescription=\"slide\" aria-label=\"1 de 3\"><figure class=\"swiper-slide-inner\"><img decoding=\"async\" class=\"swiper-slide-image\" src=\"https:\/\/neusperiscentrodeestetica.com\/wp-content\/uploads\/2024\/04\/45FC0799-E09E-4EA6-AF40-D4301F3B5CF3-300x300.jpeg\" alt=\"45FC0799-E09E-4EA6-AF40-D4301F3B5CF3\" \/><\/figure><\/div><div class=\"swiper-slide\" role=\"group\" aria-roledescription=\"slide\" aria-label=\"2 de 3\"><figure class=\"swiper-slide-inner\"><img decoding=\"async\" class=\"swiper-slide-image\" src=\"https:\/\/neusperiscentrodeestetica.com\/wp-content\/uploads\/2024\/04\/shared6-300x300.jpeg\" alt=\"shared6\" \/><\/figure><\/div><div class=\"swiper-slide\" role=\"group\" aria-roledescription=\"slide\" aria-label=\"3 de 3\"><figure class=\"swiper-slide-inner\"><img decoding=\"async\" class=\"swiper-slide-image\" src=\"https:\/\/neusperiscentrodeestetica.com\/wp-content\/uploads\/2024\/04\/IMG_5366-169x300.jpeg\" alt=\"IMG_5366\" \/><\/figure><\/div>\t\t\t<\/div>\n\t\t\t\t\t\t\t\t\t\t\t\t<div class=\"elementor-swiper-button elementor-swiper-button-prev\" role=\"button\" tabindex=\"0\">\n\t\t\t\t\t\t<svg aria-hidden=\"true\" class=\"e-font-icon-svg e-eicon-chevron-left\" viewBox=\"0 0 1000 1000\" xmlns=\"http:\/\/www.w3.org\/2000\/svg\"><path d=\"M646 125C629 125 613 133 604 142L308 442C296 454 292 471 292 487 292 504 296 521 308 533L604 854C617 867 629 875 646 875 663 875 679 871 692 858 704 846 713 829 713 812 713 796 708 779 692 767L438 487 692 225C700 217 708 204 708 187 708 171 704 154 692 142 675 129 663 125 646 125Z\"><\/path><\/svg>\t\t\t\t\t<\/div>\n\t\t\t\t\t<div class=\"elementor-swiper-button elementor-swiper-button-next\" role=\"button\" tabindex=\"0\">\n\t\t\t\t\t\t<svg aria-hidden=\"true\" class=\"e-font-icon-svg e-eicon-chevron-right\" viewBox=\"0 0 1000 1000\" xmlns=\"http:\/\/www.w3.org\/2000\/svg\"><path d=\"M696 533C708 521 713 504 713 487 713 471 708 454 696 446L400 146C388 133 375 125 354 125 338 125 325 129 313 142 300 154 292 171 292 187 292 204 296 221 308 233L563 492 304 771C292 783 288 800 288 817 288 833 296 850 308 863 321 871 338 875 354 875 371 875 388 867 400 854L696 533Z\"><\/path><\/svg>\t\t\t\t\t<\/div>\n\t\t\t\t\n\t\t\t\t\t\t\t\t\t<div class=\"swiper-pagination\"><\/div>\n\t\t\t\t\t\t\t\t\t<\/div>\n\t\t\t\t<\/div>\n\t\t\t\t<\/div>\n\t\t\t\t<\/div>\n\t\t\t\t<\/div>\n\t\t<div class=\"elementor-element elementor-element-75e32ff e-con-full e-flex e-con e-parent\" data-id=\"75e32ff\" data-element_type=\"container\">\n\t\t<div class=\"elementor-element elementor-element-742ce6d e-con-full e-flex e-con e-child\" data-id=\"742ce6d\" data-element_type=\"container\">\n\t\t\t\t<div class=\"elementor-element elementor-element-e23aaa8 elementor-widget elementor-widget-heading\" data-id=\"e23aaa8\" data-element_type=\"widget\" data-widget_type=\"heading.default\">\n\t\t\t\t<div class=\"elementor-widget-container\">\n\t\t\t<h2 class=\"elementor-heading-title elementor-size-default\">MAQUILLAJE<\/h2>\t\t<\/div>\n\t\t\t\t<\/div>\n\t\t\t\t<div class=\"elementor-element elementor-element-7ccb6c2 elementor-widget elementor-widget-text-editor\" data-id=\"7ccb6c2\" data-element_type=\"widget\" data-widget_type=\"text-editor.default\">\n\t\t\t\t<div class=\"elementor-widget-container\">\n\t\t\t\t\t\t\t<p style=\"text-align: center;\">Resalta tu belleza natural con el servicio de maquillaje profesional. Ya sea para una ocasi\u00f3n especial o para el d\u00eda a d\u00eda, te ayudar\u00e9 a realzar tus rasgos y expresar tu estilo personal con t\u00e9cnicas y productos de primera calidad.<\/p>\t\t\t\t\t\t<\/div>\n\t\t\t\t<\/div>\n\t\t\t\t<div class=\"elementor-element elementor-element-f2e814e elementor-align-center elementor-widget elementor-widget-button\" data-id=\"f2e814e\" data-element_type=\"widget\" data-widget_type=\"button.default\">\n\t\t\t\t<div class=\"elementor-widget-container\">\n\t\t\t\t\t<div class=\"elementor-button-wrapper\">\n\t\t\t<a class=\"elementor-button elementor-button-link elementor-size-sm\" href=\"http:\/\/neusperiscentrodeestetica.com\/index.php\/servicios\/maquillaje\/\">\n\t\t\t\t\t\t<span class=\"elementor-button-content-wrapper\">\n\t\t\t\t\t\t\t\t\t<span class=\"elementor-button-text\">VER M\u00c1S<\/span>\n\t\t\t\t\t<\/span>\n\t\t\t\t\t<\/a>\n\t\t<\/div>\n\t\t\t\t<\/div>\n\t\t\t\t<\/div>\n\t\t\t\t<div class=\"elementor-element elementor-element-bd8736a elementor-arrows-position-inside elementor-pagination-position-outside elementor-widget elementor-widget-image-carousel\" data-id=\"bd8736a\" data-element_type=\"widget\" data-settings=\"{&quot;navigation&quot;:&quot;both&quot;,&quot;autoplay&quot;:&quot;yes&quot;,&quot;pause_on_hover&quot;:&quot;yes&quot;,&quot;pause_on_interaction&quot;:&quot;yes&quot;,&quot;autoplay_speed&quot;:5000,&quot;infinite&quot;:&quot;yes&quot;,&quot;speed&quot;:500}\" data-widget_type=\"image-carousel.default\">\n\t\t\t\t<div class=\"elementor-widget-container\">\n\t\t\t\t\t<div class=\"elementor-image-carousel-wrapper swiper\" dir=\"ltr\">\n\t\t\t<div class=\"elementor-image-carousel swiper-wrapper\" aria-live=\"off\">\n\t\t\t\t\t\t\t\t<div class=\"swiper-slide\" role=\"group\" aria-roledescription=\"slide\" aria-label=\"1 de 3\"><figure class=\"swiper-slide-inner\"><img decoding=\"async\" class=\"swiper-slide-image\" src=\"https:\/\/neusperiscentrodeestetica.com\/wp-content\/uploads\/2024\/04\/IMG_2445-225x300.jpeg\" alt=\"Servicio de maquillaje personalizado en Neus Peris est\u00e9tica en Carcaixent\" \/><\/figure><\/div><div class=\"swiper-slide\" role=\"group\" aria-roledescription=\"slide\" aria-label=\"2 de 3\"><figure class=\"swiper-slide-inner\"><img decoding=\"async\" class=\"swiper-slide-image\" src=\"https:\/\/neusperiscentrodeestetica.com\/wp-content\/uploads\/2024\/04\/E30031B2-B56D-49FE-8069-35C97977249C-169x300.jpeg\" alt=\"E30031B2-B56D-49FE-8069-35C97977249C\" \/><\/figure><\/div><div class=\"swiper-slide\" role=\"group\" aria-roledescription=\"slide\" aria-label=\"3 de 3\"><figure class=\"swiper-slide-inner\"><img decoding=\"async\" class=\"swiper-slide-image\" src=\"https:\/\/neusperiscentrodeestetica.com\/wp-content\/uploads\/2024\/04\/b5e4215e-cea8-415b-b194-37554c6bde05-300x200.jpeg\" alt=\"b5e4215e-cea8-415b-b194-37554c6bde05\" \/><\/figure><\/div>\t\t\t<\/div>\n\t\t\t\t\t\t\t\t\t\t\t\t<div class=\"elementor-swiper-button elementor-swiper-button-prev\" role=\"button\" tabindex=\"0\">\n\t\t\t\t\t\t<svg aria-hidden=\"true\" class=\"e-font-icon-svg e-eicon-chevron-left\" viewBox=\"0 0 1000 1000\" xmlns=\"http:\/\/www.w3.org\/2000\/svg\"><path d=\"M646 125C629 125 613 133 604 142L308 442C296 454 292 471 292 487 292 504 296 521 308 533L604 854C617 867 629 875 646 875 663 875 679 871 692 858 704 846 713 829 713 812 713 796 708 779 692 767L438 487 692 225C700 217 708 204 708 187 708 171 704 154 692 142 675 129 663 125 646 125Z\"><\/path><\/svg>\t\t\t\t\t<\/div>\n\t\t\t\t\t<div class=\"elementor-swiper-button elementor-swiper-button-next\" role=\"button\" tabindex=\"0\">\n\t\t\t\t\t\t<svg aria-hidden=\"true\" class=\"e-font-icon-svg e-eicon-chevron-right\" viewBox=\"0 0 1000 1000\" xmlns=\"http:\/\/www.w3.org\/2000\/svg\"><path d=\"M696 533C708 521 713 504 713 487 713 471 708 454 696 446L400 146C388 133 375 125 354 125 338 125 325 129 313 142 300 154 292 171 292 187 292 204 296 221 308 233L563 492 304 771C292 783 288 800 288 817 288 833 296 850 308 863 321 871 338 875 354 875 371 875 388 867 400 854L696 533Z\"><\/path><\/svg>\t\t\t\t\t<\/div>\n\t\t\t\t\n\t\t\t\t\t\t\t\t\t<div class=\"swiper-pagination\"><\/div>\n\t\t\t\t\t\t\t\t\t<\/div>\n\t\t\t\t<\/div>\n\t\t\t\t<\/div>\n\t\t\t\t<\/div>\n\t\t\t\t<\/div>\n\t\t<div class=\"elementor-element elementor-element-426ae1e e-flex e-con-boxed e-con e-parent\" data-id=\"426ae1e\" data-element_type=\"container\" data-settings=\"{&quot;shape_divider_top&quot;:&quot;triangle-asymmetrical&quot;,&quot;shape_divider_bottom&quot;:&quot;triangle-asymmetrical&quot;,&quot;background_background&quot;:&quot;classic&quot;}\">\n\t\t\t\t\t<div class=\"e-con-inner\">\n\t\t\t\t<div class=\"elementor-shape elementor-shape-top\" data-negative=\"false\">\n\t\t\t<svg xmlns=\"http:\/\/www.w3.org\/2000\/svg\" viewBox=\"0 0 1000 100\" preserveAspectRatio=\"none\">\n\t<path class=\"elementor-shape-fill\" d=\"M738,99l262-93V0H0v5.6L738,99z\"\/>\n<\/svg>\t\t<\/div>\n\t\t\t\t<div class=\"elementor-shape elementor-shape-bottom\" data-negative=\"false\">\n\t\t\t<svg xmlns=\"http:\/\/www.w3.org\/2000\/svg\" viewBox=\"0 0 1000 100\" preserveAspectRatio=\"none\">\n\t<path class=\"elementor-shape-fill\" d=\"M738,99l262-93V0H0v5.6L738,99z\"\/>\n<\/svg>\t\t<\/div>\n\t\t<div class=\"elementor-element elementor-element-2f52e1c e-con-full e-flex e-con e-child\" data-id=\"2f52e1c\" data-element_type=\"container\">\n\t\t\t\t<div class=\"elementor-element elementor-element-a7fe4c3 elementor-widget elementor-widget-heading\" data-id=\"a7fe4c3\" data-element_type=\"widget\" data-widget_type=\"heading.default\">\n\t\t\t\t<div class=\"elementor-widget-container\">\n\t\t\t<h2 class=\"elementor-heading-title elementor-size-default\">DONDE LA BELLEZA Y DESCONEXI\u00d3N SE ENCUENTRA EN CARCAIXENT <\/h2>\t\t<\/div>\n\t\t\t\t<\/div>\n\t\t\t\t<div class=\"elementor-element elementor-element-5618d5f elementor-widget elementor-widget-text-editor\" data-id=\"5618d5f\" data-element_type=\"widget\" data-widget_type=\"text-editor.default\">\n\t\t\t\t<div class=\"elementor-widget-container\">\n\t\t\t\t\t\t\t<p data-path-to-node=\"11\">M\u00e1s que est\u00e9tica, en <b data-path-to-node=\"11\" data-index-in-node=\"22\">Neus Peris<\/b> te ofrecemos un refugio. Nos comprometemos a acompa\u00f1arte con tratamientos de alta calidad, pero con el cari\u00f1o y la dedicaci\u00f3n que te mereces. Todo nuestro equipo est\u00e1 aqu\u00ed para entender tus objetivos y ayudarte a alcanzarlos de forma \u00fanica.<\/p><p data-path-to-node=\"12\"><a class=\"ng-star-inserted\" href=\"https:\/\/www.google.com\/search?q=enlace\" target=\"_blank\" rel=\"noopener\" data-hveid=\"0\" data-ved=\"0CAAQ_4QMahcKEwiAspqQ06aTAxUAAAAAHQAAAAAQVw\">Ub\u00edcanos aqu\u00ed<\/a> y an\u00edmate a reservar tu cita hoy mismo. Mereces vivir una experiencia que transforme tu bienestar y te haga sentir tan bien como siempre has querido.<\/p>\t\t\t\t\t\t<\/div>\n\t\t\t\t<\/div>\n\t\t\t\t<div class=\"elementor-element elementor-element-8321cbe elementor-align-center elementor-widget elementor-widget-button\" data-id=\"8321cbe\" data-element_type=\"widget\" data-widget_type=\"button.default\">\n\t\t\t\t<div class=\"elementor-widget-container\">\n\t\t\t\t\t<div class=\"elementor-button-wrapper\">\n\t\t\t<a class=\"elementor-button elementor-button-link elementor-size-sm\" href=\"https:\/\/neusperiscentrodeestetica.com\/index.php\/contacto\/\">\n\t\t\t\t\t\t<span class=\"elementor-button-content-wrapper\">\n\t\t\t\t\t\t\t\t\t<span class=\"elementor-button-text\">RESERVA AHORA<\/span>\n\t\t\t\t\t<\/span>\n\t\t\t\t\t<\/a>\n\t\t<\/div>\n\t\t\t\t<\/div>\n\t\t\t\t<\/div>\n\t\t\t\t<\/div>\n\t\t\t\t\t<\/div>\n\t\t\t\t<\/div>\n\t\t\t\t<\/div>\n\t\t","protected":false},"excerpt":{"rendered":"<p>SERVICIOS DE EST\u00c9TICA Y BIENESTAR DISE\u00d1ADOS ESPECIALMENTE PARA TI Tu belleza natural es \u00fanica, y en Neus Peris nuestro prop\u00f3sito es simplemente ayudarte a que brille con m\u00e1s fuerza. Entendemos el cuidado como un equilibrio perfecto entre cuerpo, mente y esp\u00edritu. Por eso, no creemos en soluciones gen\u00e9ricas: escuchamos lo que tu cuerpo necesita hoy [&hellip;]<\/p>\n","protected":false},"author":1,"featured_media":0,"parent":0,"menu_order":0,"comment_status":"closed","ping_status":"closed","template":"","meta":{"footnotes":""},"class_list":["post-32","page","type-page","status-publish","hentry"],"yoast_head":"<!-- This site is optimized with the Yoast SEO plugin v23.5 - https:\/\/yoast.com\/wordpress\/plugins\/seo\/ -->\n<title>Servicios de est\u00e9tica en Carcaixent \u2013 Neus Peris Centro de Belleza<\/title>\n<meta name=\"description\" content=\"servicios de est\u00e9tica en Carcaixent Descubre nuestros tratamientos faciales, corporales, manicura, pedicura, maquillaje y Bienestar.\" \/>\n<meta name=\"robots\" content=\"index, follow, max-snippet:-1, max-image-preview:large, max-video-preview:-1\" \/>\n<link rel=\"canonical\" href=\"https:\/\/neusperiscentrodeestetica.com\/index.php\/servicios-estetica-carcaixent\/\" \/>\n<meta property=\"og:locale\" content=\"es_ES\" \/>\n<meta property=\"og:type\" content=\"article\" \/>\n<meta property=\"og:title\" content=\"Servicios de est\u00e9tica en Carcaixent \u2013 Neus Peris Centro de Belleza\" \/>\n<meta property=\"og:description\" content=\"servicios de est\u00e9tica en Carcaixent Descubre nuestros tratamientos faciales, corporales, manicura, pedicura, maquillaje y Bienestar.\" \/>\n<meta property=\"og:url\" content=\"https:\/\/neusperiscentrodeestetica.com\/index.php\/servicios-estetica-carcaixent\/\" \/>\n<meta property=\"og:site_name\" content=\"Neus Peris Centro De Est\u00e9tica\" \/>\n<meta property=\"article:modified_time\" content=\"2026-03-23T09:47:47+00:00\" \/>\n<meta property=\"og:image\" content=\"http:\/\/neusperiscentrodeestetica.com\/wp-content\/uploads\/2024\/03\/24-300x169.jpg\" \/>\n<meta name=\"twitter:card\" content=\"summary_large_image\" \/>\n<meta name=\"twitter:label1\" content=\"Tiempo de lectura\" \/>\n\t<meta name=\"twitter:data1\" content=\"6 minutos\" \/>\n<script type=\"application\/ld+json\" class=\"yoast-schema-graph\">{\"@context\":\"https:\/\/schema.org\",\"@graph\":[{\"@type\":\"WebPage\",\"@id\":\"https:\/\/neusperiscentrodeestetica.com\/index.php\/servicios-estetica-carcaixent\/\",\"url\":\"https:\/\/neusperiscentrodeestetica.com\/index.php\/servicios-estetica-carcaixent\/\",\"name\":\"Servicios de est\u00e9tica en Carcaixent \u2013 Neus Peris Centro de Belleza\",\"isPartOf\":{\"@id\":\"https:\/\/neusperiscentrodeestetica.com\/#website\"},\"primaryImageOfPage\":{\"@id\":\"https:\/\/neusperiscentrodeestetica.com\/index.php\/servicios-estetica-carcaixent\/#primaryimage\"},\"image\":{\"@id\":\"https:\/\/neusperiscentrodeestetica.com\/index.php\/servicios-estetica-carcaixent\/#primaryimage\"},\"thumbnailUrl\":\"http:\/\/neusperiscentrodeestetica.com\/wp-content\/uploads\/2024\/03\/24-300x169.jpg\",\"datePublished\":\"2024-03-06T10:09:43+00:00\",\"dateModified\":\"2026-03-23T09:47:47+00:00\",\"description\":\"servicios de est\u00e9tica en Carcaixent Descubre nuestros tratamientos faciales, corporales, manicura, pedicura, maquillaje y Bienestar.\",\"breadcrumb\":{\"@id\":\"https:\/\/neusperiscentrodeestetica.com\/index.php\/servicios-estetica-carcaixent\/#breadcrumb\"},\"inLanguage\":\"es\",\"potentialAction\":[{\"@type\":\"ReadAction\",\"target\":[\"https:\/\/neusperiscentrodeestetica.com\/index.php\/servicios-estetica-carcaixent\/\"]}]},{\"@type\":\"ImageObject\",\"inLanguage\":\"es\",\"@id\":\"https:\/\/neusperiscentrodeestetica.com\/index.php\/servicios-estetica-carcaixent\/#primaryimage\",\"url\":\"https:\/\/neusperiscentrodeestetica.com\/wp-content\/uploads\/2024\/03\/24.jpg\",\"contentUrl\":\"https:\/\/neusperiscentrodeestetica.com\/wp-content\/uploads\/2024\/03\/24.jpg\",\"width\":1920,\"height\":1080},{\"@type\":\"BreadcrumbList\",\"@id\":\"https:\/\/neusperiscentrodeestetica.com\/index.php\/servicios-estetica-carcaixent\/#breadcrumb\",\"itemListElement\":[{\"@type\":\"ListItem\",\"position\":1,\"name\":\"Portada\",\"item\":\"https:\/\/neusperiscentrodeestetica.com\/\"},{\"@type\":\"ListItem\",\"position\":2,\"name\":\"SERVICIOS\"}]},{\"@type\":\"WebSite\",\"@id\":\"https:\/\/neusperiscentrodeestetica.com\/#website\",\"url\":\"https:\/\/neusperiscentrodeestetica.com\/\",\"name\":\"Neus Peris Centro De Est\u00e9tica\",\"description\":\"Est&eacute;tica y belleza\",\"potentialAction\":[{\"@type\":\"SearchAction\",\"target\":{\"@type\":\"EntryPoint\",\"urlTemplate\":\"https:\/\/neusperiscentrodeestetica.com\/?s={search_term_string}\"},\"query-input\":{\"@type\":\"PropertyValueSpecification\",\"valueRequired\":true,\"valueName\":\"search_term_string\"}}],\"inLanguage\":\"es\"}]}<\/script>\n<!-- \/ Yoast SEO plugin. -->","yoast_head_json":{"title":"Servicios de est\u00e9tica en Carcaixent \u2013 Neus Peris Centro de Belleza","description":"servicios de est\u00e9tica en Carcaixent Descubre nuestros tratamientos faciales, corporales, manicura, pedicura, maquillaje y Bienestar.","robots":{"index":"index","follow":"follow","max-snippet":"max-snippet:-1","max-image-preview":"max-image-preview:large","max-video-preview":"max-video-preview:-1"},"canonical":"https:\/\/neusperiscentrodeestetica.com\/index.php\/servicios-estetica-carcaixent\/","og_locale":"es_ES","og_type":"article","og_title":"Servicios de est\u00e9tica en Carcaixent \u2013 Neus Peris Centro de Belleza","og_description":"servicios de est\u00e9tica en Carcaixent Descubre nuestros tratamientos faciales, corporales, manicura, pedicura, maquillaje y Bienestar.","og_url":"https:\/\/neusperiscentrodeestetica.com\/index.php\/servicios-estetica-carcaixent\/","og_site_name":"Neus Peris Centro De Est\u00e9tica","article_modified_time":"2026-03-23T09:47:47+00:00","og_image":[{"url":"http:\/\/neusperiscentrodeestetica.com\/wp-content\/uploads\/2024\/03\/24-300x169.jpg"}],"twitter_card":"summary_large_image","twitter_misc":{"Tiempo de lectura":"6 minutos"},"schema":{"@context":"https:\/\/schema.org","@graph":[{"@type":"WebPage","@id":"https:\/\/neusperiscentrodeestetica.com\/index.php\/servicios-estetica-carcaixent\/","url":"https:\/\/neusperiscentrodeestetica.com\/index.php\/servicios-estetica-carcaixent\/","name":"Servicios de est\u00e9tica en Carcaixent \u2013 Neus Peris Centro de Belleza","isPartOf":{"@id":"https:\/\/neusperiscentrodeestetica.com\/#website"},"primaryImageOfPage":{"@id":"https:\/\/neusperiscentrodeestetica.com\/index.php\/servicios-estetica-carcaixent\/#primaryimage"},"image":{"@id":"https:\/\/neusperiscentrodeestetica.com\/index.php\/servicios-estetica-carcaixent\/#primaryimage"},"thumbnailUrl":"http:\/\/neusperiscentrodeestetica.com\/wp-content\/uploads\/2024\/03\/24-300x169.jpg","datePublished":"2024-03-06T10:09:43+00:00","dateModified":"2026-03-23T09:47:47+00:00","description":"servicios de est\u00e9tica en Carcaixent Descubre nuestros tratamientos faciales, corporales, manicura, pedicura, maquillaje y Bienestar.","breadcrumb":{"@id":"https:\/\/neusperiscentrodeestetica.com\/index.php\/servicios-estetica-carcaixent\/#breadcrumb"},"inLanguage":"es","potentialAction":[{"@type":"ReadAction","target":["https:\/\/neusperiscentrodeestetica.com\/index.php\/servicios-estetica-carcaixent\/"]}]},{"@type":"ImageObject","inLanguage":"es","@id":"https:\/\/neusperiscentrodeestetica.com\/index.php\/servicios-estetica-carcaixent\/#primaryimage","url":"https:\/\/neusperiscentrodeestetica.com\/wp-content\/uploads\/2024\/03\/24.jpg","contentUrl":"https:\/\/neusperiscentrodeestetica.com\/wp-content\/uploads\/2024\/03\/24.jpg","width":1920,"height":1080},{"@type":"BreadcrumbList","@id":"https:\/\/neusperiscentrodeestetica.com\/index.php\/servicios-estetica-carcaixent\/#breadcrumb","itemListElement":[{"@type":"ListItem","position":1,"name":"Portada","item":"https:\/\/neusperiscentrodeestetica.com\/"},{"@type":"ListItem","position":2,"name":"SERVICIOS"}]},{"@type":"WebSite","@id":"https:\/\/neusperiscentrodeestetica.com\/#website","url":"https:\/\/neusperiscentrodeestetica.com\/","name":"Neus Peris Centro De Est\u00e9tica","description":"Est&eacute;tica y belleza","potentialAction":[{"@type":"SearchAction","target":{"@type":"EntryPoint","urlTemplate":"https:\/\/neusperiscentrodeestetica.com\/?s={search_term_string}"},"query-input":{"@type":"PropertyValueSpecification","valueRequired":true,"valueName":"search_term_string"}}],"inLanguage":"es"}]}},"_links":{"self":[{"href":"https:\/\/neusperiscentrodeestetica.com\/index.php\/wp-json\/wp\/v2\/pages\/32","targetHints":{"allow":["GET"]}}],"collection":[{"href":"https:\/\/neusperiscentrodeestetica.com\/index.php\/wp-json\/wp\/v2\/pages"}],"about":[{"href":"https:\/\/neusperiscentrodeestetica.com\/index.php\/wp-json\/wp\/v2\/types\/page"}],"author":[{"embeddable":true,"href":"https:\/\/neusperiscentrodeestetica.com\/index.php\/wp-json\/wp\/v2\/users\/1"}],"replies":[{"embeddable":true,"href":"https:\/\/neusperiscentrodeestetica.com\/index.php\/wp-json\/wp\/v2\/comments?post=32"}],"version-history":[{"count":55,"href":"https:\/\/neusperiscentrodeestetica.com\/index.php\/wp-json\/wp\/v2\/pages\/32\/revisions"}],"predecessor-version":[{"id":1310,"href":"https:\/\/neusperiscentrodeestetica.com\/index.php\/wp-json\/wp\/v2\/pages\/32\/revisions\/1310"}],"wp:attachment":[{"href":"https:\/\/neusperiscentrodeestetica.com\/index.php\/wp-json\/wp\/v2\/media?parent=32"}],"curies":[{"name":"wp","href":"https:\/\/api.w.org\/{rel}","templated":true}]}}