{"id":36,"date":"2024-03-06T10:11:35","date_gmt":"2024-03-06T10:11:35","guid":{"rendered":"http:\/\/neusperiscentrodeestetica.com\/?page_id=36"},"modified":"2026-03-23T09:43:43","modified_gmt":"2026-03-23T09:43:43","slug":"neus-peris","status":"publish","type":"page","link":"https:\/\/neusperiscentrodeestetica.com\/index.php\/neus-peris\/","title":{"rendered":"NEUS PERIS"},"content":{"rendered":"\t\t<div data-elementor-type=\"wp-page\" data-elementor-id=\"36\" class=\"elementor elementor-36\">\n\t\t\t\t<div class=\"elementor-element elementor-element-333dd6f animated-slow e-flex e-con-boxed elementor-invisible e-con e-parent\" data-id=\"333dd6f\" data-element_type=\"container\" data-settings=\"{&quot;animation&quot;:&quot;slideInDown&quot;}\">\n\t\t\t\t\t<div class=\"e-con-inner\">\n\t\t\t\t<div class=\"elementor-element elementor-element-3133938 elementor-widget elementor-widget-image\" data-id=\"3133938\" data-element_type=\"widget\" data-widget_type=\"image.default\">\n\t\t\t\t<div class=\"elementor-widget-container\">\n\t\t\t\t\t\t\t\t\t\t\t\t\t<img fetchpriority=\"high\" decoding=\"async\" width=\"1066\" height=\"1600\" src=\"https:\/\/neusperiscentrodeestetica.com\/wp-content\/uploads\/2024\/04\/1e4dec0f-9ade-46f3-8478-c736ce6dff2a.jpg\" class=\"attachment-2048x2048 size-2048x2048 wp-image-250\" alt=\"\" srcset=\"https:\/\/neusperiscentrodeestetica.com\/wp-content\/uploads\/2024\/04\/1e4dec0f-9ade-46f3-8478-c736ce6dff2a.jpg 1066w, https:\/\/neusperiscentrodeestetica.com\/wp-content\/uploads\/2024\/04\/1e4dec0f-9ade-46f3-8478-c736ce6dff2a-200x300.jpg 200w, https:\/\/neusperiscentrodeestetica.com\/wp-content\/uploads\/2024\/04\/1e4dec0f-9ade-46f3-8478-c736ce6dff2a-682x1024.jpg 682w, https:\/\/neusperiscentrodeestetica.com\/wp-content\/uploads\/2024\/04\/1e4dec0f-9ade-46f3-8478-c736ce6dff2a-768x1153.jpg 768w, https:\/\/neusperiscentrodeestetica.com\/wp-content\/uploads\/2024\/04\/1e4dec0f-9ade-46f3-8478-c736ce6dff2a-1023x1536.jpg 1023w\" sizes=\"(max-width: 1066px) 100vw, 1066px\" \/>\t\t\t\t\t\t\t\t\t\t\t\t\t<\/div>\n\t\t\t\t<\/div>\n\t\t\t\t\t<\/div>\n\t\t\t\t<\/div>\n\t\t<div class=\"elementor-element elementor-element-cc25dee e-con-full e-flex e-con e-parent\" data-id=\"cc25dee\" data-element_type=\"container\">\n\t\t\t\t<div class=\"elementor-element elementor-element-f7f402c elementor-invisible elementor-widget elementor-widget-text-editor\" data-id=\"f7f402c\" data-element_type=\"widget\" data-settings=\"{&quot;_animation&quot;:&quot;slideInRight&quot;}\" data-widget_type=\"text-editor.default\">\n\t\t\t\t<div class=\"elementor-widget-container\">\n\t\t\t\t\t\t\t<p>Neus Peris Piera,\u00a0nacida en Carcaixent, es una destacada profesional en el mundo de la est\u00e9tica, con una trayectoria de 9 a\u00f1os marcada por la innovaci\u00f3n constante y una formaci\u00f3n exhaustiva que incluye desde perfeccionamiento en higiene facial hasta t\u00e9cnicas avanzadas en manicura rusa y facetraining. Su centro de est\u00e9tica, un verdadero templo de desconexi\u00f3n y empoderamiento, refleja su filosof\u00eda: el cuidado de la piel no solo es una forma de amor propio, sino tambi\u00e9n una oportunidad para reconectar con uno mismo.<\/p><p>Neus ha revolucionado el cuidado facial, transformando rutinas en rituales de autocelebraci\u00f3n, y educando a sus clientes en la belleza consciente y natural. Su visi\u00f3n es clara: expandir su impacto formando un equipo s\u00f3lido y abriendo nuevos horizontes para su centro. Con una misi\u00f3n centrada en el empoderamiento y la elegancia, ella ofrece no solo tratamientos, sino experiencias transformadoras que abogan por una belleza sin dolor, destacando la \u00edntima relaci\u00f3n entre emociones y piel.<\/p><p>Elegir a Neus y su centro significa elegir un santuario dedicado a potenciar la belleza natural y a recordar a cada cliente que, m\u00e1s all\u00e1 de la est\u00e9tica, el verdadero cuidado comienza con el reconocimiento y la celebraci\u00f3n de uno mismo.\u00a0<\/p>\t\t\t\t\t\t<\/div>\n\t\t\t\t<\/div>\n\t\t\t\t<\/div>\n\t\t<div class=\"elementor-element elementor-element-d28fbba animated-slow e-flex e-con-boxed elementor-invisible e-con e-parent\" data-id=\"d28fbba\" data-element_type=\"container\" data-settings=\"{&quot;animation&quot;:&quot;bounceInUp&quot;}\">\n\t\t\t\t\t<div class=\"e-con-inner\">\n\t\t\t\t<div class=\"elementor-element elementor-element-c96fe77 elementor-widget elementor-widget-image\" data-id=\"c96fe77\" data-element_type=\"widget\" data-widget_type=\"image.default\">\n\t\t\t\t<div class=\"elementor-widget-container\">\n\t\t\t\t\t\t\t\t\t\t\t\t\t<img decoding=\"async\" width=\"1066\" height=\"1600\" src=\"https:\/\/neusperiscentrodeestetica.com\/wp-content\/uploads\/2024\/04\/c41cc411-ee97-43c8-8445-71fef269f6a0.jpg\" class=\"attachment-2048x2048 size-2048x2048 wp-image-254\" alt=\"\" srcset=\"https:\/\/neusperiscentrodeestetica.com\/wp-content\/uploads\/2024\/04\/c41cc411-ee97-43c8-8445-71fef269f6a0.jpg 1066w, https:\/\/neusperiscentrodeestetica.com\/wp-content\/uploads\/2024\/04\/c41cc411-ee97-43c8-8445-71fef269f6a0-200x300.jpg 200w, https:\/\/neusperiscentrodeestetica.com\/wp-content\/uploads\/2024\/04\/c41cc411-ee97-43c8-8445-71fef269f6a0-682x1024.jpg 682w, https:\/\/neusperiscentrodeestetica.com\/wp-content\/uploads\/2024\/04\/c41cc411-ee97-43c8-8445-71fef269f6a0-768x1153.jpg 768w, https:\/\/neusperiscentrodeestetica.com\/wp-content\/uploads\/2024\/04\/c41cc411-ee97-43c8-8445-71fef269f6a0-1023x1536.jpg 1023w\" sizes=\"(max-width: 1066px) 100vw, 1066px\" \/>\t\t\t\t\t\t\t\t\t\t\t\t\t<\/div>\n\t\t\t\t<\/div>\n\t\t\t\t\t<\/div>\n\t\t\t\t<\/div>\n\t\t\t\t<\/div>\n\t\t","protected":false},"excerpt":{"rendered":"<p>Neus Peris Piera,\u00a0nacida en Carcaixent, es una destacada profesional en el mundo de la est\u00e9tica, con una trayectoria de 9 a\u00f1os marcada por la innovaci\u00f3n constante y una formaci\u00f3n exhaustiva que incluye desde perfeccionamiento en higiene facial hasta t\u00e9cnicas avanzadas en manicura rusa y facetraining. Su centro de est\u00e9tica, un verdadero templo de desconexi\u00f3n y [&hellip;]<\/p>\n","protected":false},"author":1,"featured_media":0,"parent":0,"menu_order":0,"comment_status":"closed","ping_status":"closed","template":"","meta":{"footnotes":""},"class_list":["post-36","page","type-page","status-publish","hentry"],"yoast_head":"<!-- This site is optimized with the Yoast SEO plugin v23.5 - https:\/\/yoast.com\/wordpress\/plugins\/seo\/ -->\n<title>NEUS PERIS - Neus Peris Centro De Est\u00e9tica<\/title>\n<meta name=\"robots\" content=\"noindex, nofollow\" \/>\n<meta property=\"og:locale\" content=\"es_ES\" \/>\n<meta property=\"og:type\" content=\"article\" \/>\n<meta property=\"og:title\" content=\"NEUS PERIS - Neus Peris Centro De Est\u00e9tica\" \/>\n<meta property=\"og:description\" content=\"Neus Peris Piera,\u00a0nacida en Carcaixent, es una destacada profesional en el mundo de la est\u00e9tica, con una trayectoria de 9 a\u00f1os marcada por la innovaci\u00f3n constante y una formaci\u00f3n exhaustiva que incluye desde perfeccionamiento en higiene facial hasta t\u00e9cnicas avanzadas en manicura rusa y facetraining. Su centro de est\u00e9tica, un verdadero templo de desconexi\u00f3n y [&hellip;]\" \/>\n<meta property=\"og:url\" content=\"https:\/\/neusperiscentrodeestetica.com\/index.php\/neus-peris\/\" \/>\n<meta property=\"og:site_name\" content=\"Neus Peris Centro De Est\u00e9tica\" \/>\n<meta property=\"article:modified_time\" content=\"2026-03-23T09:43:43+00:00\" \/>\n<meta property=\"og:image\" content=\"http:\/\/neusperiscentrodeestetica.com\/wp-content\/uploads\/2024\/04\/1e4dec0f-9ade-46f3-8478-c736ce6dff2a.jpg\" \/>\n<meta name=\"twitter:card\" content=\"summary_large_image\" \/>\n<meta name=\"twitter:label1\" content=\"Tiempo de lectura\" \/>\n\t<meta name=\"twitter:data1\" content=\"2 minutos\" \/>\n<script type=\"application\/ld+json\" class=\"yoast-schema-graph\">{\"@context\":\"https:\/\/schema.org\",\"@graph\":[{\"@type\":\"WebPage\",\"@id\":\"https:\/\/neusperiscentrodeestetica.com\/index.php\/neus-peris\/\",\"url\":\"https:\/\/neusperiscentrodeestetica.com\/index.php\/neus-peris\/\",\"name\":\"NEUS PERIS - Neus Peris Centro De Est\u00e9tica\",\"isPartOf\":{\"@id\":\"https:\/\/neusperiscentrodeestetica.com\/#website\"},\"primaryImageOfPage\":{\"@id\":\"https:\/\/neusperiscentrodeestetica.com\/index.php\/neus-peris\/#primaryimage\"},\"image\":{\"@id\":\"https:\/\/neusperiscentrodeestetica.com\/index.php\/neus-peris\/#primaryimage\"},\"thumbnailUrl\":\"http:\/\/neusperiscentrodeestetica.com\/wp-content\/uploads\/2024\/04\/1e4dec0f-9ade-46f3-8478-c736ce6dff2a.jpg\",\"datePublished\":\"2024-03-06T10:11:35+00:00\",\"dateModified\":\"2026-03-23T09:43:43+00:00\",\"breadcrumb\":{\"@id\":\"https:\/\/neusperiscentrodeestetica.com\/index.php\/neus-peris\/#breadcrumb\"},\"inLanguage\":\"es\",\"potentialAction\":[{\"@type\":\"ReadAction\",\"target\":[\"https:\/\/neusperiscentrodeestetica.com\/index.php\/neus-peris\/\"]}]},{\"@type\":\"ImageObject\",\"inLanguage\":\"es\",\"@id\":\"https:\/\/neusperiscentrodeestetica.com\/index.php\/neus-peris\/#primaryimage\",\"url\":\"http:\/\/neusperiscentrodeestetica.com\/wp-content\/uploads\/2024\/04\/1e4dec0f-9ade-46f3-8478-c736ce6dff2a.jpg\",\"contentUrl\":\"http:\/\/neusperiscentrodeestetica.com\/wp-content\/uploads\/2024\/04\/1e4dec0f-9ade-46f3-8478-c736ce6dff2a.jpg\"},{\"@type\":\"BreadcrumbList\",\"@id\":\"https:\/\/neusperiscentrodeestetica.com\/index.php\/neus-peris\/#breadcrumb\",\"itemListElement\":[{\"@type\":\"ListItem\",\"position\":1,\"name\":\"Portada\",\"item\":\"https:\/\/neusperiscentrodeestetica.com\/\"},{\"@type\":\"ListItem\",\"position\":2,\"name\":\"NEUS PERIS\"}]},{\"@type\":\"WebSite\",\"@id\":\"https:\/\/neusperiscentrodeestetica.com\/#website\",\"url\":\"https:\/\/neusperiscentrodeestetica.com\/\",\"name\":\"Neus Peris Centro De Est\u00e9tica\",\"description\":\"Est&eacute;tica y belleza\",\"potentialAction\":[{\"@type\":\"SearchAction\",\"target\":{\"@type\":\"EntryPoint\",\"urlTemplate\":\"https:\/\/neusperiscentrodeestetica.com\/?s={search_term_string}\"},\"query-input\":{\"@type\":\"PropertyValueSpecification\",\"valueRequired\":true,\"valueName\":\"search_term_string\"}}],\"inLanguage\":\"es\"}]}<\/script>\n<!-- \/ Yoast SEO plugin. -->","yoast_head_json":{"title":"NEUS PERIS - Neus Peris Centro De Est\u00e9tica","robots":{"index":"noindex","follow":"nofollow"},"og_locale":"es_ES","og_type":"article","og_title":"NEUS PERIS - Neus Peris Centro De Est\u00e9tica","og_description":"Neus Peris Piera,\u00a0nacida en Carcaixent, es una destacada profesional en el mundo de la est\u00e9tica, con una trayectoria de 9 a\u00f1os marcada por la innovaci\u00f3n constante y una formaci\u00f3n exhaustiva que incluye desde perfeccionamiento en higiene facial hasta t\u00e9cnicas avanzadas en manicura rusa y facetraining. Su centro de est\u00e9tica, un verdadero templo de desconexi\u00f3n y [&hellip;]","og_url":"https:\/\/neusperiscentrodeestetica.com\/index.php\/neus-peris\/","og_site_name":"Neus Peris Centro De Est\u00e9tica","article_modified_time":"2026-03-23T09:43:43+00:00","og_image":[{"url":"http:\/\/neusperiscentrodeestetica.com\/wp-content\/uploads\/2024\/04\/1e4dec0f-9ade-46f3-8478-c736ce6dff2a.jpg"}],"twitter_card":"summary_large_image","twitter_misc":{"Tiempo de lectura":"2 minutos"},"schema":{"@context":"https:\/\/schema.org","@graph":[{"@type":"WebPage","@id":"https:\/\/neusperiscentrodeestetica.com\/index.php\/neus-peris\/","url":"https:\/\/neusperiscentrodeestetica.com\/index.php\/neus-peris\/","name":"NEUS PERIS - Neus Peris Centro De Est\u00e9tica","isPartOf":{"@id":"https:\/\/neusperiscentrodeestetica.com\/#website"},"primaryImageOfPage":{"@id":"https:\/\/neusperiscentrodeestetica.com\/index.php\/neus-peris\/#primaryimage"},"image":{"@id":"https:\/\/neusperiscentrodeestetica.com\/index.php\/neus-peris\/#primaryimage"},"thumbnailUrl":"http:\/\/neusperiscentrodeestetica.com\/wp-content\/uploads\/2024\/04\/1e4dec0f-9ade-46f3-8478-c736ce6dff2a.jpg","datePublished":"2024-03-06T10:11:35+00:00","dateModified":"2026-03-23T09:43:43+00:00","breadcrumb":{"@id":"https:\/\/neusperiscentrodeestetica.com\/index.php\/neus-peris\/#breadcrumb"},"inLanguage":"es","potentialAction":[{"@type":"ReadAction","target":["https:\/\/neusperiscentrodeestetica.com\/index.php\/neus-peris\/"]}]},{"@type":"ImageObject","inLanguage":"es","@id":"https:\/\/neusperiscentrodeestetica.com\/index.php\/neus-peris\/#primaryimage","url":"http:\/\/neusperiscentrodeestetica.com\/wp-content\/uploads\/2024\/04\/1e4dec0f-9ade-46f3-8478-c736ce6dff2a.jpg","contentUrl":"http:\/\/neusperiscentrodeestetica.com\/wp-content\/uploads\/2024\/04\/1e4dec0f-9ade-46f3-8478-c736ce6dff2a.jpg"},{"@type":"BreadcrumbList","@id":"https:\/\/neusperiscentrodeestetica.com\/index.php\/neus-peris\/#breadcrumb","itemListElement":[{"@type":"ListItem","position":1,"name":"Portada","item":"https:\/\/neusperiscentrodeestetica.com\/"},{"@type":"ListItem","position":2,"name":"NEUS PERIS"}]},{"@type":"WebSite","@id":"https:\/\/neusperiscentrodeestetica.com\/#website","url":"https:\/\/neusperiscentrodeestetica.com\/","name":"Neus Peris Centro De Est\u00e9tica","description":"Est&eacute;tica y belleza","potentialAction":[{"@type":"SearchAction","target":{"@type":"EntryPoint","urlTemplate":"https:\/\/neusperiscentrodeestetica.com\/?s={search_term_string}"},"query-input":{"@type":"PropertyValueSpecification","valueRequired":true,"valueName":"search_term_string"}}],"inLanguage":"es"}]}},"_links":{"self":[{"href":"https:\/\/neusperiscentrodeestetica.com\/index.php\/wp-json\/wp\/v2\/pages\/36","targetHints":{"allow":["GET"]}}],"collection":[{"href":"https:\/\/neusperiscentrodeestetica.com\/index.php\/wp-json\/wp\/v2\/pages"}],"about":[{"href":"https:\/\/neusperiscentrodeestetica.com\/index.php\/wp-json\/wp\/v2\/types\/page"}],"author":[{"embeddable":true,"href":"https:\/\/neusperiscentrodeestetica.com\/index.php\/wp-json\/wp\/v2\/users\/1"}],"replies":[{"embeddable":true,"href":"https:\/\/neusperiscentrodeestetica.com\/index.php\/wp-json\/wp\/v2\/comments?post=36"}],"version-history":[{"count":55,"href":"https:\/\/neusperiscentrodeestetica.com\/index.php\/wp-json\/wp\/v2\/pages\/36\/revisions"}],"predecessor-version":[{"id":1307,"href":"https:\/\/neusperiscentrodeestetica.com\/index.php\/wp-json\/wp\/v2\/pages\/36\/revisions\/1307"}],"wp:attachment":[{"href":"https:\/\/neusperiscentrodeestetica.com\/index.php\/wp-json\/wp\/v2\/media?parent=36"}],"curies":[{"name":"wp","href":"https:\/\/api.w.org\/{rel}","templated":true}]}}