{"id":42,"date":"2024-03-06T10:12:26","date_gmt":"2024-03-06T10:12:26","guid":{"rendered":"http:\/\/neusperiscentrodeestetica.com\/?page_id=42"},"modified":"2026-03-23T11:34:07","modified_gmt":"2026-03-23T11:34:07","slug":"contacto-centro-estetica-tratamientos-faciales-holisticos-carcaixent","status":"publish","type":"page","link":"https:\/\/neusperiscentrodeestetica.com\/index.php\/contacto-centro-estetica-tratamientos-faciales-holisticos-carcaixent\/","title":{"rendered":"CONTACTO"},"content":{"rendered":"\t\t<div data-elementor-type=\"wp-page\" data-elementor-id=\"42\" class=\"elementor elementor-42\">\n\t\t\t\t<div class=\"elementor-element elementor-element-46d93ad e-con-full e-flex e-con e-parent\" data-id=\"46d93ad\" data-element_type=\"container\">\n\t\t\t\t<\/div>\n\t\t<div class=\"elementor-element elementor-element-c3115e8 e-con-full e-flex e-con e-parent\" data-id=\"c3115e8\" data-element_type=\"container\">\n\t\t\t\t<div class=\"elementor-element elementor-element-8c9c8f9 elementor-widget elementor-widget-heading\" data-id=\"8c9c8f9\" data-element_type=\"widget\" data-widget_type=\"heading.default\">\n\t\t\t\t<div class=\"elementor-widget-container\">\n\t\t\t<h1 class=\"elementor-heading-title elementor-size-default\">Contacto \u2013 Neus Peris Centro de Est\u00e9tica , Tratamientos Faciales Hol\u00edsticos Carcaixent<\/h1>\t\t<\/div>\n\t\t\t\t<\/div>\n\t\t\t\t<\/div>\n\t\t<div class=\"elementor-element elementor-element-c18823b e-flex e-con-boxed e-con e-parent\" data-id=\"c18823b\" data-element_type=\"container\">\n\t\t\t\t\t<div class=\"e-con-inner\">\n\t\t<div class=\"elementor-element elementor-element-91b78f8 e-con-full e-flex e-con e-child\" data-id=\"91b78f8\" data-element_type=\"container\">\n\t\t\t\t<div class=\"elementor-element elementor-element-5939919 elementor-widget elementor-widget-heading\" data-id=\"5939919\" data-element_type=\"widget\" data-widget_type=\"heading.default\">\n\t\t\t\t<div class=\"elementor-widget-container\">\n\t\t\t<h2 class=\"elementor-heading-title elementor-size-default\">FORMULARIO DE CONTACTO<\/h2>\t\t<\/div>\n\t\t\t\t<\/div>\n\t\t\t\t<div class=\"elementor-element elementor-element-e5ab7a2 elementor-widget elementor-widget-wpforms\" data-id=\"e5ab7a2\" data-element_type=\"widget\" data-widget_type=\"wpforms.default\">\n\t\t\t\t<div class=\"elementor-widget-container\">\n\t\t\t<style id=\"wpforms-css-vars-root\">\n\t\t\t\t:root {\n\t\t\t\t\t--wpforms-field-border-radius: 3px;\n--wpforms-field-border-style: solid;\n--wpforms-field-border-size: 1px;\n--wpforms-field-background-color: #ffffff;\n--wpforms-field-border-color: rgba( 0, 0, 0, 0.25 );\n--wpforms-field-border-color-spare: rgba( 0, 0, 0, 0.25 );\n--wpforms-field-text-color: rgba( 0, 0, 0, 0.7 );\n--wpforms-field-menu-color: #ffffff;\n--wpforms-label-color: rgba( 0, 0, 0, 0.85 );\n--wpforms-label-sublabel-color: rgba( 0, 0, 0, 0.55 );\n--wpforms-label-error-color: #d63637;\n--wpforms-button-border-radius: 3px;\n--wpforms-button-border-style: none;\n--wpforms-button-border-size: 1px;\n--wpforms-button-background-color: #066aab;\n--wpforms-button-border-color: #066aab;\n--wpforms-button-text-color: #ffffff;\n--wpforms-page-break-color: #066aab;\n--wpforms-background-image: none;\n--wpforms-background-position: center center;\n--wpforms-background-repeat: no-repeat;\n--wpforms-background-size: cover;\n--wpforms-background-width: 100px;\n--wpforms-background-height: 100px;\n--wpforms-background-color: rgba( 0, 0, 0, 0 );\n--wpforms-background-url: none;\n--wpforms-container-padding: 0px;\n--wpforms-container-border-style: none;\n--wpforms-container-border-width: 1px;\n--wpforms-container-border-color: #000000;\n--wpforms-container-border-radius: 3px;\n--wpforms-field-size-input-height: 43px;\n--wpforms-field-size-input-spacing: 15px;\n--wpforms-field-size-font-size: 16px;\n--wpforms-field-size-line-height: 19px;\n--wpforms-field-size-padding-h: 14px;\n--wpforms-field-size-checkbox-size: 16px;\n--wpforms-field-size-sublabel-spacing: 5px;\n--wpforms-field-size-icon-size: 1;\n--wpforms-label-size-font-size: 16px;\n--wpforms-label-size-line-height: 19px;\n--wpforms-label-size-sublabel-font-size: 14px;\n--wpforms-label-size-sublabel-line-height: 17px;\n--wpforms-button-size-font-size: 17px;\n--wpforms-button-size-height: 41px;\n--wpforms-button-size-padding-h: 15px;\n--wpforms-button-size-margin-top: 10px;\n--wpforms-container-shadow-size-box-shadow: none;\n\n\t\t\t\t}\n\t\t\t<\/style><style id=\"wpforms-css-vars-elementor-widget-e5ab7a2\">\n\t\t\t\t.elementor-widget-wpforms.elementor-element-e5ab7a2 {\n\t\t\t\t\t--wpforms-field-border-radius: 21px;\n--wpforms-field-background-color: #EFDCCC;\n--wpforms-field-border-color: #A18167;\n--wpforms-field-border-color-spare: #A18167;\n--wpforms-button-border-radius: 22px;\n--wpforms-button-background-color: #B59A7D;\n--wpforms-button-text-color: #3D2D1B;\n--wpforms-field-size-input-height: 43px;\n--wpforms-field-size-input-spacing: 15px;\n--wpforms-field-size-font-size: 16px;\n--wpforms-field-size-line-height: 19px;\n--wpforms-field-size-padding-h: 14px;\n--wpforms-field-size-checkbox-size: 16px;\n--wpforms-field-size-sublabel-spacing: 5px;\n--wpforms-field-size-icon-size: 1;\n--wpforms-label-size-font-size: 16px;\n--wpforms-label-size-line-height: 19px;\n--wpforms-label-size-sublabel-font-size: 14px;\n--wpforms-label-size-sublabel-line-height: 17px;\n--wpforms-button-size-font-size: 17px;\n--wpforms-button-size-height: 41px;\n--wpforms-button-size-padding-h: 15px;\n--wpforms-button-size-margin-top: 10px;\n\n\t\t\t\t}\n\t\t\t<\/style><div class=\"wpforms-container wpforms-container-full wpforms-render-modern\" id=\"wpforms-277\"><form id=\"wpforms-form-277\" class=\"wpforms-validate wpforms-form wpforms-ajax-form\" data-formid=\"277\" method=\"post\" enctype=\"multipart\/form-data\" action=\"\/index.php\/wp-json\/wp\/v2\/pages\/42\" data-token=\"d2a46914af2fdb37aa2fe25f82d47712\" data-token-time=\"1777397319\"><noscript class=\"wpforms-error-noscript\">Por favor, activa JavaScript en tu navegador para completar este formulario.<\/noscript><div class=\"wpforms-hidden\" id=\"wpforms-error-noscript\">Por favor, activa JavaScript en tu navegador para completar este formulario.<\/div><div class=\"wpforms-field-container\"><div id=\"wpforms-277-field_0-container\" class=\"wpforms-field wpforms-field-name\" data-field-id=\"0\"><fieldset><legend class=\"wpforms-field-label\">Nombre <span class=\"wpforms-required-label\" aria-hidden=\"true\">*<\/span><\/legend><div class=\"wpforms-field-row wpforms-field-medium\"><div class=\"wpforms-field-row-block wpforms-first wpforms-one-half\"><input type=\"text\" id=\"wpforms-277-field_0\" class=\"wpforms-field-name-first wpforms-field-required\" name=\"wpforms[fields][0][first]\" aria-errormessage=\"wpforms-277-field_0-error\" required><label for=\"wpforms-277-field_0\" class=\"wpforms-field-sublabel after\">Nombre<\/label><\/div><div class=\"wpforms-field-row-block wpforms-one-half\"><input type=\"text\" id=\"wpforms-277-field_0-last\" class=\"wpforms-field-name-last wpforms-field-required\" name=\"wpforms[fields][0][last]\" aria-errormessage=\"wpforms-277-field_0-last-error\" required><label for=\"wpforms-277-field_0-last\" class=\"wpforms-field-sublabel after\">Apellidos<\/label><\/div><\/div><\/fieldset><\/div><div id=\"wpforms-277-field_1-container\" class=\"wpforms-field wpforms-field-email\" data-field-id=\"1\"><label class=\"wpforms-field-label\" for=\"wpforms-277-field_1\">Correo electr\u00f3nico <span class=\"wpforms-required-label\" aria-hidden=\"true\">*<\/span><\/label><input type=\"email\" id=\"wpforms-277-field_1\" class=\"wpforms-field-medium wpforms-field-required\" name=\"wpforms[fields][1]\" spellcheck=\"false\" aria-errormessage=\"wpforms-277-field_1-error\" required><\/div><div id=\"wpforms-277-field_2-container\" class=\"wpforms-field wpforms-field-textarea\" data-field-id=\"2\"><label class=\"wpforms-field-label\" for=\"wpforms-277-field_2\">Mensaje <span class=\"wpforms-required-label\" aria-hidden=\"true\">*<\/span><\/label><textarea id=\"wpforms-277-field_2\" class=\"wpforms-field-medium wpforms-field-required\" name=\"wpforms[fields][2]\" aria-errormessage=\"wpforms-277-field_2-error\" required><\/textarea><\/div><\/div><!-- .wpforms-field-container --><div class=\"wpforms-submit-container\" ><input type=\"hidden\" name=\"wpforms[id]\" value=\"277\"><input type=\"hidden\" name=\"page_title\" value=\"\"><input type=\"hidden\" name=\"page_url\" value=\"https:\/\/neusperiscentrodeestetica.com\/index.php\/wp-json\/wp\/v2\/pages\/42\"><button type=\"submit\" name=\"wpforms[submit]\" id=\"wpforms-submit-277\" class=\"wpforms-submit\" data-alt-text=\"Enviando...\" data-submit-text=\"Enviar\" aria-live=\"assertive\" value=\"wpforms-submit\">Enviar<\/button><img decoding=\"async\" src=\"https:\/\/neusperiscentrodeestetica.com\/wp-content\/plugins\/wpforms-lite\/assets\/images\/submit-spin.svg\" class=\"wpforms-submit-spinner\" style=\"display: none;\" width=\"26\" height=\"26\" alt=\"Cargando\"><\/div><\/form><\/div>  <!-- .wpforms-container -->\t\t<\/div>\n\t\t\t\t<\/div>\n\t\t\t\t<\/div>\n\t\t<div class=\"elementor-element elementor-element-fa396b5 e-con-full e-flex e-con e-child\" data-id=\"fa396b5\" data-element_type=\"container\">\n\t\t\t\t<div class=\"elementor-element elementor-element-1445f21 elementor-widget elementor-widget-heading\" data-id=\"1445f21\" data-element_type=\"widget\" data-widget_type=\"heading.default\">\n\t\t\t\t<div class=\"elementor-widget-container\">\n\t\t\t<h2 class=\"elementor-heading-title elementor-size-default\">CENTRO DE ESTETICA <\/h2>\t\t<\/div>\n\t\t\t\t<\/div>\n\t\t\t\t<div class=\"elementor-element elementor-element-84fcb37 elementor-widget elementor-widget-text-editor\" data-id=\"84fcb37\" data-element_type=\"widget\" data-widget_type=\"text-editor.default\">\n\t\t\t\t<div class=\"elementor-widget-container\">\n\t\t\t\t\t\t\t<p>\u00bfTienes dudas, quieres solicitar informaci\u00f3n o reservar tu cita en nuestro centro de est\u00e9tica en Carcaixent, Valencia? Estamos aqu\u00ed para ayudarte.<\/p><p>En <a href=\"https:\/\/neusperiscentrodeestetica.com\/\">Neus Peris<\/a> ofrecemos atenci\u00f3n personalizada para que tu experiencia sea c\u00f3moda, r\u00e1pida y satisfactoria.<\/p><p>Puedes comunicarte con nosotros por tel\u00e9fono, correo electr\u00f3nico o mediante el formulario de contacto.<\/p><p>\u00a1Esperamos saber de ti pronto y acompa\u00f1arte en tu camino hacia el bienestar y la belleza!<\/p>\t\t\t\t\t\t<\/div>\n\t\t\t\t<\/div>\n\t\t\t\t<div class=\"elementor-element elementor-element-4f2d8de elementor-icon-list--layout-inline elementor-list-item-link-inline elementor-widget__width-initial elementor-widget-tablet_extra__width-initial elementor-widget elementor-widget-icon-list\" data-id=\"4f2d8de\" data-element_type=\"widget\" data-widget_type=\"icon-list.default\">\n\t\t\t\t<div class=\"elementor-widget-container\">\n\t\t\t\t\t<ul class=\"elementor-icon-list-items elementor-inline-items\">\n\t\t\t\t\t\t\t<li class=\"elementor-icon-list-item elementor-inline-item\">\n\t\t\t\t\t\t\t\t\t\t\t<span class=\"elementor-icon-list-icon\">\n\t\t\t\t\t\t\t<svg aria-hidden=\"true\" class=\"e-font-icon-svg e-fas-map-marker-alt\" viewBox=\"0 0 384 512\" xmlns=\"http:\/\/www.w3.org\/2000\/svg\"><path d=\"M172.268 501.67C26.97 291.031 0 269.413 0 192 0 85.961 85.961 0 192 0s192 85.961 192 192c0 77.413-26.97 99.031-172.268 309.67-9.535 13.774-29.93 13.773-39.464 0zM192 272c44.183 0 80-35.817 80-80s-35.817-80-80-80-80 35.817-80 80 35.817 80 80 80z\"><\/path><\/svg>\t\t\t\t\t\t<\/span>\n\t\t\t\t\t\t\t\t\t\t<span class=\"elementor-icon-list-text\">Direcci\u00f3n:<\/span>\n\t\t\t\t\t\t\t\t\t<\/li>\n\t\t\t\t\t\t<\/ul>\n\t\t\t\t<\/div>\n\t\t\t\t<\/div>\n\t\t\t\t<div class=\"elementor-element elementor-element-48a595c elementor-widget__width-initial elementor-widget elementor-widget-text-editor\" data-id=\"48a595c\" data-element_type=\"widget\" data-widget_type=\"text-editor.default\">\n\t\t\t\t<div class=\"elementor-widget-container\">\n\t\t\t\t\t\t\t<p><a href=\"https:\/\/maps.app.goo.gl\/g8Pb5cLSamdfuSpK6\">46740 Carcaixent Carcaixent, Valencia, Espa\u00f1a<\/a><\/p>\t\t\t\t\t\t<\/div>\n\t\t\t\t<\/div>\n\t\t\t\t<\/div>\n\t\t\t\t\t<\/div>\n\t\t\t\t<\/div>\n\t\t<div class=\"elementor-element elementor-element-c7e4ace e-con-full e-flex e-con e-parent\" data-id=\"c7e4ace\" data-element_type=\"container\">\n\t\t\t\t<div class=\"elementor-element elementor-element-b5814fa elementor-widget elementor-widget-google_maps\" data-id=\"b5814fa\" data-element_type=\"widget\" data-widget_type=\"google_maps.default\">\n\t\t\t\t<div class=\"elementor-widget-container\">\n\t\t\t\t\t<div class=\"elementor-custom-embed\">\n\t\t\t<iframe loading=\"lazy\"\n\t\t\t\t\tsrc=\"https:\/\/maps.google.com\/maps?q=C.%20de%20la%20Marquesa%20de%20Montortal%2C%2045%2C%2046740%2C%20Carcaixent&#038;t=m&#038;z=12&#038;output=embed&#038;iwloc=near\"\n\t\t\t\t\ttitle=\"C. de la Marquesa de Montortal, 45, 46740, Carcaixent\"\n\t\t\t\t\taria-label=\"C. de la Marquesa de Montortal, 45, 46740, Carcaixent\"\n\t\t\t><\/iframe>\n\t\t<\/div>\n\t\t\t\t<\/div>\n\t\t\t\t<\/div>\n\t\t\t\t<\/div>\n\t\t<div class=\"elementor-element elementor-element-dc68752 e-flex e-con-boxed e-con e-parent\" data-id=\"dc68752\" data-element_type=\"container\" data-settings=\"{&quot;shape_divider_top&quot;:&quot;opacity-fan&quot;,&quot;shape_divider_bottom&quot;:&quot;opacity-fan&quot;}\">\n\t\t\t\t\t<div class=\"e-con-inner\">\n\t\t\t\t<div class=\"elementor-shape elementor-shape-top\" data-negative=\"false\">\n\t\t\t<svg xmlns=\"http:\/\/www.w3.org\/2000\/svg\" viewBox=\"0 0 283.5 19.6\" preserveAspectRatio=\"none\">\n\t<path class=\"elementor-shape-fill\" style=\"opacity:0.33\" d=\"M0 0L0 18.8 141.8 4.1 283.5 18.8 283.5 0z\"\/>\n\t<path class=\"elementor-shape-fill\" style=\"opacity:0.33\" d=\"M0 0L0 12.6 141.8 4 283.5 12.6 283.5 0z\"\/>\n\t<path class=\"elementor-shape-fill\" style=\"opacity:0.33\" d=\"M0 0L0 6.4 141.8 4 283.5 6.4 283.5 0z\"\/>\n\t<path class=\"elementor-shape-fill\" d=\"M0 0L0 1.2 141.8 4 283.5 1.2 283.5 0z\"\/>\n<\/svg>\t\t<\/div>\n\t\t\t\t<div class=\"elementor-shape elementor-shape-bottom\" data-negative=\"false\">\n\t\t\t<svg xmlns=\"http:\/\/www.w3.org\/2000\/svg\" viewBox=\"0 0 283.5 19.6\" preserveAspectRatio=\"none\">\n\t<path class=\"elementor-shape-fill\" style=\"opacity:0.33\" d=\"M0 0L0 18.8 141.8 4.1 283.5 18.8 283.5 0z\"\/>\n\t<path class=\"elementor-shape-fill\" style=\"opacity:0.33\" d=\"M0 0L0 12.6 141.8 4 283.5 12.6 283.5 0z\"\/>\n\t<path class=\"elementor-shape-fill\" style=\"opacity:0.33\" d=\"M0 0L0 6.4 141.8 4 283.5 6.4 283.5 0z\"\/>\n\t<path class=\"elementor-shape-fill\" d=\"M0 0L0 1.2 141.8 4 283.5 1.2 283.5 0z\"\/>\n<\/svg>\t\t<\/div>\n\t\t<div class=\"elementor-element elementor-element-6b44118 e-con-full e-flex e-con e-child\" data-id=\"6b44118\" data-element_type=\"container\">\n\t\t\t\t<div class=\"elementor-element elementor-element-91a095d elementor-widget elementor-widget-heading\" data-id=\"91a095d\" data-element_type=\"widget\" data-widget_type=\"heading.default\">\n\t\t\t\t<div class=\"elementor-widget-container\">\n\t\t\t<h2 class=\"elementor-heading-title elementor-size-default\">\u00bfQuieres dar el primer paso hacia tu bienestar y belleza?<\/h2>\t\t<\/div>\n\t\t\t\t<\/div>\n\t\t\t\t<div class=\"elementor-element elementor-element-e4c97c8 elementor-widget elementor-widget-text-editor\" data-id=\"e4c97c8\" data-element_type=\"widget\" data-widget_type=\"text-editor.default\">\n\t\t\t\t<div class=\"elementor-widget-container\">\n\t\t\t\t\t\t\t<p style=\"text-align: center;\">En Neus Peris estamos aqu\u00ed para escucharte y ofrecerte la mejor atenci\u00f3n personalizada.<\/p><p>Ya sea que tengas preguntas sobre nuestros Tratamientos faciales hol\u00edsticos Carcaixent, quieras reservar tu cita o necesites asesoramiento sobre qu\u00e9 servicio se adapta mejor a ti, nuestro equipo est\u00e1 disponible para ayudarte.<\/p><p>No dudes en ponerte en contacto con nosotros; tu experiencia \u00fanica y transformadora comienza con una simple llamada, mensaje o formulario.<\/p><p><br data-start=\"588\" data-end=\"591\" \/><strong data-start=\"591\" data-end=\"671\">\u00a1Cont\u00e1ctanos hoy mismo y descubre todo lo que Neus Peris puede hacer por ti!<\/strong><\/p>\t\t\t\t\t\t<\/div>\n\t\t\t\t<\/div>\n\t\t\t\t<\/div>\n\t\t\t\t\t<\/div>\n\t\t\t\t<\/div>\n\t\t\t\t<\/div>\n\t\t","protected":false},"excerpt":{"rendered":"<p>Contacto \u2013 Neus Peris Centro de Est\u00e9tica , Tratamientos Faciales Hol\u00edsticos Carcaixent FORMULARIO DE CONTACTO Por favor, activa JavaScript en tu navegador para completar este formulario.Por favor, activa JavaScript en tu navegador para completar este formulario. Nombre * NombreApellidos Correo electr\u00f3nico *Mensaje * Enviar CENTRO DE ESTETICA \u00bfTienes dudas, quieres solicitar informaci\u00f3n o reservar tu [&hellip;]<\/p>\n","protected":false},"author":1,"featured_media":260,"parent":0,"menu_order":0,"comment_status":"closed","ping_status":"closed","template":"","meta":{"footnotes":""},"class_list":["post-42","page","type-page","status-publish","has-post-thumbnail","hentry"],"yoast_head":"<!-- This site is optimized with the Yoast SEO plugin v23.5 - https:\/\/yoast.com\/wordpress\/plugins\/seo\/ -->\n<title>Tratamientos Faciales Hol\u00edsticos Carcaixent - Neus Peris<\/title>\n<meta name=\"description\" content=\"Tratamientos faciales hol\u00edsticos Carcaixent, \u00bfQuieres reservar tu cita o preguntar por nuestros tratamientos? Contacta con Neus Peris\" \/>\n<meta name=\"robots\" content=\"index, follow, max-snippet:-1, max-image-preview:large, max-video-preview:-1\" \/>\n<link rel=\"canonical\" href=\"https:\/\/neusperiscentrodeestetica.com\/index.php\/contacto-centro-estetica-tratamientos-faciales-holisticos-carcaixent\/\" \/>\n<meta property=\"og:locale\" content=\"es_ES\" \/>\n<meta property=\"og:type\" content=\"article\" \/>\n<meta property=\"og:title\" content=\"Tratamientos Faciales Hol\u00edsticos Carcaixent - Neus Peris\" \/>\n<meta property=\"og:description\" content=\"Tratamientos faciales hol\u00edsticos Carcaixent, \u00bfQuieres reservar tu cita o preguntar por nuestros tratamientos? Contacta con Neus Peris\" \/>\n<meta property=\"og:url\" content=\"https:\/\/neusperiscentrodeestetica.com\/index.php\/contacto-centro-estetica-tratamientos-faciales-holisticos-carcaixent\/\" \/>\n<meta property=\"og:site_name\" content=\"Neus Peris Centro De Est\u00e9tica\" \/>\n<meta property=\"article:modified_time\" content=\"2026-03-23T11:34:07+00:00\" \/>\n<meta property=\"og:image\" content=\"http:\/\/neusperiscentrodeestetica.com\/wp-content\/uploads\/2024\/04\/rusa_1__1_.png\" \/>\n\t<meta property=\"og:image:width\" content=\"1080\" \/>\n\t<meta property=\"og:image:height\" content=\"1080\" \/>\n\t<meta property=\"og:image:type\" content=\"image\/png\" \/>\n<meta name=\"twitter:card\" content=\"summary_large_image\" \/>\n<meta name=\"twitter:label1\" content=\"Tiempo de lectura\" \/>\n\t<meta name=\"twitter:data1\" content=\"1 minuto\" \/>\n<script type=\"application\/ld+json\" class=\"yoast-schema-graph\">{\"@context\":\"https:\/\/schema.org\",\"@graph\":[{\"@type\":\"WebPage\",\"@id\":\"https:\/\/neusperiscentrodeestetica.com\/index.php\/contacto-centro-estetica-tratamientos-faciales-holisticos-carcaixent\/\",\"url\":\"https:\/\/neusperiscentrodeestetica.com\/index.php\/contacto-centro-estetica-tratamientos-faciales-holisticos-carcaixent\/\",\"name\":\"Tratamientos Faciales Hol\u00edsticos Carcaixent - Neus Peris\",\"isPartOf\":{\"@id\":\"https:\/\/neusperiscentrodeestetica.com\/#website\"},\"primaryImageOfPage\":{\"@id\":\"https:\/\/neusperiscentrodeestetica.com\/index.php\/contacto-centro-estetica-tratamientos-faciales-holisticos-carcaixent\/#primaryimage\"},\"image\":{\"@id\":\"https:\/\/neusperiscentrodeestetica.com\/index.php\/contacto-centro-estetica-tratamientos-faciales-holisticos-carcaixent\/#primaryimage\"},\"thumbnailUrl\":\"https:\/\/neusperiscentrodeestetica.com\/wp-content\/uploads\/2024\/04\/rusa_1__1_.png\",\"datePublished\":\"2024-03-06T10:12:26+00:00\",\"dateModified\":\"2026-03-23T11:34:07+00:00\",\"description\":\"Tratamientos faciales hol\u00edsticos Carcaixent, \u00bfQuieres reservar tu cita o preguntar por nuestros tratamientos? Contacta con Neus Peris\",\"breadcrumb\":{\"@id\":\"https:\/\/neusperiscentrodeestetica.com\/index.php\/contacto-centro-estetica-tratamientos-faciales-holisticos-carcaixent\/#breadcrumb\"},\"inLanguage\":\"es\",\"potentialAction\":[{\"@type\":\"ReadAction\",\"target\":[\"https:\/\/neusperiscentrodeestetica.com\/index.php\/contacto-centro-estetica-tratamientos-faciales-holisticos-carcaixent\/\"]}]},{\"@type\":\"ImageObject\",\"inLanguage\":\"es\",\"@id\":\"https:\/\/neusperiscentrodeestetica.com\/index.php\/contacto-centro-estetica-tratamientos-faciales-holisticos-carcaixent\/#primaryimage\",\"url\":\"https:\/\/neusperiscentrodeestetica.com\/wp-content\/uploads\/2024\/04\/rusa_1__1_.png\",\"contentUrl\":\"https:\/\/neusperiscentrodeestetica.com\/wp-content\/uploads\/2024\/04\/rusa_1__1_.png\",\"width\":1080,\"height\":1080,\"caption\":\"tratamientos faciales hol\u00edsticos Carcaixent\"},{\"@type\":\"BreadcrumbList\",\"@id\":\"https:\/\/neusperiscentrodeestetica.com\/index.php\/contacto-centro-estetica-tratamientos-faciales-holisticos-carcaixent\/#breadcrumb\",\"itemListElement\":[{\"@type\":\"ListItem\",\"position\":1,\"name\":\"Portada\",\"item\":\"https:\/\/neusperiscentrodeestetica.com\/\"},{\"@type\":\"ListItem\",\"position\":2,\"name\":\"CONTACTO\"}]},{\"@type\":\"WebSite\",\"@id\":\"https:\/\/neusperiscentrodeestetica.com\/#website\",\"url\":\"https:\/\/neusperiscentrodeestetica.com\/\",\"name\":\"Neus Peris Centro De Est\u00e9tica\",\"description\":\"Est&eacute;tica y belleza\",\"potentialAction\":[{\"@type\":\"SearchAction\",\"target\":{\"@type\":\"EntryPoint\",\"urlTemplate\":\"https:\/\/neusperiscentrodeestetica.com\/?s={search_term_string}\"},\"query-input\":{\"@type\":\"PropertyValueSpecification\",\"valueRequired\":true,\"valueName\":\"search_term_string\"}}],\"inLanguage\":\"es\"}]}<\/script>\n<!-- \/ Yoast SEO plugin. -->","yoast_head_json":{"title":"Tratamientos Faciales Hol\u00edsticos Carcaixent - Neus Peris","description":"Tratamientos faciales hol\u00edsticos Carcaixent, \u00bfQuieres reservar tu cita o preguntar por nuestros tratamientos? Contacta con Neus Peris","robots":{"index":"index","follow":"follow","max-snippet":"max-snippet:-1","max-image-preview":"max-image-preview:large","max-video-preview":"max-video-preview:-1"},"canonical":"https:\/\/neusperiscentrodeestetica.com\/index.php\/contacto-centro-estetica-tratamientos-faciales-holisticos-carcaixent\/","og_locale":"es_ES","og_type":"article","og_title":"Tratamientos Faciales Hol\u00edsticos Carcaixent - Neus Peris","og_description":"Tratamientos faciales hol\u00edsticos Carcaixent, \u00bfQuieres reservar tu cita o preguntar por nuestros tratamientos? Contacta con Neus Peris","og_url":"https:\/\/neusperiscentrodeestetica.com\/index.php\/contacto-centro-estetica-tratamientos-faciales-holisticos-carcaixent\/","og_site_name":"Neus Peris Centro De Est\u00e9tica","article_modified_time":"2026-03-23T11:34:07+00:00","og_image":[{"width":1080,"height":1080,"url":"http:\/\/neusperiscentrodeestetica.com\/wp-content\/uploads\/2024\/04\/rusa_1__1_.png","type":"image\/png"}],"twitter_card":"summary_large_image","twitter_misc":{"Tiempo de lectura":"1 minuto"},"schema":{"@context":"https:\/\/schema.org","@graph":[{"@type":"WebPage","@id":"https:\/\/neusperiscentrodeestetica.com\/index.php\/contacto-centro-estetica-tratamientos-faciales-holisticos-carcaixent\/","url":"https:\/\/neusperiscentrodeestetica.com\/index.php\/contacto-centro-estetica-tratamientos-faciales-holisticos-carcaixent\/","name":"Tratamientos Faciales Hol\u00edsticos Carcaixent - Neus Peris","isPartOf":{"@id":"https:\/\/neusperiscentrodeestetica.com\/#website"},"primaryImageOfPage":{"@id":"https:\/\/neusperiscentrodeestetica.com\/index.php\/contacto-centro-estetica-tratamientos-faciales-holisticos-carcaixent\/#primaryimage"},"image":{"@id":"https:\/\/neusperiscentrodeestetica.com\/index.php\/contacto-centro-estetica-tratamientos-faciales-holisticos-carcaixent\/#primaryimage"},"thumbnailUrl":"https:\/\/neusperiscentrodeestetica.com\/wp-content\/uploads\/2024\/04\/rusa_1__1_.png","datePublished":"2024-03-06T10:12:26+00:00","dateModified":"2026-03-23T11:34:07+00:00","description":"Tratamientos faciales hol\u00edsticos Carcaixent, \u00bfQuieres reservar tu cita o preguntar por nuestros tratamientos? Contacta con Neus Peris","breadcrumb":{"@id":"https:\/\/neusperiscentrodeestetica.com\/index.php\/contacto-centro-estetica-tratamientos-faciales-holisticos-carcaixent\/#breadcrumb"},"inLanguage":"es","potentialAction":[{"@type":"ReadAction","target":["https:\/\/neusperiscentrodeestetica.com\/index.php\/contacto-centro-estetica-tratamientos-faciales-holisticos-carcaixent\/"]}]},{"@type":"ImageObject","inLanguage":"es","@id":"https:\/\/neusperiscentrodeestetica.com\/index.php\/contacto-centro-estetica-tratamientos-faciales-holisticos-carcaixent\/#primaryimage","url":"https:\/\/neusperiscentrodeestetica.com\/wp-content\/uploads\/2024\/04\/rusa_1__1_.png","contentUrl":"https:\/\/neusperiscentrodeestetica.com\/wp-content\/uploads\/2024\/04\/rusa_1__1_.png","width":1080,"height":1080,"caption":"tratamientos faciales hol\u00edsticos Carcaixent"},{"@type":"BreadcrumbList","@id":"https:\/\/neusperiscentrodeestetica.com\/index.php\/contacto-centro-estetica-tratamientos-faciales-holisticos-carcaixent\/#breadcrumb","itemListElement":[{"@type":"ListItem","position":1,"name":"Portada","item":"https:\/\/neusperiscentrodeestetica.com\/"},{"@type":"ListItem","position":2,"name":"CONTACTO"}]},{"@type":"WebSite","@id":"https:\/\/neusperiscentrodeestetica.com\/#website","url":"https:\/\/neusperiscentrodeestetica.com\/","name":"Neus Peris Centro De Est\u00e9tica","description":"Est&eacute;tica y belleza","potentialAction":[{"@type":"SearchAction","target":{"@type":"EntryPoint","urlTemplate":"https:\/\/neusperiscentrodeestetica.com\/?s={search_term_string}"},"query-input":{"@type":"PropertyValueSpecification","valueRequired":true,"valueName":"search_term_string"}}],"inLanguage":"es"}]}},"_links":{"self":[{"href":"https:\/\/neusperiscentrodeestetica.com\/index.php\/wp-json\/wp\/v2\/pages\/42","targetHints":{"allow":["GET"]}}],"collection":[{"href":"https:\/\/neusperiscentrodeestetica.com\/index.php\/wp-json\/wp\/v2\/pages"}],"about":[{"href":"https:\/\/neusperiscentrodeestetica.com\/index.php\/wp-json\/wp\/v2\/types\/page"}],"author":[{"embeddable":true,"href":"https:\/\/neusperiscentrodeestetica.com\/index.php\/wp-json\/wp\/v2\/users\/1"}],"replies":[{"embeddable":true,"href":"https:\/\/neusperiscentrodeestetica.com\/index.php\/wp-json\/wp\/v2\/comments?post=42"}],"version-history":[{"count":79,"href":"https:\/\/neusperiscentrodeestetica.com\/index.php\/wp-json\/wp\/v2\/pages\/42\/revisions"}],"predecessor-version":[{"id":1345,"href":"https:\/\/neusperiscentrodeestetica.com\/index.php\/wp-json\/wp\/v2\/pages\/42\/revisions\/1345"}],"wp:featuredmedia":[{"embeddable":true,"href":"https:\/\/neusperiscentrodeestetica.com\/index.php\/wp-json\/wp\/v2\/media\/260"}],"wp:attachment":[{"href":"https:\/\/neusperiscentrodeestetica.com\/index.php\/wp-json\/wp\/v2\/media?parent=42"}],"curies":[{"name":"wp","href":"https:\/\/api.w.org\/{rel}","templated":true}]}}