{"id":44,"date":"2024-03-06T10:16:14","date_gmt":"2024-03-06T10:16:14","guid":{"rendered":"http:\/\/neusperiscentrodeestetica.com\/?page_id=44"},"modified":"2026-03-23T09:52:22","modified_gmt":"2026-03-23T09:52:22","slug":"tratamientos-faciales","status":"publish","type":"page","link":"https:\/\/neusperiscentrodeestetica.com\/index.php\/servicios-estetica-carcaixent\/tratamientos-faciales\/","title":{"rendered":"Tratamientos faciales"},"content":{"rendered":"\t\t<div data-elementor-type=\"wp-page\" data-elementor-id=\"44\" class=\"elementor elementor-44\">\n\t\t\t\t<div class=\"elementor-element elementor-element-198b7ac e-con-full e-flex e-con e-parent\" data-id=\"198b7ac\" data-element_type=\"container\" data-settings=\"{&quot;background_background&quot;:&quot;classic&quot;}\">\n\t\t\t\t<\/div>\n\t\t<div class=\"elementor-element elementor-element-cf881e1 e-con-full e-flex e-con e-parent\" data-id=\"cf881e1\" data-element_type=\"container\" data-settings=\"{&quot;background_background&quot;:&quot;classic&quot;}\">\n\t\t\t\t<div class=\"elementor-element elementor-element-89628e5 elementor-widget elementor-widget-heading\" data-id=\"89628e5\" data-element_type=\"widget\" data-widget_type=\"heading.default\">\n\t\t\t\t<div class=\"elementor-widget-container\">\n\t\t\t<h2 class=\"elementor-heading-title elementor-size-default\">TRATAMIENTOS FACIALES<\/h2>\t\t<\/div>\n\t\t\t\t<\/div>\n\t\t\t\t<\/div>\n\t\t<div class=\"elementor-element elementor-element-02bdb3f e-con-full e-flex e-con e-parent\" data-id=\"02bdb3f\" data-element_type=\"container\">\n\t\t\t\t<div class=\"elementor-element elementor-element-dae70d4 elementor-invisible elementor-widget elementor-widget-heading\" data-id=\"dae70d4\" data-element_type=\"widget\" data-settings=\"{&quot;_animation&quot;:&quot;fadeInUp&quot;}\" data-widget_type=\"heading.default\">\n\t\t\t\t<div class=\"elementor-widget-container\">\n\t\t\t<h2 class=\"elementor-heading-title elementor-size-default\">\u00bfQU\u00c9 CONSIGUES CON UN TRATAMIENTO FACIAL?<\/h2>\t\t<\/div>\n\t\t\t\t<\/div>\n\t\t\t\t<div class=\"elementor-element elementor-element-73fee49 elementor-invisible elementor-widget elementor-widget-text-editor\" data-id=\"73fee49\" data-element_type=\"widget\" data-settings=\"{&quot;_animation&quot;:&quot;fadeInUp&quot;}\" data-widget_type=\"text-editor.default\">\n\t\t\t\t<div class=\"elementor-widget-container\">\n\t\t\t\t\t\t\t<p style=\"text-align: center;\">Nuestros tratamientos faciales est\u00e1n dise\u00f1as para<br \/>ofrecerte mucho m\u00e1s que una experiencia de cuidado de la piel. Te invitamos a embarcarte en un viaje de <b><i>rejuvenecimiento y revitalizaci\u00f3n.<\/i><\/b><br \/>Con un tratamiento facial en <b><i>Neus Peris<\/i><\/b> conseguir\u00e1s <b><i>Renovaci\u00f3n profunda, hidrataci\u00f3n intensa,rejuvenecimiento y firmeza y bienestar y relajaci\u00f3n.<\/i><\/b><\/p>\t\t\t\t\t\t<\/div>\n\t\t\t\t<\/div>\n\t\t\t\t<\/div>\n\t\t<div class=\"elementor-element elementor-element-81d71ea e-con-full e-flex e-con e-parent\" data-id=\"81d71ea\" data-element_type=\"container\" data-settings=\"{&quot;background_background&quot;:&quot;classic&quot;}\">\n\t\t\t\t<div class=\"elementor-element elementor-element-5a46953 elementor-widget elementor-widget-testimonial\" data-id=\"5a46953\" data-element_type=\"widget\" data-widget_type=\"testimonial.default\">\n\t\t\t\t<div class=\"elementor-widget-container\">\n\t\t\t\t\t<div class=\"elementor-testimonial-wrapper\">\n\t\t\t\t\t\t\t<div class=\"elementor-testimonial-content\">Trato muy amable y profesional. Me hice una limpieza de cara y me fui encantada. Volver\u00e9 sin duda.<\/div>\n\t\t\t\n\t\t\t\t\t\t<div class=\"elementor-testimonial-meta\">\n\t\t\t\t<div class=\"elementor-testimonial-meta-inner\">\n\t\t\t\t\t\n\t\t\t\t\t\t\t\t\t\t<div class=\"elementor-testimonial-details\">\n\t\t\t\t\t\t\t\t\t\t\t\t\t\t\t\t\t\t\t\t<div class=\"elementor-testimonial-job\">MAJO G.<\/div>\n\t\t\t\t\t\t\t\t\t\t\t\t\t<\/div>\n\t\t\t\t\t\t\t\t\t<\/div>\n\t\t\t<\/div>\n\t\t\t\t\t<\/div>\n\t\t\t\t<\/div>\n\t\t\t\t<\/div>\n\t\t\t\t<\/div>\n\t\t<div class=\"elementor-element elementor-element-e03129c e-con-full e-flex e-con e-parent\" data-id=\"e03129c\" data-element_type=\"container\">\n\t\t<div class=\"elementor-element elementor-element-435ecab e-con-full e-flex e-con e-child\" data-id=\"435ecab\" data-element_type=\"container\">\n\t\t\t\t<div class=\"elementor-element elementor-element-e8f030a elementor-widget elementor-widget-image\" data-id=\"e8f030a\" data-element_type=\"widget\" data-widget_type=\"image.default\">\n\t\t\t\t<div class=\"elementor-widget-container\">\n\t\t\t\t\t\t\t\t\t\t\t\t\t<img fetchpriority=\"high\" decoding=\"async\" width=\"800\" height=\"450\" src=\"https:\/\/neusperiscentrodeestetica.com\/wp-content\/uploads\/2024\/03\/22-1024x576.jpg\" class=\"attachment-large size-large wp-image-96\" alt=\"Centro de Estetica en Carcaixent\" srcset=\"https:\/\/neusperiscentrodeestetica.com\/wp-content\/uploads\/2024\/03\/22-1024x576.jpg 1024w, https:\/\/neusperiscentrodeestetica.com\/wp-content\/uploads\/2024\/03\/22-300x169.jpg 300w, https:\/\/neusperiscentrodeestetica.com\/wp-content\/uploads\/2024\/03\/22-768x432.jpg 768w, https:\/\/neusperiscentrodeestetica.com\/wp-content\/uploads\/2024\/03\/22-1536x864.jpg 1536w, https:\/\/neusperiscentrodeestetica.com\/wp-content\/uploads\/2024\/03\/22.jpg 1920w\" sizes=\"(max-width: 800px) 100vw, 800px\" \/>\t\t\t\t\t\t\t\t\t\t\t\t\t<\/div>\n\t\t\t\t<\/div>\n\t\t\t\t<\/div>\n\t\t<div class=\"elementor-element elementor-element-c772cd3 e-con-full e-flex e-con e-child\" data-id=\"c772cd3\" data-element_type=\"container\">\n\t\t\t\t<div class=\"elementor-element elementor-element-1c8b26f elementor-widget elementor-widget-heading\" data-id=\"1c8b26f\" data-element_type=\"widget\" data-widget_type=\"heading.default\">\n\t\t\t\t<div class=\"elementor-widget-container\">\n\t\t\t<h2 class=\"elementor-heading-title elementor-size-default\">HIGIENE FACIAL PREMIUM<\/h2>\t\t<\/div>\n\t\t\t\t<\/div>\n\t\t\t\t<div class=\"elementor-element elementor-element-351b5f4 elementor-widget elementor-widget-text-editor\" data-id=\"351b5f4\" data-element_type=\"widget\" data-widget_type=\"text-editor.default\">\n\t\t\t\t<div class=\"elementor-widget-container\">\n\t\t\t\t\t\t\t<p data-pm-slice=\"1 1 [&quot;blockquote&quot;,{}]\">Primer paso esencial para que tu piel vuelva a latir. Dise\u00f1ado para resetear tu rostro, <em><strong>liber\u00e1ndolo de las impurezas y el estr\u00e9s que apagan tu luz natural.<\/strong><\/em> Integramos un <em><strong>peeling glic\u00f3lico<\/strong><\/em> renovador que<em><strong> alisa la textura y unifica el tono<\/strong><\/em>, fusionando la eficacia de la renovaci\u00f3n celular con la delicadeza de un masaje de autor para ofrecerte un tratamiento que equilibra tu piel y calma tu mente.<\/p>\t\t\t\t\t\t<\/div>\n\t\t\t\t<\/div>\n\t\t\t\t<div class=\"elementor-element elementor-element-d0e50e1 elementor-align-center elementor-mobile-align-center elementor-widget elementor-widget-button\" data-id=\"d0e50e1\" data-element_type=\"widget\" data-widget_type=\"button.default\">\n\t\t\t\t<div class=\"elementor-widget-container\">\n\t\t\t\t\t<div class=\"elementor-button-wrapper\">\n\t\t\t<a class=\"elementor-button elementor-button-link elementor-size-sm elementor-animation-bob\" href=\"https:\/\/booksy.com\/es-es\/5135_neus-peris-ungles-i-estetica_salon-de-unas_57723_carcaixent?do=invite#ba_s=dl_1\" target=\"_blank\">\n\t\t\t\t\t\t<span class=\"elementor-button-content-wrapper\">\n\t\t\t\t\t\t\t\t\t<span class=\"elementor-button-text\">RESERVAR CITA<\/span>\n\t\t\t\t\t<\/span>\n\t\t\t\t\t<\/a>\n\t\t<\/div>\n\t\t\t\t<\/div>\n\t\t\t\t<\/div>\n\t\t\t\t<\/div>\n\t\t\t\t<\/div>\n\t\t<div class=\"elementor-element elementor-element-9f3e778 e-con-full e-flex e-con e-parent\" data-id=\"9f3e778\" data-element_type=\"container\" data-settings=\"{&quot;background_background&quot;:&quot;classic&quot;}\">\n\t\t<div class=\"elementor-element elementor-element-ad41f5c e-con-full e-flex e-con e-child\" data-id=\"ad41f5c\" data-element_type=\"container\">\n\t\t\t\t<div class=\"elementor-element elementor-element-e1716d4 elementor-widget elementor-widget-image\" data-id=\"e1716d4\" data-element_type=\"widget\" data-widget_type=\"image.default\">\n\t\t\t\t<div class=\"elementor-widget-container\">\n\t\t\t\t\t\t\t\t\t\t\t\t\t<img decoding=\"async\" width=\"800\" height=\"450\" src=\"https:\/\/neusperiscentrodeestetica.com\/wp-content\/uploads\/2024\/03\/3-1024x576.jpg\" class=\"attachment-large size-large wp-image-126\" alt=\"\" srcset=\"https:\/\/neusperiscentrodeestetica.com\/wp-content\/uploads\/2024\/03\/3-1024x576.jpg 1024w, https:\/\/neusperiscentrodeestetica.com\/wp-content\/uploads\/2024\/03\/3-300x169.jpg 300w, https:\/\/neusperiscentrodeestetica.com\/wp-content\/uploads\/2024\/03\/3-768x432.jpg 768w, https:\/\/neusperiscentrodeestetica.com\/wp-content\/uploads\/2024\/03\/3-1536x864.jpg 1536w, https:\/\/neusperiscentrodeestetica.com\/wp-content\/uploads\/2024\/03\/3.jpg 1920w\" sizes=\"(max-width: 800px) 100vw, 800px\" \/>\t\t\t\t\t\t\t\t\t\t\t\t\t<\/div>\n\t\t\t\t<\/div>\n\t\t\t\t<\/div>\n\t\t<div class=\"elementor-element elementor-element-7e754ec e-con-full e-flex e-con e-child\" data-id=\"7e754ec\" data-element_type=\"container\">\n\t\t\t\t<div class=\"elementor-element elementor-element-2302386 elementor-widget elementor-widget-heading\" data-id=\"2302386\" data-element_type=\"widget\" data-widget_type=\"heading.default\">\n\t\t\t\t<div class=\"elementor-widget-container\">\n\t\t\t<h2 class=\"elementor-heading-title elementor-size-default\">METODO ELEV\u00c2RE\u2122<\/h2>\t\t<\/div>\n\t\t\t\t<\/div>\n\t\t\t\t<div class=\"elementor-element elementor-element-f8bae49 elementor-widget-mobile__width-initial elementor-widget elementor-widget-text-editor\" data-id=\"f8bae49\" data-element_type=\"widget\" data-widget_type=\"text-editor.default\">\n\t\t\t\t<div class=\"elementor-widget-container\">\n\t\t\t\t\t\t\t<blockquote data-pm-slice=\"2 2 []\"><p><strong>Es mucho m\u00e1s que est\u00e9tica<\/strong>; es un<em><strong> ritual de autor<\/strong><\/em> dise\u00f1ado para que te reencuentres con tu mejor versi\u00f3n. Hemos fusionado la ciencia m\u00e1s avanzada con la delicadeza del tacto para ofrecerte una <em><strong>transformaci\u00f3n profunda: f\u00edsica, emocional y energ\u00e9tica.<\/strong><\/em><\/p><p>Nuestro objetivo es despertar tu <em><strong>belleza natural<\/strong><\/em>, esa que el cansancio diario a veces oculta. Para lograrlo, hemos creado una experiencia que combina una oxigenaci\u00f3n profunda de tu piel, junto con sesiones de nuestro<em><strong> FaceTraining\u2122<\/strong><\/em> para reeducar tus facciones y <em><strong>Radiofrecuencia Remoder<\/strong><\/em> para reafirmar desde el interior.<\/p><\/blockquote>\t\t\t\t\t\t<\/div>\n\t\t\t\t<\/div>\n\t\t\t\t<div class=\"elementor-element elementor-element-540d9eb elementor-align-center elementor-widget elementor-widget-button\" data-id=\"540d9eb\" data-element_type=\"widget\" data-widget_type=\"button.default\">\n\t\t\t\t<div class=\"elementor-widget-container\">\n\t\t\t\t\t<div class=\"elementor-button-wrapper\">\n\t\t\t<a class=\"elementor-button elementor-button-link elementor-size-sm elementor-animation-bob\" href=\"https:\/\/booksy.com\/es-es\/5135_neus-peris-ungles-i-estetica_salon-de-unas_57723_carcaixent?do=invite#ba_s=dl_1\" target=\"_blank\">\n\t\t\t\t\t\t<span class=\"elementor-button-content-wrapper\">\n\t\t\t\t\t\t\t\t\t<span class=\"elementor-button-text\">RESERVAR LA EXPERIENCIA COMPLETA<\/span>\n\t\t\t\t\t<\/span>\n\t\t\t\t\t<\/a>\n\t\t<\/div>\n\t\t\t\t<\/div>\n\t\t\t\t<\/div>\n\t\t\t\t<\/div>\n\t\t\t\t<\/div>\n\t\t<div class=\"elementor-element elementor-element-42a0789 e-con-full e-flex e-con e-parent\" data-id=\"42a0789\" data-element_type=\"container\">\n\t\t<div class=\"elementor-element elementor-element-7f225c7 e-con-full e-flex e-con e-child\" data-id=\"7f225c7\" data-element_type=\"container\">\n\t\t\t\t<div class=\"elementor-element elementor-element-55ef078 elementor-widget elementor-widget-image\" data-id=\"55ef078\" data-element_type=\"widget\" data-widget_type=\"image.default\">\n\t\t\t\t<div class=\"elementor-widget-container\">\n\t\t\t\t\t\t\t\t\t\t\t\t\t<img decoding=\"async\" width=\"1920\" height=\"1080\" src=\"https:\/\/neusperiscentrodeestetica.com\/wp-content\/uploads\/2024\/03\/24.jpg\" class=\"attachment-full size-full wp-image-186\" alt=\"\" srcset=\"https:\/\/neusperiscentrodeestetica.com\/wp-content\/uploads\/2024\/03\/24.jpg 1920w, https:\/\/neusperiscentrodeestetica.com\/wp-content\/uploads\/2024\/03\/24-300x169.jpg 300w, https:\/\/neusperiscentrodeestetica.com\/wp-content\/uploads\/2024\/03\/24-1024x576.jpg 1024w, https:\/\/neusperiscentrodeestetica.com\/wp-content\/uploads\/2024\/03\/24-768x432.jpg 768w, https:\/\/neusperiscentrodeestetica.com\/wp-content\/uploads\/2024\/03\/24-1536x864.jpg 1536w\" sizes=\"(max-width: 1920px) 100vw, 1920px\" \/>\t\t\t\t\t\t\t\t\t\t\t\t\t<\/div>\n\t\t\t\t<\/div>\n\t\t\t\t<\/div>\n\t\t<div class=\"elementor-element elementor-element-c7f28ca e-con-full e-flex e-con e-child\" data-id=\"c7f28ca\" data-element_type=\"container\">\n\t\t\t\t<div class=\"elementor-element elementor-element-ca8ef50 elementor-widget elementor-widget-heading\" data-id=\"ca8ef50\" data-element_type=\"widget\" data-widget_type=\"heading.default\">\n\t\t\t\t<div class=\"elementor-widget-container\">\n\t\t\t<h2 class=\"elementor-heading-title elementor-size-default\">FACETRAINING\u2122<\/h2>\t\t<\/div>\n\t\t\t\t<\/div>\n\t\t\t\t<div class=\"elementor-element elementor-element-991f41b elementor-widget-tablet__width-initial elementor-widget-mobile__width-initial elementor-widget elementor-widget-text-editor\" data-id=\"991f41b\" data-element_type=\"widget\" data-widget_type=\"text-editor.default\">\n\t\t\t\t<div class=\"elementor-widget-container\">\n\t\t\t\t\t\t\t<blockquote data-pm-slice=\"2 2 []\"><p>Es mucho m\u00e1s que un masaje; es <em><strong>gimnasia facial de autor<\/strong> <\/em>dise\u00f1ada para despertar tu rostro. Mediante maniobras r\u00edtmicas y precisas, <em><strong>trabajamos profundamente la musculatura que sostiene tu belleza<\/strong><\/em>, liberando los bloqueos que apagan tu gesto y devolviendo a tu piel esa firmeza y elasticidad que el ritmo diario le roba. Es el secreto para recuperar un \u00f3valo definido y una luz vibrante, logrando un<em><strong> efecto lifting natural que respeta totalmente tu esencia<\/strong><\/em>. Es, sencillamente, ense\u00f1arle a tu rostro a descansar de nuevo.<\/p><\/blockquote>\t\t\t\t\t\t<\/div>\n\t\t\t\t<\/div>\n\t\t\t\t<div class=\"elementor-element elementor-element-fc086a4 elementor-align-center elementor-widget elementor-widget-button\" data-id=\"fc086a4\" data-element_type=\"widget\" data-widget_type=\"button.default\">\n\t\t\t\t<div class=\"elementor-widget-container\">\n\t\t\t\t\t<div class=\"elementor-button-wrapper\">\n\t\t\t<a class=\"elementor-button elementor-button-link elementor-size-sm elementor-animation-bob\" href=\"https:\/\/booksy.com\/es-es\/5135_neus-peris-ungles-i-estetica_salon-de-unas_57723_carcaixent?do=invite#ba_s=dl_1\" target=\"_blank\">\n\t\t\t\t\t\t<span class=\"elementor-button-content-wrapper\">\n\t\t\t\t\t\t\t\t\t<span class=\"elementor-button-text\">RESERVAR CITA<\/span>\n\t\t\t\t\t<\/span>\n\t\t\t\t\t<\/a>\n\t\t<\/div>\n\t\t\t\t<\/div>\n\t\t\t\t<\/div>\n\t\t\t\t<\/div>\n\t\t\t\t<\/div>\n\t\t<div class=\"elementor-element elementor-element-568bcc5 e-con-full e-flex e-con e-parent\" data-id=\"568bcc5\" data-element_type=\"container\" data-settings=\"{&quot;background_background&quot;:&quot;classic&quot;}\">\n\t\t<div class=\"elementor-element elementor-element-018ca4c e-con-full e-flex e-con e-child\" data-id=\"018ca4c\" data-element_type=\"container\">\n\t\t\t\t<div class=\"elementor-element elementor-element-4cc1e81 elementor-widget elementor-widget-image\" data-id=\"4cc1e81\" data-element_type=\"widget\" data-widget_type=\"image.default\">\n\t\t\t\t<div class=\"elementor-widget-container\">\n\t\t\t\t\t\t\t\t\t\t\t\t\t<img loading=\"lazy\" decoding=\"async\" width=\"800\" height=\"450\" src=\"https:\/\/neusperiscentrodeestetica.com\/wp-content\/uploads\/2024\/03\/19-1024x576.jpg\" class=\"attachment-large size-large wp-image-187\" alt=\"\" srcset=\"https:\/\/neusperiscentrodeestetica.com\/wp-content\/uploads\/2024\/03\/19-1024x576.jpg 1024w, https:\/\/neusperiscentrodeestetica.com\/wp-content\/uploads\/2024\/03\/19-300x169.jpg 300w, https:\/\/neusperiscentrodeestetica.com\/wp-content\/uploads\/2024\/03\/19-768x432.jpg 768w, https:\/\/neusperiscentrodeestetica.com\/wp-content\/uploads\/2024\/03\/19-1536x864.jpg 1536w, https:\/\/neusperiscentrodeestetica.com\/wp-content\/uploads\/2024\/03\/19.jpg 1920w\" sizes=\"(max-width: 800px) 100vw, 800px\" \/>\t\t\t\t\t\t\t\t\t\t\t\t\t<\/div>\n\t\t\t\t<\/div>\n\t\t\t\t<\/div>\n\t\t<div class=\"elementor-element elementor-element-82d1f9f e-con-full e-flex e-con e-child\" data-id=\"82d1f9f\" data-element_type=\"container\">\n\t\t\t\t<div class=\"elementor-element elementor-element-33dc1f1 elementor-widget elementor-widget-heading\" data-id=\"33dc1f1\" data-element_type=\"widget\" data-widget_type=\"heading.default\">\n\t\t\t\t<div class=\"elementor-widget-container\">\n\t\t\t<h2 class=\"elementor-heading-title elementor-size-default\">ONIX FACIAL<\/h2>\t\t<\/div>\n\t\t\t\t<\/div>\n\t\t\t\t<div class=\"elementor-element elementor-element-d590332 elementor-widget elementor-widget-text-editor\" data-id=\"d590332\" data-element_type=\"widget\" data-widget_type=\"text-editor.default\">\n\t\t\t\t<div class=\"elementor-widget-container\">\n\t\t\t\t\t\t\t<p data-pm-slice=\"1 1 []\">\u00bfSientes que tu piel necesita recuperar su sost\u00e9n y vitalidad natural? Nuestra <em><strong>Radiofrecuencia<\/strong> <strong>Remoder<\/strong><\/em> act\u00faa como un despertar para tus c\u00e9lulas. Trabajamos la densidad de tu piel y <em><strong>suavizamos las l\u00edneas de expresi\u00f3n de la forma m\u00e1s respetuosa, redefiniendo el contorno de tu mand\u00edbula y cuello para devolverte una expresi\u00f3n n\u00edtida, vital y descansada.<\/strong><\/em><\/p><p>Al reactivar tu propio col\u00e1geno y elastina desde el interior gracias a la tecnolog\u00eda de <strong>Remoder<\/strong>, conseguimos<em><strong> una piel visiblemente m\u00e1s jugosa, el\u00e1stica y rebosante de luz.<\/strong><\/em> Es el cuidado no invasivo que tu rostro merece para brillar con su propia esencia, logrando resultados profundos sin perder tu naturalidad.<\/p>\t\t\t\t\t\t<\/div>\n\t\t\t\t<\/div>\n\t\t\t\t<div class=\"elementor-element elementor-element-c372381 elementor-align-center elementor-widget elementor-widget-button\" data-id=\"c372381\" data-element_type=\"widget\" data-widget_type=\"button.default\">\n\t\t\t\t<div class=\"elementor-widget-container\">\n\t\t\t\t\t<div class=\"elementor-button-wrapper\">\n\t\t\t<a class=\"elementor-button elementor-button-link elementor-size-sm elementor-animation-bob\" href=\"https:\/\/booksy.com\/es-es\/5135_neus-peris-ungles-i-estetica_salon-de-unas_57723_carcaixent?do=invite#ba_s=dl_1\" target=\"_blank\">\n\t\t\t\t\t\t<span class=\"elementor-button-content-wrapper\">\n\t\t\t\t\t\t\t\t\t<span class=\"elementor-button-text\">RESERVAR CITA<\/span>\n\t\t\t\t\t<\/span>\n\t\t\t\t\t<\/a>\n\t\t<\/div>\n\t\t\t\t<\/div>\n\t\t\t\t<\/div>\n\t\t\t\t<\/div>\n\t\t\t\t<\/div>\n\t\t<div class=\"elementor-element elementor-element-ff62c12 e-con-full e-flex e-con e-parent\" data-id=\"ff62c12\" data-element_type=\"container\">\n\t\t<div class=\"elementor-element elementor-element-8264bde e-con-full e-flex e-con e-child\" data-id=\"8264bde\" data-element_type=\"container\">\n\t\t\t\t<div class=\"elementor-element elementor-element-312dcdf elementor-widget-laptop__width-initial elementor-widget elementor-widget-image\" data-id=\"312dcdf\" data-element_type=\"widget\" data-widget_type=\"image.default\">\n\t\t\t\t<div class=\"elementor-widget-container\">\n\t\t\t\t\t\t\t\t\t\t\t\t\t<img loading=\"lazy\" decoding=\"async\" width=\"800\" height=\"450\" src=\"https:\/\/neusperiscentrodeestetica.com\/wp-content\/uploads\/2024\/03\/7-1024x576.jpg\" class=\"attachment-large size-large wp-image-188\" alt=\"\" srcset=\"https:\/\/neusperiscentrodeestetica.com\/wp-content\/uploads\/2024\/03\/7-1024x576.jpg 1024w, https:\/\/neusperiscentrodeestetica.com\/wp-content\/uploads\/2024\/03\/7-300x169.jpg 300w, https:\/\/neusperiscentrodeestetica.com\/wp-content\/uploads\/2024\/03\/7-768x432.jpg 768w, https:\/\/neusperiscentrodeestetica.com\/wp-content\/uploads\/2024\/03\/7-1536x864.jpg 1536w, https:\/\/neusperiscentrodeestetica.com\/wp-content\/uploads\/2024\/03\/7.jpg 1920w\" sizes=\"(max-width: 800px) 100vw, 800px\" \/>\t\t\t\t\t\t\t\t\t\t\t\t\t<\/div>\n\t\t\t\t<\/div>\n\t\t\t\t<\/div>\n\t\t<div class=\"elementor-element elementor-element-ec858cd e-con-full e-flex e-con e-child\" data-id=\"ec858cd\" data-element_type=\"container\">\n\t\t\t\t<div class=\"elementor-element elementor-element-917e62e elementor-widget elementor-widget-heading\" data-id=\"917e62e\" data-element_type=\"widget\" data-widget_type=\"heading.default\">\n\t\t\t\t<div class=\"elementor-widget-container\">\n\t\t\t<h2 class=\"elementor-heading-title elementor-size-default\">PEELING QUIMICO<\/h2>\t\t<\/div>\n\t\t\t\t<\/div>\n\t\t\t\t<div class=\"elementor-element elementor-element-975c6ec elementor-widget elementor-widget-text-editor\" data-id=\"975c6ec\" data-element_type=\"widget\" data-widget_type=\"text-editor.default\">\n\t\t\t\t<div class=\"elementor-widget-container\">\n\t\t\t\t\t\t\t<p data-pm-slice=\"1 1 []\">Es el secreto para una regeneraci\u00f3n inmediata y profunda. <em><strong>Mediante una exclusiva combinaci\u00f3n de tres fuerzas renovadoras<\/strong><\/em>, ayudamos a tu piel a desprenderse suavemente de lo que ya no necesita, revelando la luz que hay debajo. Suavizamos la textura de tu rostro, eliminando ese aspecto de piel \u00abcansada\u00bb o engrosada, para descubrir una superficie mucho m\u00e1s fina, luminosa y uniforme. Es el <em><strong>tratamiento ideal para atenuar peque\u00f1as marcas y l\u00edneas de expresi\u00f3n, devolvi\u00e9ndote esa claridad y frescura que te hace sentir radiante al instante.<\/strong><\/em> Es, sencillamente, darle a tu piel la oportunidad de empezar de cero.<\/p>\t\t\t\t\t\t<\/div>\n\t\t\t\t<\/div>\n\t\t\t\t<div class=\"elementor-element elementor-element-b0eeaf5 elementor-align-center elementor-widget elementor-widget-button\" data-id=\"b0eeaf5\" data-element_type=\"widget\" data-widget_type=\"button.default\">\n\t\t\t\t<div class=\"elementor-widget-container\">\n\t\t\t\t\t<div class=\"elementor-button-wrapper\">\n\t\t\t<a class=\"elementor-button elementor-button-link elementor-size-sm elementor-animation-bob\" href=\"https:\/\/booksy.com\/es-es\/5135_neus-peris-ungles-i-estetica_salon-de-unas_57723_carcaixent?do=invite#ba_s=dl_1\" target=\"_blank\">\n\t\t\t\t\t\t<span class=\"elementor-button-content-wrapper\">\n\t\t\t\t\t\t\t\t\t<span class=\"elementor-button-text\">RESERVAR CITA<\/span>\n\t\t\t\t\t<\/span>\n\t\t\t\t\t<\/a>\n\t\t<\/div>\n\t\t\t\t<\/div>\n\t\t\t\t<\/div>\n\t\t\t\t<\/div>\n\t\t\t\t<\/div>\n\t\t<div class=\"elementor-element elementor-element-a10a2f6 e-con-full e-flex e-con e-parent\" data-id=\"a10a2f6\" data-element_type=\"container\" data-settings=\"{&quot;background_background&quot;:&quot;classic&quot;}\">\n\t\t<div class=\"elementor-element elementor-element-2553071 e-con-full e-flex e-con e-child\" data-id=\"2553071\" data-element_type=\"container\">\n\t\t\t\t<div class=\"elementor-element elementor-element-a109c97 elementor-widget elementor-widget-image\" data-id=\"a109c97\" data-element_type=\"widget\" data-widget_type=\"image.default\">\n\t\t\t\t<div class=\"elementor-widget-container\">\n\t\t\t\t\t\t\t\t\t\t\t\t\t<img loading=\"lazy\" decoding=\"async\" width=\"800\" height=\"450\" src=\"https:\/\/neusperiscentrodeestetica.com\/wp-content\/uploads\/2024\/03\/9-1024x576.jpg\" class=\"attachment-large size-large wp-image-190\" alt=\"\" srcset=\"https:\/\/neusperiscentrodeestetica.com\/wp-content\/uploads\/2024\/03\/9-1024x576.jpg 1024w, https:\/\/neusperiscentrodeestetica.com\/wp-content\/uploads\/2024\/03\/9-300x169.jpg 300w, https:\/\/neusperiscentrodeestetica.com\/wp-content\/uploads\/2024\/03\/9-768x432.jpg 768w, https:\/\/neusperiscentrodeestetica.com\/wp-content\/uploads\/2024\/03\/9-1536x864.jpg 1536w, https:\/\/neusperiscentrodeestetica.com\/wp-content\/uploads\/2024\/03\/9.jpg 1920w\" sizes=\"(max-width: 800px) 100vw, 800px\" \/>\t\t\t\t\t\t\t\t\t\t\t\t\t<\/div>\n\t\t\t\t<\/div>\n\t\t\t\t<\/div>\n\t\t<div class=\"elementor-element elementor-element-b9847c1 e-con-full e-flex e-con e-child\" data-id=\"b9847c1\" data-element_type=\"container\">\n\t\t\t\t<div class=\"elementor-element elementor-element-e3a5d3a elementor-widget elementor-widget-heading\" data-id=\"e3a5d3a\" data-element_type=\"widget\" data-widget_type=\"heading.default\">\n\t\t\t\t<div class=\"elementor-widget-container\">\n\t\t\t<h2 class=\"elementor-heading-title elementor-size-default\">RITUAL DE ORO<\/h2>\t\t<\/div>\n\t\t\t\t<\/div>\n\t\t\t\t<div class=\"elementor-element elementor-element-1475a27 elementor-widget elementor-widget-text-editor\" data-id=\"1475a27\" data-element_type=\"widget\" data-widget_type=\"text-editor.default\">\n\t\t\t\t<div class=\"elementor-widget-container\">\n\t\t\t\t\t\t\t<p data-pm-slice=\"1 1 []\">Este Tratamiento de Autor es mi respuesta personal para quienes necesitan <em><strong>recuperar la firmeza y la luz.<\/strong><\/em> El oro puro envuelve tu rostro en un abrazo que calma y regenera, permitiendo que los activos lleguen justo donde tu piel m\u00e1s los necesita para <em><strong>difuminar las l\u00edneas de expresi\u00f3n y nutrirla desde el interior.<\/strong><\/em><\/p><p>El resultado es una piel con m\u00e1s cuerpo, incre\u00edblemente lisa y envuelta en un halo de luz dorada. <em><strong>Es el encuentro perfecto entre la nobleza del oro y el mimo m\u00e1s absoluto para que vuelvas a brillar con una claridad nueva.<\/strong><\/em><\/p>\t\t\t\t\t\t<\/div>\n\t\t\t\t<\/div>\n\t\t\t\t<div class=\"elementor-element elementor-element-4eae44d elementor-align-center elementor-widget elementor-widget-button\" data-id=\"4eae44d\" data-element_type=\"widget\" data-widget_type=\"button.default\">\n\t\t\t\t<div class=\"elementor-widget-container\">\n\t\t\t\t\t<div class=\"elementor-button-wrapper\">\n\t\t\t<a class=\"elementor-button elementor-button-link elementor-size-sm elementor-animation-bob\" href=\"https:\/\/booksy.com\/es-es\/5135_neus-peris-ungles-i-estetica_salon-de-unas_57723_carcaixent?do=invite#ba_s=dl_1\" target=\"_blank\">\n\t\t\t\t\t\t<span class=\"elementor-button-content-wrapper\">\n\t\t\t\t\t\t\t\t\t<span class=\"elementor-button-text\">RESERVAR CITA<\/span>\n\t\t\t\t\t<\/span>\n\t\t\t\t\t<\/a>\n\t\t<\/div>\n\t\t\t\t<\/div>\n\t\t\t\t<\/div>\n\t\t\t\t<\/div>\n\t\t\t\t<\/div>\n\t\t\t\t<\/div>\n\t\t","protected":false},"excerpt":{"rendered":"<p>TRATAMIENTOS FACIALES \u00bfQU\u00c9 CONSIGUES CON UN TRATAMIENTO FACIAL? Nuestros tratamientos faciales est\u00e1n dise\u00f1as paraofrecerte mucho m\u00e1s que una experiencia de cuidado de la piel. Te invitamos a embarcarte en un viaje de rejuvenecimiento y revitalizaci\u00f3n.Con un tratamiento facial en Neus Peris conseguir\u00e1s Renovaci\u00f3n profunda, hidrataci\u00f3n intensa,rejuvenecimiento y firmeza y bienestar y relajaci\u00f3n. Trato muy amable [&hellip;]<\/p>\n","protected":false},"author":1,"featured_media":0,"parent":32,"menu_order":0,"comment_status":"closed","ping_status":"closed","template":"","meta":{"footnotes":""},"class_list":["post-44","page","type-page","status-publish","hentry"],"yoast_head":"<!-- This site is optimized with the Yoast SEO plugin v23.5 - https:\/\/yoast.com\/wordpress\/plugins\/seo\/ -->\n<title>Tratamientos faciales - Neus Peris Centro De Est\u00e9tica<\/title>\n<meta name=\"robots\" content=\"noindex, nofollow\" \/>\n<meta property=\"og:locale\" content=\"es_ES\" \/>\n<meta property=\"og:type\" content=\"article\" \/>\n<meta property=\"og:title\" content=\"Tratamientos faciales - Neus Peris Centro De Est\u00e9tica\" \/>\n<meta property=\"og:description\" content=\"TRATAMIENTOS FACIALES \u00bfQU\u00c9 CONSIGUES CON UN TRATAMIENTO FACIAL? Nuestros tratamientos faciales est\u00e1n dise\u00f1as paraofrecerte mucho m\u00e1s que una experiencia de cuidado de la piel. Te invitamos a embarcarte en un viaje de rejuvenecimiento y revitalizaci\u00f3n.Con un tratamiento facial en Neus Peris conseguir\u00e1s Renovaci\u00f3n profunda, hidrataci\u00f3n intensa,rejuvenecimiento y firmeza y bienestar y relajaci\u00f3n. Trato muy amable [&hellip;]\" \/>\n<meta property=\"og:url\" content=\"https:\/\/neusperiscentrodeestetica.com\/index.php\/servicios-estetica-carcaixent\/tratamientos-faciales\/\" \/>\n<meta property=\"og:site_name\" content=\"Neus Peris Centro De Est\u00e9tica\" \/>\n<meta property=\"article:modified_time\" content=\"2026-03-23T09:52:22+00:00\" \/>\n<meta property=\"og:image\" content=\"http:\/\/neusperiscentrodeestetica.com\/wp-content\/uploads\/2024\/03\/22-1024x576.jpg\" \/>\n<meta name=\"twitter:card\" content=\"summary_large_image\" \/>\n<meta name=\"twitter:label1\" content=\"Tiempo de lectura\" \/>\n\t<meta name=\"twitter:data1\" content=\"4 minutos\" \/>\n<script type=\"application\/ld+json\" class=\"yoast-schema-graph\">{\"@context\":\"https:\/\/schema.org\",\"@graph\":[{\"@type\":\"WebPage\",\"@id\":\"https:\/\/neusperiscentrodeestetica.com\/index.php\/servicios-estetica-carcaixent\/tratamientos-faciales\/\",\"url\":\"https:\/\/neusperiscentrodeestetica.com\/index.php\/servicios-estetica-carcaixent\/tratamientos-faciales\/\",\"name\":\"Tratamientos faciales - Neus Peris Centro De Est\u00e9tica\",\"isPartOf\":{\"@id\":\"https:\/\/neusperiscentrodeestetica.com\/#website\"},\"primaryImageOfPage\":{\"@id\":\"https:\/\/neusperiscentrodeestetica.com\/index.php\/servicios-estetica-carcaixent\/tratamientos-faciales\/#primaryimage\"},\"image\":{\"@id\":\"https:\/\/neusperiscentrodeestetica.com\/index.php\/servicios-estetica-carcaixent\/tratamientos-faciales\/#primaryimage\"},\"thumbnailUrl\":\"http:\/\/neusperiscentrodeestetica.com\/wp-content\/uploads\/2024\/03\/22-1024x576.jpg\",\"datePublished\":\"2024-03-06T10:16:14+00:00\",\"dateModified\":\"2026-03-23T09:52:22+00:00\",\"breadcrumb\":{\"@id\":\"https:\/\/neusperiscentrodeestetica.com\/index.php\/servicios-estetica-carcaixent\/tratamientos-faciales\/#breadcrumb\"},\"inLanguage\":\"es\",\"potentialAction\":[{\"@type\":\"ReadAction\",\"target\":[\"https:\/\/neusperiscentrodeestetica.com\/index.php\/servicios-estetica-carcaixent\/tratamientos-faciales\/\"]}]},{\"@type\":\"ImageObject\",\"inLanguage\":\"es\",\"@id\":\"https:\/\/neusperiscentrodeestetica.com\/index.php\/servicios-estetica-carcaixent\/tratamientos-faciales\/#primaryimage\",\"url\":\"http:\/\/neusperiscentrodeestetica.com\/wp-content\/uploads\/2024\/03\/22-1024x576.jpg\",\"contentUrl\":\"http:\/\/neusperiscentrodeestetica.com\/wp-content\/uploads\/2024\/03\/22-1024x576.jpg\"},{\"@type\":\"BreadcrumbList\",\"@id\":\"https:\/\/neusperiscentrodeestetica.com\/index.php\/servicios-estetica-carcaixent\/tratamientos-faciales\/#breadcrumb\",\"itemListElement\":[{\"@type\":\"ListItem\",\"position\":1,\"name\":\"Portada\",\"item\":\"https:\/\/neusperiscentrodeestetica.com\/\"},{\"@type\":\"ListItem\",\"position\":2,\"name\":\"SERVICIOS\",\"item\":\"https:\/\/neusperiscentrodeestetica.com\/index.php\/servicios-estetica-carcaixent\/\"},{\"@type\":\"ListItem\",\"position\":3,\"name\":\"Tratamientos faciales\"}]},{\"@type\":\"WebSite\",\"@id\":\"https:\/\/neusperiscentrodeestetica.com\/#website\",\"url\":\"https:\/\/neusperiscentrodeestetica.com\/\",\"name\":\"Neus Peris Centro De Est\u00e9tica\",\"description\":\"Est&eacute;tica y belleza\",\"potentialAction\":[{\"@type\":\"SearchAction\",\"target\":{\"@type\":\"EntryPoint\",\"urlTemplate\":\"https:\/\/neusperiscentrodeestetica.com\/?s={search_term_string}\"},\"query-input\":{\"@type\":\"PropertyValueSpecification\",\"valueRequired\":true,\"valueName\":\"search_term_string\"}}],\"inLanguage\":\"es\"}]}<\/script>\n<!-- \/ Yoast SEO plugin. -->","yoast_head_json":{"title":"Tratamientos faciales - Neus Peris Centro De Est\u00e9tica","robots":{"index":"noindex","follow":"nofollow"},"og_locale":"es_ES","og_type":"article","og_title":"Tratamientos faciales - Neus Peris Centro De Est\u00e9tica","og_description":"TRATAMIENTOS FACIALES \u00bfQU\u00c9 CONSIGUES CON UN TRATAMIENTO FACIAL? Nuestros tratamientos faciales est\u00e1n dise\u00f1as paraofrecerte mucho m\u00e1s que una experiencia de cuidado de la piel. Te invitamos a embarcarte en un viaje de rejuvenecimiento y revitalizaci\u00f3n.Con un tratamiento facial en Neus Peris conseguir\u00e1s Renovaci\u00f3n profunda, hidrataci\u00f3n intensa,rejuvenecimiento y firmeza y bienestar y relajaci\u00f3n. Trato muy amable [&hellip;]","og_url":"https:\/\/neusperiscentrodeestetica.com\/index.php\/servicios-estetica-carcaixent\/tratamientos-faciales\/","og_site_name":"Neus Peris Centro De Est\u00e9tica","article_modified_time":"2026-03-23T09:52:22+00:00","og_image":[{"url":"http:\/\/neusperiscentrodeestetica.com\/wp-content\/uploads\/2024\/03\/22-1024x576.jpg"}],"twitter_card":"summary_large_image","twitter_misc":{"Tiempo de lectura":"4 minutos"},"schema":{"@context":"https:\/\/schema.org","@graph":[{"@type":"WebPage","@id":"https:\/\/neusperiscentrodeestetica.com\/index.php\/servicios-estetica-carcaixent\/tratamientos-faciales\/","url":"https:\/\/neusperiscentrodeestetica.com\/index.php\/servicios-estetica-carcaixent\/tratamientos-faciales\/","name":"Tratamientos faciales - Neus Peris Centro De Est\u00e9tica","isPartOf":{"@id":"https:\/\/neusperiscentrodeestetica.com\/#website"},"primaryImageOfPage":{"@id":"https:\/\/neusperiscentrodeestetica.com\/index.php\/servicios-estetica-carcaixent\/tratamientos-faciales\/#primaryimage"},"image":{"@id":"https:\/\/neusperiscentrodeestetica.com\/index.php\/servicios-estetica-carcaixent\/tratamientos-faciales\/#primaryimage"},"thumbnailUrl":"http:\/\/neusperiscentrodeestetica.com\/wp-content\/uploads\/2024\/03\/22-1024x576.jpg","datePublished":"2024-03-06T10:16:14+00:00","dateModified":"2026-03-23T09:52:22+00:00","breadcrumb":{"@id":"https:\/\/neusperiscentrodeestetica.com\/index.php\/servicios-estetica-carcaixent\/tratamientos-faciales\/#breadcrumb"},"inLanguage":"es","potentialAction":[{"@type":"ReadAction","target":["https:\/\/neusperiscentrodeestetica.com\/index.php\/servicios-estetica-carcaixent\/tratamientos-faciales\/"]}]},{"@type":"ImageObject","inLanguage":"es","@id":"https:\/\/neusperiscentrodeestetica.com\/index.php\/servicios-estetica-carcaixent\/tratamientos-faciales\/#primaryimage","url":"http:\/\/neusperiscentrodeestetica.com\/wp-content\/uploads\/2024\/03\/22-1024x576.jpg","contentUrl":"http:\/\/neusperiscentrodeestetica.com\/wp-content\/uploads\/2024\/03\/22-1024x576.jpg"},{"@type":"BreadcrumbList","@id":"https:\/\/neusperiscentrodeestetica.com\/index.php\/servicios-estetica-carcaixent\/tratamientos-faciales\/#breadcrumb","itemListElement":[{"@type":"ListItem","position":1,"name":"Portada","item":"https:\/\/neusperiscentrodeestetica.com\/"},{"@type":"ListItem","position":2,"name":"SERVICIOS","item":"https:\/\/neusperiscentrodeestetica.com\/index.php\/servicios-estetica-carcaixent\/"},{"@type":"ListItem","position":3,"name":"Tratamientos faciales"}]},{"@type":"WebSite","@id":"https:\/\/neusperiscentrodeestetica.com\/#website","url":"https:\/\/neusperiscentrodeestetica.com\/","name":"Neus Peris Centro De Est\u00e9tica","description":"Est&eacute;tica y belleza","potentialAction":[{"@type":"SearchAction","target":{"@type":"EntryPoint","urlTemplate":"https:\/\/neusperiscentrodeestetica.com\/?s={search_term_string}"},"query-input":{"@type":"PropertyValueSpecification","valueRequired":true,"valueName":"search_term_string"}}],"inLanguage":"es"}]}},"_links":{"self":[{"href":"https:\/\/neusperiscentrodeestetica.com\/index.php\/wp-json\/wp\/v2\/pages\/44","targetHints":{"allow":["GET"]}}],"collection":[{"href":"https:\/\/neusperiscentrodeestetica.com\/index.php\/wp-json\/wp\/v2\/pages"}],"about":[{"href":"https:\/\/neusperiscentrodeestetica.com\/index.php\/wp-json\/wp\/v2\/types\/page"}],"author":[{"embeddable":true,"href":"https:\/\/neusperiscentrodeestetica.com\/index.php\/wp-json\/wp\/v2\/users\/1"}],"replies":[{"embeddable":true,"href":"https:\/\/neusperiscentrodeestetica.com\/index.php\/wp-json\/wp\/v2\/comments?post=44"}],"version-history":[{"count":55,"href":"https:\/\/neusperiscentrodeestetica.com\/index.php\/wp-json\/wp\/v2\/pages\/44\/revisions"}],"predecessor-version":[{"id":1316,"href":"https:\/\/neusperiscentrodeestetica.com\/index.php\/wp-json\/wp\/v2\/pages\/44\/revisions\/1316"}],"up":[{"embeddable":true,"href":"https:\/\/neusperiscentrodeestetica.com\/index.php\/wp-json\/wp\/v2\/pages\/32"}],"wp:attachment":[{"href":"https:\/\/neusperiscentrodeestetica.com\/index.php\/wp-json\/wp\/v2\/media?parent=44"}],"curies":[{"name":"wp","href":"https:\/\/api.w.org\/{rel}","templated":true}]}}