{"id":46,"date":"2024-03-06T10:17:39","date_gmt":"2024-03-06T10:17:39","guid":{"rendered":"http:\/\/neusperiscentrodeestetica.com\/?page_id=46"},"modified":"2026-03-23T11:50:12","modified_gmt":"2026-03-23T11:50:12","slug":"tratamientos-corporales","status":"publish","type":"page","link":"https:\/\/neusperiscentrodeestetica.com\/index.php\/servicios-estetica-carcaixent\/tratamientos-corporales\/","title":{"rendered":"Tratamientos corporales"},"content":{"rendered":"\t\t<div data-elementor-type=\"wp-page\" data-elementor-id=\"46\" class=\"elementor elementor-46\">\n\t\t\t\t<div class=\"elementor-element elementor-element-7462bbf e-con-full e-flex e-con e-parent\" data-id=\"7462bbf\" data-element_type=\"container\">\n\t\t\t\t<\/div>\n\t\t<div class=\"elementor-element elementor-element-e29dca0 e-con-full e-flex e-con e-parent\" data-id=\"e29dca0\" data-element_type=\"container\" data-settings=\"{&quot;background_background&quot;:&quot;classic&quot;}\">\n\t\t\t\t<div class=\"elementor-element elementor-element-eb2572a elementor-widget elementor-widget-heading\" data-id=\"eb2572a\" data-element_type=\"widget\" data-widget_type=\"heading.default\">\n\t\t\t\t<div class=\"elementor-widget-container\">\n\t\t\t<h2 class=\"elementor-heading-title elementor-size-default\">TRATAMIENTOS CORPORALES<\/h2>\t\t<\/div>\n\t\t\t\t<\/div>\n\t\t\t\t<\/div>\n\t\t<div class=\"elementor-element elementor-element-2057a25 e-con-full e-flex e-con e-parent\" data-id=\"2057a25\" data-element_type=\"container\" data-settings=\"{&quot;background_background&quot;:&quot;classic&quot;}\">\n\t\t<div class=\"elementor-element elementor-element-172f899 e-con-full e-flex e-con e-child\" data-id=\"172f899\" data-element_type=\"container\">\n\t\t\t\t<div class=\"elementor-element elementor-element-83b631c elementor-invisible elementor-widget elementor-widget-heading\" data-id=\"83b631c\" data-element_type=\"widget\" data-settings=\"{&quot;_animation&quot;:&quot;fadeInUp&quot;}\" data-widget_type=\"heading.default\">\n\t\t\t\t<div class=\"elementor-widget-container\">\n\t\t\t<h2 class=\"elementor-heading-title elementor-size-default\">\u00bfQU\u00c9 CONSIGUES CON UN TRATAMIENTO CORPORAL?<\/h2>\t\t<\/div>\n\t\t\t\t<\/div>\n\t\t\t\t<div class=\"elementor-element elementor-element-26cb869 elementor-widget__width-initial elementor-widget-tablet_extra__width-initial elementor-invisible elementor-widget elementor-widget-text-editor\" data-id=\"26cb869\" data-element_type=\"widget\" data-settings=\"{&quot;_animation&quot;:&quot;fadeInUp&quot;}\" data-widget_type=\"text-editor.default\">\n\t\t\t\t<div class=\"elementor-widget-container\">\n\t\t\t\t\t\t\t<p>Nuestros tratamientos corporales van m\u00e1s all\u00e1 de la est\u00e9tica superficial, ofreci\u00e9ndote<br \/>una <em><strong>experiencia hol\u00edstica<\/strong> <\/em>que revitaliza tu cuerpo, mente y esp\u00edritu. <br \/>Con un tratamiento corporal en<em><strong> Neus Peris<\/strong><\/em> conseguir\u00e1s: <br \/><em><strong>Remodelaci\u00f3n, tonificaci\u00f3n, detoxificaci\u00f3n, hidrataci\u00f3n y relajaci\u00f3n profunda.<\/strong><\/em><\/p>\t\t\t\t\t\t<\/div>\n\t\t\t\t<\/div>\n\t\t\t\t<\/div>\n\t\t\t\t<\/div>\n\t\t<div class=\"elementor-element elementor-element-f079219 e-con-full e-flex e-con e-parent\" data-id=\"f079219\" data-element_type=\"container\" data-settings=\"{&quot;background_background&quot;:&quot;classic&quot;}\">\n\t\t\t\t<div class=\"elementor-element elementor-element-49cfa13 elementor-widget elementor-widget-testimonial\" data-id=\"49cfa13\" data-element_type=\"widget\" data-widget_type=\"testimonial.default\">\n\t\t\t\t<div class=\"elementor-widget-container\">\n\t\t\t\t\t<div class=\"elementor-testimonial-wrapper\">\n\t\t\t\t\t\t\t<div class=\"elementor-testimonial-content\">Me encant\u00f3 el trato y el resultado, unas profesionales.<\/div>\n\t\t\t\n\t\t\t\t\t\t<div class=\"elementor-testimonial-meta\">\n\t\t\t\t<div class=\"elementor-testimonial-meta-inner\">\n\t\t\t\t\t\n\t\t\t\t\t\t\t\t\t\t<div class=\"elementor-testimonial-details\">\n\t\t\t\t\t\t\t\t\t\t\t\t\t\t\t\t\t\t\t\t<div class=\"elementor-testimonial-job\">MIRIAM P.<\/div>\n\t\t\t\t\t\t\t\t\t\t\t\t\t<\/div>\n\t\t\t\t\t\t\t\t\t<\/div>\n\t\t\t<\/div>\n\t\t\t\t\t<\/div>\n\t\t\t\t<\/div>\n\t\t\t\t<\/div>\n\t\t\t\t<\/div>\n\t\t<div class=\"elementor-element elementor-element-d405756 e-con-full e-flex e-con e-parent\" data-id=\"d405756\" data-element_type=\"container\">\n\t\t<div class=\"elementor-element elementor-element-24776d1 e-con-full e-flex e-con e-child\" data-id=\"24776d1\" data-element_type=\"container\">\n\t\t\t\t<div class=\"elementor-element elementor-element-0a5196c elementor-widget-mobile__width-initial elementor-widget elementor-widget-image\" data-id=\"0a5196c\" data-element_type=\"widget\" data-widget_type=\"image.default\">\n\t\t\t\t<div class=\"elementor-widget-container\">\n\t\t\t\t\t\t\t\t\t\t\t\t\t<img fetchpriority=\"high\" decoding=\"async\" width=\"576\" height=\"1024\" src=\"https:\/\/neusperiscentrodeestetica.com\/wp-content\/uploads\/2024\/04\/17-1-576x1024.jpg\" class=\"attachment-large size-large wp-image-305\" alt=\"\" srcset=\"https:\/\/neusperiscentrodeestetica.com\/wp-content\/uploads\/2024\/04\/17-1-576x1024.jpg 576w, https:\/\/neusperiscentrodeestetica.com\/wp-content\/uploads\/2024\/04\/17-1-169x300.jpg 169w, https:\/\/neusperiscentrodeestetica.com\/wp-content\/uploads\/2024\/04\/17-1-768x1365.jpg 768w, https:\/\/neusperiscentrodeestetica.com\/wp-content\/uploads\/2024\/04\/17-1-864x1536.jpg 864w, https:\/\/neusperiscentrodeestetica.com\/wp-content\/uploads\/2024\/04\/17-1.jpg 1080w\" sizes=\"(max-width: 576px) 100vw, 576px\" \/>\t\t\t\t\t\t\t\t\t\t\t\t\t<\/div>\n\t\t\t\t<\/div>\n\t\t\t\t<\/div>\n\t\t<div class=\"elementor-element elementor-element-f42003a e-con-full e-flex e-con e-child\" data-id=\"f42003a\" data-element_type=\"container\">\n\t\t\t\t<div class=\"elementor-element elementor-element-0f439a3 elementor-widget elementor-widget-heading\" data-id=\"0f439a3\" data-element_type=\"widget\" data-widget_type=\"heading.default\">\n\t\t\t\t<div class=\"elementor-widget-container\">\n\t\t\t<h2 class=\"elementor-heading-title elementor-size-default\">BRUMAS DEL MEDITERR\u00c1NEO<\/h2>\t\t<\/div>\n\t\t\t\t<\/div>\n\t\t\t\t<div class=\"elementor-element elementor-element-4f33957 elementor-widget elementor-widget-text-editor\" data-id=\"4f33957\" data-element_type=\"widget\" data-widget_type=\"text-editor.default\">\n\t\t\t\t<div class=\"elementor-widget-container\">\n\t\t\t\t\t\t\t<p style=\"text-align: center;\">Se trata de un <em><strong>ritual sensorial, arom\u00e1tico y relajante<\/strong><\/em>, que nos transporta a la frescura\u00a0<span style=\"letter-spacing: 0px;\">y la paz de la costa mediterr\u00e1nea.<\/span><\/p><p><span style=\"letter-spacing: 0px;\">\u00a0Una exfoliaci\u00f3n corporal que te har\u00e1 estar en un\u00a0<\/span><span style=\"letter-spacing: 0px;\"><em><strong>completo relax y bienestar<\/strong><\/em> con sus aromas a naranja y lavanda.<\/span><\/p>\t\t\t\t\t\t<\/div>\n\t\t\t\t<\/div>\n\t\t\t\t<div class=\"elementor-element elementor-element-296f64f elementor-align-center elementor-widget elementor-widget-button\" data-id=\"296f64f\" data-element_type=\"widget\" data-widget_type=\"button.default\">\n\t\t\t\t<div class=\"elementor-widget-container\">\n\t\t\t\t\t<div class=\"elementor-button-wrapper\">\n\t\t\t<a class=\"elementor-button elementor-button-link elementor-size-sm elementor-animation-bob\" href=\"https:\/\/booksy.com\/es-es\/5135_neus-peris-ungles-i-estetica_salon-de-unas_57723_carcaixent?do=invite#ba_s=dl_1\" target=\"_blank\">\n\t\t\t\t\t\t<span class=\"elementor-button-content-wrapper\">\n\t\t\t\t\t\t\t\t\t<span class=\"elementor-button-text\">RESERVAR CITA<\/span>\n\t\t\t\t\t<\/span>\n\t\t\t\t\t<\/a>\n\t\t<\/div>\n\t\t\t\t<\/div>\n\t\t\t\t<\/div>\n\t\t\t\t<\/div>\n\t\t\t\t<\/div>\n\t\t<div class=\"elementor-element elementor-element-37028b5 e-con-full e-flex e-con e-parent\" data-id=\"37028b5\" data-element_type=\"container\" data-settings=\"{&quot;background_background&quot;:&quot;classic&quot;}\">\n\t\t<div class=\"elementor-element elementor-element-01ca0ee e-con-full e-flex e-con e-child\" data-id=\"01ca0ee\" data-element_type=\"container\">\n\t\t\t\t<div class=\"elementor-element elementor-element-80a70dc elementor-widget elementor-widget-image\" data-id=\"80a70dc\" data-element_type=\"widget\" data-widget_type=\"image.default\">\n\t\t\t\t<div class=\"elementor-widget-container\">\n\t\t\t\t\t\t\t\t\t\t\t\t\t<img decoding=\"async\" width=\"576\" height=\"1024\" src=\"https:\/\/neusperiscentrodeestetica.com\/wp-content\/uploads\/2024\/04\/8-576x1024.jpg\" class=\"attachment-large size-large wp-image-303\" alt=\"\" srcset=\"https:\/\/neusperiscentrodeestetica.com\/wp-content\/uploads\/2024\/04\/8-576x1024.jpg 576w, https:\/\/neusperiscentrodeestetica.com\/wp-content\/uploads\/2024\/04\/8-169x300.jpg 169w, https:\/\/neusperiscentrodeestetica.com\/wp-content\/uploads\/2024\/04\/8-768x1365.jpg 768w, https:\/\/neusperiscentrodeestetica.com\/wp-content\/uploads\/2024\/04\/8-864x1536.jpg 864w, https:\/\/neusperiscentrodeestetica.com\/wp-content\/uploads\/2024\/04\/8.jpg 1080w\" sizes=\"(max-width: 576px) 100vw, 576px\" \/>\t\t\t\t\t\t\t\t\t\t\t\t\t<\/div>\n\t\t\t\t<\/div>\n\t\t\t\t<\/div>\n\t\t<div class=\"elementor-element elementor-element-fdd7630 e-con-full e-flex e-con e-child\" data-id=\"fdd7630\" data-element_type=\"container\">\n\t\t\t\t<div class=\"elementor-element elementor-element-a235942 elementor-widget elementor-widget-heading\" data-id=\"a235942\" data-element_type=\"widget\" data-widget_type=\"heading.default\">\n\t\t\t\t<div class=\"elementor-widget-container\">\n\t\t\t<h2 class=\"elementor-heading-title elementor-size-default\">MADEROTERAPIA<\/h2>\t\t<\/div>\n\t\t\t\t<\/div>\n\t\t\t\t<div class=\"elementor-element elementor-element-2324af4 elementor-widget-mobile__width-initial elementor-widget elementor-widget-text-editor\" data-id=\"2324af4\" data-element_type=\"widget\" data-widget_type=\"text-editor.default\">\n\t\t\t\t<div class=\"elementor-widget-container\">\n\t\t\t\t\t\t\t<p style=\"text-align: center;\">Descubre el poder de la madera para reconectar con tu cuerpo. A trav\u00e9s de este masaje ancestral con piezas de madera dise\u00f1adas para adaptarse a tus curvas, trabajamos los tejidos m\u00e1s profundos de forma natural. Es el <em><strong>aliado perfecto para suavizar la celulitis, activar tu circulaci\u00f3n y devolverle la firmeza a tu piel.<\/strong><\/em> Un ritual que no solo moldea tu figura, sino que<em><strong> te libera de tensiones y te deja una sensaci\u00f3n de ligereza incre\u00edble.<\/strong><\/em><\/p>\t\t\t\t\t\t<\/div>\n\t\t\t\t<\/div>\n\t\t\t\t<div class=\"elementor-element elementor-element-519e929 elementor-align-center elementor-widget elementor-widget-button\" data-id=\"519e929\" data-element_type=\"widget\" data-widget_type=\"button.default\">\n\t\t\t\t<div class=\"elementor-widget-container\">\n\t\t\t\t\t<div class=\"elementor-button-wrapper\">\n\t\t\t<a class=\"elementor-button elementor-button-link elementor-size-sm elementor-animation-bob\" href=\"https:\/\/booksy.com\/es-es\/5135_neus-peris-ungles-i-estetica_salon-de-unas_57723_carcaixent?do=invite#ba_s=dl_1\" target=\"_blank\">\n\t\t\t\t\t\t<span class=\"elementor-button-content-wrapper\">\n\t\t\t\t\t\t\t\t\t<span class=\"elementor-button-text\">RESERVAR CITA<\/span>\n\t\t\t\t\t<\/span>\n\t\t\t\t\t<\/a>\n\t\t<\/div>\n\t\t\t\t<\/div>\n\t\t\t\t<\/div>\n\t\t\t\t<\/div>\n\t\t\t\t<\/div>\n\t\t<div class=\"elementor-element elementor-element-22ab2b9 e-con-full e-flex e-con e-parent\" data-id=\"22ab2b9\" data-element_type=\"container\">\n\t\t<div class=\"elementor-element elementor-element-91f6374 e-con-full e-flex e-con e-child\" data-id=\"91f6374\" data-element_type=\"container\">\n\t\t\t\t<div class=\"elementor-element elementor-element-8cd1255 elementor-widget elementor-widget-image\" data-id=\"8cd1255\" data-element_type=\"widget\" data-widget_type=\"image.default\">\n\t\t\t\t<div class=\"elementor-widget-container\">\n\t\t\t\t\t\t\t\t\t\t\t\t\t<img decoding=\"async\" width=\"576\" height=\"1024\" src=\"https:\/\/neusperiscentrodeestetica.com\/wp-content\/uploads\/2024\/04\/12-1-576x1024.jpg\" class=\"attachment-large size-large wp-image-342\" alt=\"centro de belleza en Carcaixent\" srcset=\"https:\/\/neusperiscentrodeestetica.com\/wp-content\/uploads\/2024\/04\/12-1-576x1024.jpg 576w, https:\/\/neusperiscentrodeestetica.com\/wp-content\/uploads\/2024\/04\/12-1-169x300.jpg 169w, https:\/\/neusperiscentrodeestetica.com\/wp-content\/uploads\/2024\/04\/12-1-768x1365.jpg 768w, https:\/\/neusperiscentrodeestetica.com\/wp-content\/uploads\/2024\/04\/12-1-864x1536.jpg 864w, https:\/\/neusperiscentrodeestetica.com\/wp-content\/uploads\/2024\/04\/12-1.jpg 1080w\" sizes=\"(max-width: 576px) 100vw, 576px\" \/>\t\t\t\t\t\t\t\t\t\t\t\t\t<\/div>\n\t\t\t\t<\/div>\n\t\t\t\t<\/div>\n\t\t<div class=\"elementor-element elementor-element-5df981c e-con-full e-flex e-con e-child\" data-id=\"5df981c\" data-element_type=\"container\">\n\t\t\t\t<div class=\"elementor-element elementor-element-a9e3f33 elementor-widget elementor-widget-heading\" data-id=\"a9e3f33\" data-element_type=\"widget\" data-widget_type=\"heading.default\">\n\t\t\t\t<div class=\"elementor-widget-container\">\n\t\t\t<h2 class=\"elementor-heading-title elementor-size-default\">ONIX CORPORAL<\/h2>\t\t<\/div>\n\t\t\t\t<\/div>\n\t\t\t\t<div class=\"elementor-element elementor-element-aae0704 elementor-widget elementor-widget-text-editor\" data-id=\"aae0704\" data-element_type=\"widget\" data-widget_type=\"text-editor.default\">\n\t\t\t\t<div class=\"elementor-widget-container\">\n\t\t\t\t\t\t\t<p style=\"text-align: center;\">Dale a tu cuerpo el mimo que se merece con nuestra <em><strong>radiofrecuencia corporal.<\/strong><\/em> Un tratamiento relajante y eficaz dise\u00f1ado para<em><strong> reafirmar, moldear y devolverle la jugosidad a tu piel.<\/strong><\/em> <em><strong>Reactivamos tu elastina<\/strong><\/em> de forma natural para que veas resultados reales en firmeza y volumen. Es hora de volver a enamorarte de tu silueta; reserva tu cita y siente la diferencia desde la primera sesi\u00f3n.<\/p>\t\t\t\t\t\t<\/div>\n\t\t\t\t<\/div>\n\t\t\t\t<div class=\"elementor-element elementor-element-f46e9dd elementor-align-center elementor-widget elementor-widget-button\" data-id=\"f46e9dd\" data-element_type=\"widget\" data-widget_type=\"button.default\">\n\t\t\t\t<div class=\"elementor-widget-container\">\n\t\t\t\t\t<div class=\"elementor-button-wrapper\">\n\t\t\t<a class=\"elementor-button elementor-button-link elementor-size-sm elementor-animation-bob\" href=\"https:\/\/booksy.com\/es-es\/5135_neus-peris-ungles-i-estetica_salon-de-unas_57723_carcaixent?do=invite#ba_s=dl_1\" target=\"_blank\">\n\t\t\t\t\t\t<span class=\"elementor-button-content-wrapper\">\n\t\t\t\t\t\t\t\t\t<span class=\"elementor-button-text\">RESERVAR CITA<\/span>\n\t\t\t\t\t<\/span>\n\t\t\t\t\t<\/a>\n\t\t<\/div>\n\t\t\t\t<\/div>\n\t\t\t\t<\/div>\n\t\t\t\t<\/div>\n\t\t\t\t<\/div>\n\t\t<div class=\"elementor-element elementor-element-93e311e e-con-full e-flex e-con e-parent\" data-id=\"93e311e\" data-element_type=\"container\" data-settings=\"{&quot;background_background&quot;:&quot;classic&quot;}\">\n\t\t<div class=\"elementor-element elementor-element-91f18cf e-con-full e-flex e-con e-child\" data-id=\"91f18cf\" data-element_type=\"container\">\n\t\t\t\t<div class=\"elementor-element elementor-element-1f1b266 elementor-widget elementor-widget-image\" data-id=\"1f1b266\" data-element_type=\"widget\" data-widget_type=\"image.default\">\n\t\t\t\t<div class=\"elementor-widget-container\">\n\t\t\t\t\t\t\t\t\t\t\t\t\t<img loading=\"lazy\" decoding=\"async\" width=\"576\" height=\"1024\" src=\"https:\/\/neusperiscentrodeestetica.com\/wp-content\/uploads\/2024\/04\/1-576x1024.jpg\" class=\"attachment-large size-large wp-image-343\" alt=\"\" srcset=\"https:\/\/neusperiscentrodeestetica.com\/wp-content\/uploads\/2024\/04\/1-576x1024.jpg 576w, https:\/\/neusperiscentrodeestetica.com\/wp-content\/uploads\/2024\/04\/1-169x300.jpg 169w, https:\/\/neusperiscentrodeestetica.com\/wp-content\/uploads\/2024\/04\/1-768x1365.jpg 768w, https:\/\/neusperiscentrodeestetica.com\/wp-content\/uploads\/2024\/04\/1-864x1536.jpg 864w, https:\/\/neusperiscentrodeestetica.com\/wp-content\/uploads\/2024\/04\/1.jpg 1080w\" sizes=\"(max-width: 576px) 100vw, 576px\" \/>\t\t\t\t\t\t\t\t\t\t\t\t\t<\/div>\n\t\t\t\t<\/div>\n\t\t\t\t<\/div>\n\t\t<div class=\"elementor-element elementor-element-243fbca e-con-full e-flex e-con e-child\" data-id=\"243fbca\" data-element_type=\"container\">\n\t\t\t\t<div class=\"elementor-element elementor-element-141411e elementor-widget elementor-widget-heading\" data-id=\"141411e\" data-element_type=\"widget\" data-widget_type=\"heading.default\">\n\t\t\t\t<div class=\"elementor-widget-container\">\n\t\t\t<h2 class=\"elementor-heading-title elementor-size-default\">PRESOTERAPIA<\/h2>\t\t<\/div>\n\t\t\t\t<\/div>\n\t\t\t\t<div class=\"elementor-element elementor-element-c9d1be6 elementor-widget elementor-widget-text-editor\" data-id=\"c9d1be6\" data-element_type=\"widget\" data-widget_type=\"text-editor.default\">\n\t\t\t\t<div class=\"elementor-widget-container\">\n\t\t\t\t\t\t\t<p style=\"text-align: center;\"><em><strong>\u00bfPiernas cansadas o hinchadas al final del d\u00eda?<\/strong><\/em>\u00a0La presoterapia es ese <em><strong>&#8216;reset&#8217;<\/strong><\/em> que tu cuerpo te est\u00e1 pidiendo a gritos. A trav\u00e9s de un masaje de compresi\u00f3n muy agradable, ayudamos a tu sistema linf\u00e1tico a ponerse en marcha, eliminando la retenci\u00f3n de l\u00edquidos y esa sensaci\u00f3n de fatiga. Te tumbas, te relajas y, al terminar&#8230; <em><strong>\u00a1hola, ligereza! Es pura magia para tu bienestar.<\/strong><\/em><\/p>\t\t\t\t\t\t<\/div>\n\t\t\t\t<\/div>\n\t\t\t\t<div class=\"elementor-element elementor-element-c96a12b elementor-align-center elementor-widget elementor-widget-button\" data-id=\"c96a12b\" data-element_type=\"widget\" data-widget_type=\"button.default\">\n\t\t\t\t<div class=\"elementor-widget-container\">\n\t\t\t\t\t<div class=\"elementor-button-wrapper\">\n\t\t\t<a class=\"elementor-button elementor-button-link elementor-size-sm elementor-animation-bob\" href=\"https:\/\/booksy.com\/es-es\/5135_neus-peris-ungles-i-estetica_salon-de-unas_57723_carcaixent?do=invite#ba_s=dl_1\" target=\"_blank\">\n\t\t\t\t\t\t<span class=\"elementor-button-content-wrapper\">\n\t\t\t\t\t\t\t\t\t<span class=\"elementor-button-text\">RESERVAR CITA<\/span>\n\t\t\t\t\t<\/span>\n\t\t\t\t\t<\/a>\n\t\t<\/div>\n\t\t\t\t<\/div>\n\t\t\t\t<\/div>\n\t\t\t\t<\/div>\n\t\t\t\t<\/div>\n\t\t\t\t<\/div>\n\t\t","protected":false},"excerpt":{"rendered":"<p>TRATAMIENTOS CORPORALES \u00bfQU\u00c9 CONSIGUES CON UN TRATAMIENTO CORPORAL? Nuestros tratamientos corporales van m\u00e1s all\u00e1 de la est\u00e9tica superficial, ofreci\u00e9ndoteuna experiencia hol\u00edstica que revitaliza tu cuerpo, mente y esp\u00edritu. Con un tratamiento corporal en Neus Peris conseguir\u00e1s: Remodelaci\u00f3n, tonificaci\u00f3n, detoxificaci\u00f3n, hidrataci\u00f3n y relajaci\u00f3n profunda. Me encant\u00f3 el trato y el resultado, unas profesionales. MIRIAM P. BRUMAS [&hellip;]<\/p>\n","protected":false},"author":1,"featured_media":0,"parent":32,"menu_order":0,"comment_status":"closed","ping_status":"closed","template":"","meta":{"footnotes":""},"class_list":["post-46","page","type-page","status-publish","hentry"],"yoast_head":"<!-- This site is optimized with the Yoast SEO plugin v23.5 - https:\/\/yoast.com\/wordpress\/plugins\/seo\/ -->\n<title>Tratamientos corporales - Neus Peris Centro De Est\u00e9tica<\/title>\n<meta name=\"robots\" content=\"noindex, nofollow\" \/>\n<meta property=\"og:locale\" content=\"es_ES\" \/>\n<meta property=\"og:type\" content=\"article\" \/>\n<meta property=\"og:title\" content=\"Tratamientos corporales - Neus Peris Centro De Est\u00e9tica\" \/>\n<meta property=\"og:description\" content=\"TRATAMIENTOS CORPORALES \u00bfQU\u00c9 CONSIGUES CON UN TRATAMIENTO CORPORAL? Nuestros tratamientos corporales van m\u00e1s all\u00e1 de la est\u00e9tica superficial, ofreci\u00e9ndoteuna experiencia hol\u00edstica que revitaliza tu cuerpo, mente y esp\u00edritu. Con un tratamiento corporal en Neus Peris conseguir\u00e1s: Remodelaci\u00f3n, tonificaci\u00f3n, detoxificaci\u00f3n, hidrataci\u00f3n y relajaci\u00f3n profunda. Me encant\u00f3 el trato y el resultado, unas profesionales. MIRIAM P. BRUMAS [&hellip;]\" \/>\n<meta property=\"og:url\" content=\"https:\/\/neusperiscentrodeestetica.com\/index.php\/servicios-estetica-carcaixent\/tratamientos-corporales\/\" \/>\n<meta property=\"og:site_name\" content=\"Neus Peris Centro De Est\u00e9tica\" \/>\n<meta property=\"article:modified_time\" content=\"2026-03-23T11:50:12+00:00\" \/>\n<meta property=\"og:image\" content=\"http:\/\/neusperiscentrodeestetica.com\/wp-content\/uploads\/2024\/04\/17-1-576x1024.jpg\" \/>\n<meta name=\"twitter:card\" content=\"summary_large_image\" \/>\n<meta name=\"twitter:label1\" content=\"Tiempo de lectura\" \/>\n\t<meta name=\"twitter:data1\" content=\"3 minutos\" \/>\n<script type=\"application\/ld+json\" class=\"yoast-schema-graph\">{\"@context\":\"https:\/\/schema.org\",\"@graph\":[{\"@type\":\"WebPage\",\"@id\":\"https:\/\/neusperiscentrodeestetica.com\/index.php\/servicios-estetica-carcaixent\/tratamientos-corporales\/\",\"url\":\"https:\/\/neusperiscentrodeestetica.com\/index.php\/servicios-estetica-carcaixent\/tratamientos-corporales\/\",\"name\":\"Tratamientos corporales - Neus Peris Centro De Est\u00e9tica\",\"isPartOf\":{\"@id\":\"https:\/\/neusperiscentrodeestetica.com\/#website\"},\"primaryImageOfPage\":{\"@id\":\"https:\/\/neusperiscentrodeestetica.com\/index.php\/servicios-estetica-carcaixent\/tratamientos-corporales\/#primaryimage\"},\"image\":{\"@id\":\"https:\/\/neusperiscentrodeestetica.com\/index.php\/servicios-estetica-carcaixent\/tratamientos-corporales\/#primaryimage\"},\"thumbnailUrl\":\"http:\/\/neusperiscentrodeestetica.com\/wp-content\/uploads\/2024\/04\/17-1-576x1024.jpg\",\"datePublished\":\"2024-03-06T10:17:39+00:00\",\"dateModified\":\"2026-03-23T11:50:12+00:00\",\"breadcrumb\":{\"@id\":\"https:\/\/neusperiscentrodeestetica.com\/index.php\/servicios-estetica-carcaixent\/tratamientos-corporales\/#breadcrumb\"},\"inLanguage\":\"es\",\"potentialAction\":[{\"@type\":\"ReadAction\",\"target\":[\"https:\/\/neusperiscentrodeestetica.com\/index.php\/servicios-estetica-carcaixent\/tratamientos-corporales\/\"]}]},{\"@type\":\"ImageObject\",\"inLanguage\":\"es\",\"@id\":\"https:\/\/neusperiscentrodeestetica.com\/index.php\/servicios-estetica-carcaixent\/tratamientos-corporales\/#primaryimage\",\"url\":\"http:\/\/neusperiscentrodeestetica.com\/wp-content\/uploads\/2024\/04\/17-1-576x1024.jpg\",\"contentUrl\":\"http:\/\/neusperiscentrodeestetica.com\/wp-content\/uploads\/2024\/04\/17-1-576x1024.jpg\"},{\"@type\":\"BreadcrumbList\",\"@id\":\"https:\/\/neusperiscentrodeestetica.com\/index.php\/servicios-estetica-carcaixent\/tratamientos-corporales\/#breadcrumb\",\"itemListElement\":[{\"@type\":\"ListItem\",\"position\":1,\"name\":\"Portada\",\"item\":\"https:\/\/neusperiscentrodeestetica.com\/\"},{\"@type\":\"ListItem\",\"position\":2,\"name\":\"SERVICIOS\",\"item\":\"https:\/\/neusperiscentrodeestetica.com\/index.php\/servicios-estetica-carcaixent\/\"},{\"@type\":\"ListItem\",\"position\":3,\"name\":\"Tratamientos corporales\"}]},{\"@type\":\"WebSite\",\"@id\":\"https:\/\/neusperiscentrodeestetica.com\/#website\",\"url\":\"https:\/\/neusperiscentrodeestetica.com\/\",\"name\":\"Neus Peris Centro De Est\u00e9tica\",\"description\":\"Est&eacute;tica y belleza\",\"potentialAction\":[{\"@type\":\"SearchAction\",\"target\":{\"@type\":\"EntryPoint\",\"urlTemplate\":\"https:\/\/neusperiscentrodeestetica.com\/?s={search_term_string}\"},\"query-input\":{\"@type\":\"PropertyValueSpecification\",\"valueRequired\":true,\"valueName\":\"search_term_string\"}}],\"inLanguage\":\"es\"}]}<\/script>\n<!-- \/ Yoast SEO plugin. -->","yoast_head_json":{"title":"Tratamientos corporales - Neus Peris Centro De Est\u00e9tica","robots":{"index":"noindex","follow":"nofollow"},"og_locale":"es_ES","og_type":"article","og_title":"Tratamientos corporales - Neus Peris Centro De Est\u00e9tica","og_description":"TRATAMIENTOS CORPORALES \u00bfQU\u00c9 CONSIGUES CON UN TRATAMIENTO CORPORAL? Nuestros tratamientos corporales van m\u00e1s all\u00e1 de la est\u00e9tica superficial, ofreci\u00e9ndoteuna experiencia hol\u00edstica que revitaliza tu cuerpo, mente y esp\u00edritu. Con un tratamiento corporal en Neus Peris conseguir\u00e1s: Remodelaci\u00f3n, tonificaci\u00f3n, detoxificaci\u00f3n, hidrataci\u00f3n y relajaci\u00f3n profunda. Me encant\u00f3 el trato y el resultado, unas profesionales. MIRIAM P. BRUMAS [&hellip;]","og_url":"https:\/\/neusperiscentrodeestetica.com\/index.php\/servicios-estetica-carcaixent\/tratamientos-corporales\/","og_site_name":"Neus Peris Centro De Est\u00e9tica","article_modified_time":"2026-03-23T11:50:12+00:00","og_image":[{"url":"http:\/\/neusperiscentrodeestetica.com\/wp-content\/uploads\/2024\/04\/17-1-576x1024.jpg"}],"twitter_card":"summary_large_image","twitter_misc":{"Tiempo de lectura":"3 minutos"},"schema":{"@context":"https:\/\/schema.org","@graph":[{"@type":"WebPage","@id":"https:\/\/neusperiscentrodeestetica.com\/index.php\/servicios-estetica-carcaixent\/tratamientos-corporales\/","url":"https:\/\/neusperiscentrodeestetica.com\/index.php\/servicios-estetica-carcaixent\/tratamientos-corporales\/","name":"Tratamientos corporales - Neus Peris Centro De Est\u00e9tica","isPartOf":{"@id":"https:\/\/neusperiscentrodeestetica.com\/#website"},"primaryImageOfPage":{"@id":"https:\/\/neusperiscentrodeestetica.com\/index.php\/servicios-estetica-carcaixent\/tratamientos-corporales\/#primaryimage"},"image":{"@id":"https:\/\/neusperiscentrodeestetica.com\/index.php\/servicios-estetica-carcaixent\/tratamientos-corporales\/#primaryimage"},"thumbnailUrl":"http:\/\/neusperiscentrodeestetica.com\/wp-content\/uploads\/2024\/04\/17-1-576x1024.jpg","datePublished":"2024-03-06T10:17:39+00:00","dateModified":"2026-03-23T11:50:12+00:00","breadcrumb":{"@id":"https:\/\/neusperiscentrodeestetica.com\/index.php\/servicios-estetica-carcaixent\/tratamientos-corporales\/#breadcrumb"},"inLanguage":"es","potentialAction":[{"@type":"ReadAction","target":["https:\/\/neusperiscentrodeestetica.com\/index.php\/servicios-estetica-carcaixent\/tratamientos-corporales\/"]}]},{"@type":"ImageObject","inLanguage":"es","@id":"https:\/\/neusperiscentrodeestetica.com\/index.php\/servicios-estetica-carcaixent\/tratamientos-corporales\/#primaryimage","url":"http:\/\/neusperiscentrodeestetica.com\/wp-content\/uploads\/2024\/04\/17-1-576x1024.jpg","contentUrl":"http:\/\/neusperiscentrodeestetica.com\/wp-content\/uploads\/2024\/04\/17-1-576x1024.jpg"},{"@type":"BreadcrumbList","@id":"https:\/\/neusperiscentrodeestetica.com\/index.php\/servicios-estetica-carcaixent\/tratamientos-corporales\/#breadcrumb","itemListElement":[{"@type":"ListItem","position":1,"name":"Portada","item":"https:\/\/neusperiscentrodeestetica.com\/"},{"@type":"ListItem","position":2,"name":"SERVICIOS","item":"https:\/\/neusperiscentrodeestetica.com\/index.php\/servicios-estetica-carcaixent\/"},{"@type":"ListItem","position":3,"name":"Tratamientos corporales"}]},{"@type":"WebSite","@id":"https:\/\/neusperiscentrodeestetica.com\/#website","url":"https:\/\/neusperiscentrodeestetica.com\/","name":"Neus Peris Centro De Est\u00e9tica","description":"Est&eacute;tica y belleza","potentialAction":[{"@type":"SearchAction","target":{"@type":"EntryPoint","urlTemplate":"https:\/\/neusperiscentrodeestetica.com\/?s={search_term_string}"},"query-input":{"@type":"PropertyValueSpecification","valueRequired":true,"valueName":"search_term_string"}}],"inLanguage":"es"}]}},"_links":{"self":[{"href":"https:\/\/neusperiscentrodeestetica.com\/index.php\/wp-json\/wp\/v2\/pages\/46","targetHints":{"allow":["GET"]}}],"collection":[{"href":"https:\/\/neusperiscentrodeestetica.com\/index.php\/wp-json\/wp\/v2\/pages"}],"about":[{"href":"https:\/\/neusperiscentrodeestetica.com\/index.php\/wp-json\/wp\/v2\/types\/page"}],"author":[{"embeddable":true,"href":"https:\/\/neusperiscentrodeestetica.com\/index.php\/wp-json\/wp\/v2\/users\/1"}],"replies":[{"embeddable":true,"href":"https:\/\/neusperiscentrodeestetica.com\/index.php\/wp-json\/wp\/v2\/comments?post=46"}],"version-history":[{"count":58,"href":"https:\/\/neusperiscentrodeestetica.com\/index.php\/wp-json\/wp\/v2\/pages\/46\/revisions"}],"predecessor-version":[{"id":1357,"href":"https:\/\/neusperiscentrodeestetica.com\/index.php\/wp-json\/wp\/v2\/pages\/46\/revisions\/1357"}],"up":[{"embeddable":true,"href":"https:\/\/neusperiscentrodeestetica.com\/index.php\/wp-json\/wp\/v2\/pages\/32"}],"wp:attachment":[{"href":"https:\/\/neusperiscentrodeestetica.com\/index.php\/wp-json\/wp\/v2\/media?parent=46"}],"curies":[{"name":"wp","href":"https:\/\/api.w.org\/{rel}","templated":true}]}}