{"id":48,"date":"2024-03-06T10:17:58","date_gmt":"2024-03-06T10:17:58","guid":{"rendered":"http:\/\/neusperiscentrodeestetica.com\/?page_id=48"},"modified":"2026-03-23T11:24:03","modified_gmt":"2026-03-23T11:24:03","slug":"nails-bar","status":"publish","type":"page","link":"https:\/\/neusperiscentrodeestetica.com\/index.php\/servicios-estetica-carcaixent\/nails-bar\/","title":{"rendered":"Nails Bar"},"content":{"rendered":"\t\t<div data-elementor-type=\"wp-page\" data-elementor-id=\"48\" class=\"elementor elementor-48\">\n\t\t\t\t<div class=\"elementor-element elementor-element-8fe9bf8 e-con-full e-flex e-con e-parent\" data-id=\"8fe9bf8\" data-element_type=\"container\">\n\t\t\t\t<\/div>\n\t\t<div class=\"elementor-element elementor-element-92d89f4 e-con-full e-flex e-con e-parent\" data-id=\"92d89f4\" data-element_type=\"container\" data-settings=\"{&quot;background_background&quot;:&quot;classic&quot;}\">\n\t\t\t\t<div class=\"elementor-element elementor-element-edcd0de elementor-widget elementor-widget-heading\" data-id=\"edcd0de\" data-element_type=\"widget\" data-widget_type=\"heading.default\">\n\t\t\t\t<div class=\"elementor-widget-container\">\n\t\t\t<h2 class=\"elementor-heading-title elementor-size-default\">MANICURAS Y PEDICURAS<\/h2>\t\t<\/div>\n\t\t\t\t<\/div>\n\t\t\t\t<\/div>\n\t\t<div class=\"elementor-element elementor-element-037bc60 e-con-full e-flex e-con e-parent\" data-id=\"037bc60\" data-element_type=\"container\">\n\t\t<div class=\"elementor-element elementor-element-2b47431 e-con-full e-flex e-con e-child\" data-id=\"2b47431\" data-element_type=\"container\">\n\t\t\t\t<div class=\"elementor-element elementor-element-2ac472e elementor-invisible elementor-widget elementor-widget-heading\" data-id=\"2ac472e\" data-element_type=\"widget\" data-settings=\"{&quot;_animation&quot;:&quot;fadeInUp&quot;}\" data-widget_type=\"heading.default\">\n\t\t\t\t<div class=\"elementor-widget-container\">\n\t\t\t<h2 class=\"elementor-heading-title elementor-size-default\">\u00bfC\u00d3MO CUIDAMOS TUS U\u00d1AS?<\/h2>\t\t<\/div>\n\t\t\t\t<\/div>\n\t\t\t\t<div class=\"elementor-element elementor-element-8c0193d elementor-widget__width-initial elementor-widget-tablet_extra__width-initial elementor-invisible elementor-widget elementor-widget-text-editor\" data-id=\"8c0193d\" data-element_type=\"widget\" data-settings=\"{&quot;_animation&quot;:&quot;fadeInUp&quot;}\" data-widget_type=\"text-editor.default\">\n\t\t\t\t<div class=\"elementor-widget-container\">\n\t\t\t\t\t\t\t<p>Somos especialistas en manicura y pedicura, elevando el cuidado de tus u\u00f1as a un nivel superior. Nuestro servicio cuenta con una higiene impecable, atenci\u00f3n personalizada, productos de calidad, t\u00e9cnicas expertas&#8230;<\/p>\t\t\t\t\t\t<\/div>\n\t\t\t\t<\/div>\n\t\t\t\t<\/div>\n\t\t\t\t<\/div>\n\t\t<div class=\"elementor-element elementor-element-3aac7f2 e-con-full e-flex e-con e-parent\" data-id=\"3aac7f2\" data-element_type=\"container\" data-settings=\"{&quot;background_background&quot;:&quot;classic&quot;}\">\n\t\t\t\t<div class=\"elementor-element elementor-element-4861a4d elementor-widget elementor-widget-testimonial\" data-id=\"4861a4d\" data-element_type=\"widget\" data-widget_type=\"testimonial.default\">\n\t\t\t\t<div class=\"elementor-widget-container\">\n\t\t\t\t\t<div class=\"elementor-testimonial-wrapper\">\n\t\t\t\t\t\t\t<div class=\"elementor-testimonial-content\">Excelente profesional. Hoy fui por primera vez y me encant\u00f3 el dise\u00f1o tan bonito que hizo en las u\u00f1as.<\/div>\n\t\t\t\n\t\t\t\t\t\t<div class=\"elementor-testimonial-meta\">\n\t\t\t\t<div class=\"elementor-testimonial-meta-inner\">\n\t\t\t\t\t\n\t\t\t\t\t\t\t\t\t\t<div class=\"elementor-testimonial-details\">\n\t\t\t\t\t\t\t\t\t\t\t\t\t\t\t\t\t\t\t\t<div class=\"elementor-testimonial-job\">REBECA R.<\/div>\n\t\t\t\t\t\t\t\t\t\t\t\t\t<\/div>\n\t\t\t\t\t\t\t\t\t<\/div>\n\t\t\t<\/div>\n\t\t\t\t\t<\/div>\n\t\t\t\t<\/div>\n\t\t\t\t<\/div>\n\t\t\t\t<\/div>\n\t\t<div class=\"elementor-element elementor-element-a48d686 e-con-full e-flex e-con e-parent\" data-id=\"a48d686\" data-element_type=\"container\">\n\t\t<div class=\"elementor-element elementor-element-d480ebc e-con-full e-flex e-con e-child\" data-id=\"d480ebc\" data-element_type=\"container\">\n\t\t\t\t<div class=\"elementor-element elementor-element-cbcc1ce elementor-widget elementor-widget-image\" data-id=\"cbcc1ce\" data-element_type=\"widget\" data-widget_type=\"image.default\">\n\t\t\t\t<div class=\"elementor-widget-container\">\n\t\t\t\t\t\t\t\t\t\t\t\t\t<img fetchpriority=\"high\" decoding=\"async\" width=\"800\" height=\"800\" src=\"https:\/\/neusperiscentrodeestetica.com\/wp-content\/uploads\/2024\/04\/45FC0799-E09E-4EA6-AF40-D4301F3B5CF3-1024x1024.jpeg\" class=\"attachment-large size-large wp-image-351\" alt=\"\" srcset=\"https:\/\/neusperiscentrodeestetica.com\/wp-content\/uploads\/2024\/04\/45FC0799-E09E-4EA6-AF40-D4301F3B5CF3-1024x1024.jpeg 1024w, https:\/\/neusperiscentrodeestetica.com\/wp-content\/uploads\/2024\/04\/45FC0799-E09E-4EA6-AF40-D4301F3B5CF3-300x300.jpeg 300w, https:\/\/neusperiscentrodeestetica.com\/wp-content\/uploads\/2024\/04\/45FC0799-E09E-4EA6-AF40-D4301F3B5CF3-150x150.jpeg 150w, https:\/\/neusperiscentrodeestetica.com\/wp-content\/uploads\/2024\/04\/45FC0799-E09E-4EA6-AF40-D4301F3B5CF3-768x768.jpeg 768w, https:\/\/neusperiscentrodeestetica.com\/wp-content\/uploads\/2024\/04\/45FC0799-E09E-4EA6-AF40-D4301F3B5CF3-1536x1536.jpeg 1536w, https:\/\/neusperiscentrodeestetica.com\/wp-content\/uploads\/2024\/04\/45FC0799-E09E-4EA6-AF40-D4301F3B5CF3-2048x2048.jpeg 2048w\" sizes=\"(max-width: 800px) 100vw, 800px\" \/>\t\t\t\t\t\t\t\t\t\t\t\t\t<\/div>\n\t\t\t\t<\/div>\n\t\t\t\t<\/div>\n\t\t<div class=\"elementor-element elementor-element-8b73ea5 e-con-full e-flex e-con e-child\" data-id=\"8b73ea5\" data-element_type=\"container\">\n\t\t\t\t<div class=\"elementor-element elementor-element-3f487a3 elementor-widget elementor-widget-heading\" data-id=\"3f487a3\" data-element_type=\"widget\" data-widget_type=\"heading.default\">\n\t\t\t\t<div class=\"elementor-widget-container\">\n\t\t\t<h2 class=\"elementor-heading-title elementor-size-default\">MANICURA RUSA<\/h2>\t\t<\/div>\n\t\t\t\t<\/div>\n\t\t\t\t<div class=\"elementor-element elementor-element-dec769f elementor-widget elementor-widget-text-editor\" data-id=\"dec769f\" data-element_type=\"widget\" data-widget_type=\"text-editor.default\">\n\t\t\t\t<div class=\"elementor-widget-container\">\n\t\t\t\t\t\t\t<p style=\"text-align: center;\">Esta t\u00e9cnica precisa y meticulosa garantiza un acabado impecable y duradero,<br \/>cuidando cada cent\u00edmetro de tus u\u00f1as para un acabado elegante y pulido.<\/p>\t\t\t\t\t\t<\/div>\n\t\t\t\t<\/div>\n\t\t\t\t<div class=\"elementor-element elementor-element-3234fd7 elementor-align-center elementor-widget elementor-widget-button\" data-id=\"3234fd7\" data-element_type=\"widget\" data-widget_type=\"button.default\">\n\t\t\t\t<div class=\"elementor-widget-container\">\n\t\t\t\t\t<div class=\"elementor-button-wrapper\">\n\t\t\t<a class=\"elementor-button elementor-button-link elementor-size-sm elementor-animation-bob\" href=\"https:\/\/booksy.com\/es-es\/5135_neus-peris-ungles-i-estetica_salon-de-unas_57723_carcaixent?do=invite#ba_s=dl_1\" target=\"_blank\">\n\t\t\t\t\t\t<span class=\"elementor-button-content-wrapper\">\n\t\t\t\t\t\t\t\t\t<span class=\"elementor-button-text\">RESERVAR CITA<\/span>\n\t\t\t\t\t<\/span>\n\t\t\t\t\t<\/a>\n\t\t<\/div>\n\t\t\t\t<\/div>\n\t\t\t\t<\/div>\n\t\t\t\t<\/div>\n\t\t\t\t<\/div>\n\t\t<div class=\"elementor-element elementor-element-124f534 e-con-full e-flex e-con e-parent\" data-id=\"124f534\" data-element_type=\"container\">\n\t\t<div class=\"elementor-element elementor-element-f5b920b e-con-full e-flex e-con e-child\" data-id=\"f5b920b\" data-element_type=\"container\">\n\t\t\t\t<div class=\"elementor-element elementor-element-483d702 elementor-widget elementor-widget-image\" data-id=\"483d702\" data-element_type=\"widget\" data-widget_type=\"image.default\">\n\t\t\t\t<div class=\"elementor-widget-container\">\n\t\t\t\t\t\t\t\t\t\t\t\t\t<img decoding=\"async\" width=\"576\" height=\"1024\" src=\"https:\/\/neusperiscentrodeestetica.com\/wp-content\/uploads\/2024\/04\/IMG_5366-576x1024.jpeg\" class=\"attachment-large size-large wp-image-352\" alt=\"\" srcset=\"https:\/\/neusperiscentrodeestetica.com\/wp-content\/uploads\/2024\/04\/IMG_5366-576x1024.jpeg 576w, https:\/\/neusperiscentrodeestetica.com\/wp-content\/uploads\/2024\/04\/IMG_5366-169x300.jpeg 169w, https:\/\/neusperiscentrodeestetica.com\/wp-content\/uploads\/2024\/04\/IMG_5366-768x1365.jpeg 768w, https:\/\/neusperiscentrodeestetica.com\/wp-content\/uploads\/2024\/04\/IMG_5366-864x1536.jpeg 864w, https:\/\/neusperiscentrodeestetica.com\/wp-content\/uploads\/2024\/04\/IMG_5366-1152x2048.jpeg 1152w, https:\/\/neusperiscentrodeestetica.com\/wp-content\/uploads\/2024\/04\/IMG_5366-scaled.jpeg 1440w\" sizes=\"(max-width: 576px) 100vw, 576px\" \/>\t\t\t\t\t\t\t\t\t\t\t\t\t<\/div>\n\t\t\t\t<\/div>\n\t\t\t\t<\/div>\n\t\t<div class=\"elementor-element elementor-element-bb8ef07 e-con-full e-flex e-con e-child\" data-id=\"bb8ef07\" data-element_type=\"container\">\n\t\t\t\t<div class=\"elementor-element elementor-element-5c47731 elementor-widget elementor-widget-heading\" data-id=\"5c47731\" data-element_type=\"widget\" data-widget_type=\"heading.default\">\n\t\t\t\t<div class=\"elementor-widget-container\">\n\t\t\t<h2 class=\"elementor-heading-title elementor-size-default\">MANICURA RUSA + ESMALTADO<\/h2>\t\t<\/div>\n\t\t\t\t<\/div>\n\t\t\t\t<div class=\"elementor-element elementor-element-9e98df6 elementor-widget elementor-widget-text-editor\" data-id=\"9e98df6\" data-element_type=\"widget\" data-widget_type=\"text-editor.default\">\n\t\t\t\t<div class=\"elementor-widget-container\">\n\t\t\t\t\t\t\t<p style=\"text-align: center;\">Combina la elegancia de la manicura rusa con la sutilidad del esmaltado,<br \/>perfecto para cualquier ocasi\u00f3n.<\/p>\t\t\t\t\t\t<\/div>\n\t\t\t\t<\/div>\n\t\t\t\t<div class=\"elementor-element elementor-element-e6e3a52 elementor-align-center elementor-widget elementor-widget-button\" data-id=\"e6e3a52\" data-element_type=\"widget\" data-widget_type=\"button.default\">\n\t\t\t\t<div class=\"elementor-widget-container\">\n\t\t\t\t\t<div class=\"elementor-button-wrapper\">\n\t\t\t<a class=\"elementor-button elementor-button-link elementor-size-sm elementor-animation-bob\" href=\"https:\/\/booksy.com\/es-es\/5135_neus-peris-ungles-i-estetica_salon-de-unas_57723_carcaixent?do=invite#ba_s=dl_1\" target=\"_blank\">\n\t\t\t\t\t\t<span class=\"elementor-button-content-wrapper\">\n\t\t\t\t\t\t\t\t\t<span class=\"elementor-button-text\">RESERVAR CITA<\/span>\n\t\t\t\t\t<\/span>\n\t\t\t\t\t<\/a>\n\t\t<\/div>\n\t\t\t\t<\/div>\n\t\t\t\t<\/div>\n\t\t\t\t<\/div>\n\t\t\t\t<\/div>\n\t\t<div class=\"elementor-element elementor-element-1bb36b6 e-con-full e-flex e-con e-parent\" data-id=\"1bb36b6\" data-element_type=\"container\">\n\t\t<div class=\"elementor-element elementor-element-b08ade4 e-con-full e-flex e-con e-child\" data-id=\"b08ade4\" data-element_type=\"container\">\n\t\t\t\t<div class=\"elementor-element elementor-element-83a51c3 elementor-widget elementor-widget-image\" data-id=\"83a51c3\" data-element_type=\"widget\" data-widget_type=\"image.default\">\n\t\t\t\t<div class=\"elementor-widget-container\">\n\t\t\t\t\t\t\t\t\t\t\t\t\t<img decoding=\"async\" width=\"800\" height=\"800\" src=\"https:\/\/neusperiscentrodeestetica.com\/wp-content\/uploads\/2024\/04\/shared6-1024x1024.jpeg\" class=\"attachment-large size-large wp-image-353\" alt=\"\" srcset=\"https:\/\/neusperiscentrodeestetica.com\/wp-content\/uploads\/2024\/04\/shared6-1024x1024.jpeg 1024w, https:\/\/neusperiscentrodeestetica.com\/wp-content\/uploads\/2024\/04\/shared6-300x300.jpeg 300w, https:\/\/neusperiscentrodeestetica.com\/wp-content\/uploads\/2024\/04\/shared6-150x150.jpeg 150w, https:\/\/neusperiscentrodeestetica.com\/wp-content\/uploads\/2024\/04\/shared6-768x768.jpeg 768w, https:\/\/neusperiscentrodeestetica.com\/wp-content\/uploads\/2024\/04\/shared6-1536x1536.jpeg 1536w, https:\/\/neusperiscentrodeestetica.com\/wp-content\/uploads\/2024\/04\/shared6-2048x2048.jpeg 2048w\" sizes=\"(max-width: 800px) 100vw, 800px\" \/>\t\t\t\t\t\t\t\t\t\t\t\t\t<\/div>\n\t\t\t\t<\/div>\n\t\t\t\t<\/div>\n\t\t<div class=\"elementor-element elementor-element-517a6b3 e-con-full e-flex e-con e-child\" data-id=\"517a6b3\" data-element_type=\"container\">\n\t\t\t\t<div class=\"elementor-element elementor-element-7304d2a elementor-widget elementor-widget-heading\" data-id=\"7304d2a\" data-element_type=\"widget\" data-widget_type=\"heading.default\">\n\t\t\t\t<div class=\"elementor-widget-container\">\n\t\t\t<h2 class=\"elementor-heading-title elementor-size-default\">MANICURA SEMIPERMANENTE <\/h2>\t\t<\/div>\n\t\t\t\t<\/div>\n\t\t\t\t<div class=\"elementor-element elementor-element-065cda6 elementor-widget elementor-widget-text-editor\" data-id=\"065cda6\" data-element_type=\"widget\" data-widget_type=\"text-editor.default\">\n\t\t\t\t<div class=\"elementor-widget-container\">\n\t\t\t\t\t\t\t<p style=\"text-align: center;\">El esmaltado semipermanente es un tipo de manicura con m\u00e1s duraci\u00f3n que los esmaltes tradicionales.<\/p><p style=\"text-align: center;\">Su secado en l\u00e1mpara y nuestra t\u00e9cnica de nivelaci\u00f3n permite que lleves las u\u00f1as intactas durante tres semanas.<\/p>\t\t\t\t\t\t<\/div>\n\t\t\t\t<\/div>\n\t\t\t\t<div class=\"elementor-element elementor-element-2dcc90b elementor-align-center elementor-widget elementor-widget-button\" data-id=\"2dcc90b\" data-element_type=\"widget\" data-widget_type=\"button.default\">\n\t\t\t\t<div class=\"elementor-widget-container\">\n\t\t\t\t\t<div class=\"elementor-button-wrapper\">\n\t\t\t<a class=\"elementor-button elementor-button-link elementor-size-sm elementor-animation-bob\" href=\"https:\/\/booksy.com\/es-es\/5135_neus-peris-ungles-i-estetica_salon-de-unas_57723_carcaixent?do=invite#ba_s=dl_1\" target=\"_blank\">\n\t\t\t\t\t\t<span class=\"elementor-button-content-wrapper\">\n\t\t\t\t\t\t\t\t\t<span class=\"elementor-button-text\">RESERVAR CITA<\/span>\n\t\t\t\t\t<\/span>\n\t\t\t\t\t<\/a>\n\t\t<\/div>\n\t\t\t\t<\/div>\n\t\t\t\t<\/div>\n\t\t\t\t<\/div>\n\t\t\t\t<\/div>\n\t\t<div class=\"elementor-element elementor-element-adbb494 e-con-full e-flex e-con e-parent\" data-id=\"adbb494\" data-element_type=\"container\">\n\t\t<div class=\"elementor-element elementor-element-cbd043f e-con-full e-flex e-con e-child\" data-id=\"cbd043f\" data-element_type=\"container\">\n\t\t\t\t<div class=\"elementor-element elementor-element-017fe29 elementor-widget elementor-widget-image\" data-id=\"017fe29\" data-element_type=\"widget\" data-widget_type=\"image.default\">\n\t\t\t\t<div class=\"elementor-widget-container\">\n\t\t\t\t\t\t\t\t\t\t\t\t\t<img loading=\"lazy\" decoding=\"async\" width=\"800\" height=\"800\" src=\"https:\/\/neusperiscentrodeestetica.com\/wp-content\/uploads\/2024\/04\/IMG_9964-1024x1024.jpeg\" class=\"attachment-large size-large wp-image-354\" alt=\"\" srcset=\"https:\/\/neusperiscentrodeestetica.com\/wp-content\/uploads\/2024\/04\/IMG_9964-1024x1024.jpeg 1024w, https:\/\/neusperiscentrodeestetica.com\/wp-content\/uploads\/2024\/04\/IMG_9964-300x300.jpeg 300w, https:\/\/neusperiscentrodeestetica.com\/wp-content\/uploads\/2024\/04\/IMG_9964-150x150.jpeg 150w, https:\/\/neusperiscentrodeestetica.com\/wp-content\/uploads\/2024\/04\/IMG_9964-768x768.jpeg 768w, https:\/\/neusperiscentrodeestetica.com\/wp-content\/uploads\/2024\/04\/IMG_9964-1536x1536.jpeg 1536w, https:\/\/neusperiscentrodeestetica.com\/wp-content\/uploads\/2024\/04\/IMG_9964.jpeg 1927w\" sizes=\"(max-width: 800px) 100vw, 800px\" \/>\t\t\t\t\t\t\t\t\t\t\t\t\t<\/div>\n\t\t\t\t<\/div>\n\t\t\t\t<\/div>\n\t\t<div class=\"elementor-element elementor-element-9a33622 e-con-full e-flex e-con e-child\" data-id=\"9a33622\" data-element_type=\"container\">\n\t\t\t\t<div class=\"elementor-element elementor-element-8831da7 elementor-widget elementor-widget-heading\" data-id=\"8831da7\" data-element_type=\"widget\" data-widget_type=\"heading.default\">\n\t\t\t\t<div class=\"elementor-widget-container\">\n\t\t\t<h2 class=\"elementor-heading-title elementor-size-default\">MANICURA RUSA + GEL<\/h2>\t\t<\/div>\n\t\t\t\t<\/div>\n\t\t\t\t<div class=\"elementor-element elementor-element-d4517ed elementor-widget elementor-widget-text-editor\" data-id=\"d4517ed\" data-element_type=\"widget\" data-widget_type=\"text-editor.default\">\n\t\t\t\t<div class=\"elementor-widget-container\">\n\t\t\t\t\t\t\t<p style=\"text-align: center;\">Con una amplia gama de colores y acabados, esta opci\u00f3n te ofrece una durabilidad<br \/>excepcional y un brillo deslumbrante.<\/p>\t\t\t\t\t\t<\/div>\n\t\t\t\t<\/div>\n\t\t\t\t<div class=\"elementor-element elementor-element-194563b elementor-align-center elementor-widget elementor-widget-button\" data-id=\"194563b\" data-element_type=\"widget\" data-widget_type=\"button.default\">\n\t\t\t\t<div class=\"elementor-widget-container\">\n\t\t\t\t\t<div class=\"elementor-button-wrapper\">\n\t\t\t<a class=\"elementor-button elementor-button-link elementor-size-sm elementor-animation-bob\" href=\"https:\/\/booksy.com\/es-es\/5135_neus-peris-ungles-i-estetica_salon-de-unas_57723_carcaixent?do=invite#ba_s=dl_1\" target=\"_blank\">\n\t\t\t\t\t\t<span class=\"elementor-button-content-wrapper\">\n\t\t\t\t\t\t\t\t\t<span class=\"elementor-button-text\">RESERVAR CITA<\/span>\n\t\t\t\t\t<\/span>\n\t\t\t\t\t<\/a>\n\t\t<\/div>\n\t\t\t\t<\/div>\n\t\t\t\t<\/div>\n\t\t\t\t<\/div>\n\t\t\t\t<\/div>\n\t\t<div class=\"elementor-element elementor-element-7ea3d5d e-con-full e-flex e-con e-parent\" data-id=\"7ea3d5d\" data-element_type=\"container\">\n\t\t<div class=\"elementor-element elementor-element-d10bc67 e-con-full e-flex e-con e-child\" data-id=\"d10bc67\" data-element_type=\"container\">\n\t\t\t\t<div class=\"elementor-element elementor-element-5f80030 elementor-widget elementor-widget-image\" data-id=\"5f80030\" data-element_type=\"widget\" data-widget_type=\"image.default\">\n\t\t\t\t<div class=\"elementor-widget-container\">\n\t\t\t\t\t\t\t\t\t\t\t\t\t<img decoding=\"async\" src=\"http:\/\/neusperiscentrodeestetica.com\/wp-content\/uploads\/2024\/04\/DCDBCCE7-F550-4D59-A94A-9ADA2829420B-scaled.jpeg\" title=\"\" alt=\"\" loading=\"lazy\" \/>\t\t\t\t\t\t\t\t\t\t\t\t\t<\/div>\n\t\t\t\t<\/div>\n\t\t\t\t<\/div>\n\t\t<div class=\"elementor-element elementor-element-327fc8c e-con-full e-flex e-con e-child\" data-id=\"327fc8c\" data-element_type=\"container\">\n\t\t\t\t<div class=\"elementor-element elementor-element-99bf209 elementor-widget elementor-widget-heading\" data-id=\"99bf209\" data-element_type=\"widget\" data-widget_type=\"heading.default\">\n\t\t\t\t<div class=\"elementor-widget-container\">\n\t\t\t<h2 class=\"elementor-heading-title elementor-size-default\">PEDICURA SPA<\/h2>\t\t<\/div>\n\t\t\t\t<\/div>\n\t\t\t\t<div class=\"elementor-element elementor-element-29faff9 elementor-widget elementor-widget-text-editor\" data-id=\"29faff9\" data-element_type=\"widget\" data-widget_type=\"text-editor.default\">\n\t\t\t\t<div class=\"elementor-widget-container\">\n\t\t\t\t\t\t\t<p style=\"text-align: center;\">Disfruta de un tratamiento completo que incluye exfoliaci\u00f3n, hidrataci\u00f3n y<br \/>masaje, dejando tus pies suaves, revitalizados y listos para lucir encualquier ocasi\u00f3n.<\/p>\t\t\t\t\t\t<\/div>\n\t\t\t\t<\/div>\n\t\t\t\t<div class=\"elementor-element elementor-element-12a4f29 elementor-align-center elementor-widget elementor-widget-button\" data-id=\"12a4f29\" data-element_type=\"widget\" data-widget_type=\"button.default\">\n\t\t\t\t<div class=\"elementor-widget-container\">\n\t\t\t\t\t<div class=\"elementor-button-wrapper\">\n\t\t\t<a class=\"elementor-button elementor-button-link elementor-size-sm elementor-animation-bob\" href=\"https:\/\/booksy.com\/es-es\/5135_neus-peris-ungles-i-estetica_salon-de-unas_57723_carcaixent?do=invite#ba_s=dl_1\" target=\"_blank\">\n\t\t\t\t\t\t<span class=\"elementor-button-content-wrapper\">\n\t\t\t\t\t\t\t\t\t<span class=\"elementor-button-text\">RESERVAR CITA<\/span>\n\t\t\t\t\t<\/span>\n\t\t\t\t\t<\/a>\n\t\t<\/div>\n\t\t\t\t<\/div>\n\t\t\t\t<\/div>\n\t\t\t\t<\/div>\n\t\t\t\t<\/div>\n\t\t\t\t<\/div>\n\t\t","protected":false},"excerpt":{"rendered":"<p>MANICURAS Y PEDICURAS \u00bfC\u00d3MO CUIDAMOS TUS U\u00d1AS? Somos especialistas en manicura y pedicura, elevando el cuidado de tus u\u00f1as a un nivel superior. Nuestro servicio cuenta con una higiene impecable, atenci\u00f3n personalizada, productos de calidad, t\u00e9cnicas expertas&#8230; Excelente profesional. Hoy fui por primera vez y me encant\u00f3 el dise\u00f1o tan bonito que hizo en las [&hellip;]<\/p>\n","protected":false},"author":1,"featured_media":0,"parent":32,"menu_order":0,"comment_status":"closed","ping_status":"closed","template":"","meta":{"footnotes":""},"class_list":["post-48","page","type-page","status-publish","hentry"],"yoast_head":"<!-- This site is optimized with the Yoast SEO plugin v23.5 - https:\/\/yoast.com\/wordpress\/plugins\/seo\/ -->\n<title>Nails Bar - Neus Peris Centro De Est\u00e9tica<\/title>\n<meta name=\"robots\" content=\"noindex, nofollow\" \/>\n<meta property=\"og:locale\" content=\"es_ES\" \/>\n<meta property=\"og:type\" content=\"article\" \/>\n<meta property=\"og:title\" content=\"Nails Bar - Neus Peris Centro De Est\u00e9tica\" \/>\n<meta property=\"og:description\" content=\"MANICURAS Y PEDICURAS \u00bfC\u00d3MO CUIDAMOS TUS U\u00d1AS? Somos especialistas en manicura y pedicura, elevando el cuidado de tus u\u00f1as a un nivel superior. Nuestro servicio cuenta con una higiene impecable, atenci\u00f3n personalizada, productos de calidad, t\u00e9cnicas expertas&#8230; Excelente profesional. Hoy fui por primera vez y me encant\u00f3 el dise\u00f1o tan bonito que hizo en las [&hellip;]\" \/>\n<meta property=\"og:url\" content=\"https:\/\/neusperiscentrodeestetica.com\/index.php\/servicios-estetica-carcaixent\/nails-bar\/\" \/>\n<meta property=\"og:site_name\" content=\"Neus Peris Centro De Est\u00e9tica\" \/>\n<meta property=\"article:modified_time\" content=\"2026-03-23T11:24:03+00:00\" \/>\n<meta property=\"og:image\" content=\"http:\/\/neusperiscentrodeestetica.com\/wp-content\/uploads\/2024\/04\/45FC0799-E09E-4EA6-AF40-D4301F3B5CF3-1024x1024.jpeg\" \/>\n<meta name=\"twitter:card\" content=\"summary_large_image\" \/>\n<meta name=\"twitter:label1\" content=\"Tiempo de lectura\" \/>\n\t<meta name=\"twitter:data1\" content=\"2 minutos\" \/>\n<script type=\"application\/ld+json\" class=\"yoast-schema-graph\">{\"@context\":\"https:\/\/schema.org\",\"@graph\":[{\"@type\":\"WebPage\",\"@id\":\"https:\/\/neusperiscentrodeestetica.com\/index.php\/servicios-estetica-carcaixent\/nails-bar\/\",\"url\":\"https:\/\/neusperiscentrodeestetica.com\/index.php\/servicios-estetica-carcaixent\/nails-bar\/\",\"name\":\"Nails Bar - Neus Peris Centro De Est\u00e9tica\",\"isPartOf\":{\"@id\":\"https:\/\/neusperiscentrodeestetica.com\/#website\"},\"primaryImageOfPage\":{\"@id\":\"https:\/\/neusperiscentrodeestetica.com\/index.php\/servicios-estetica-carcaixent\/nails-bar\/#primaryimage\"},\"image\":{\"@id\":\"https:\/\/neusperiscentrodeestetica.com\/index.php\/servicios-estetica-carcaixent\/nails-bar\/#primaryimage\"},\"thumbnailUrl\":\"http:\/\/neusperiscentrodeestetica.com\/wp-content\/uploads\/2024\/04\/45FC0799-E09E-4EA6-AF40-D4301F3B5CF3-1024x1024.jpeg\",\"datePublished\":\"2024-03-06T10:17:58+00:00\",\"dateModified\":\"2026-03-23T11:24:03+00:00\",\"breadcrumb\":{\"@id\":\"https:\/\/neusperiscentrodeestetica.com\/index.php\/servicios-estetica-carcaixent\/nails-bar\/#breadcrumb\"},\"inLanguage\":\"es\",\"potentialAction\":[{\"@type\":\"ReadAction\",\"target\":[\"https:\/\/neusperiscentrodeestetica.com\/index.php\/servicios-estetica-carcaixent\/nails-bar\/\"]}]},{\"@type\":\"ImageObject\",\"inLanguage\":\"es\",\"@id\":\"https:\/\/neusperiscentrodeestetica.com\/index.php\/servicios-estetica-carcaixent\/nails-bar\/#primaryimage\",\"url\":\"https:\/\/neusperiscentrodeestetica.com\/wp-content\/uploads\/2024\/04\/45FC0799-E09E-4EA6-AF40-D4301F3B5CF3.jpeg\",\"contentUrl\":\"https:\/\/neusperiscentrodeestetica.com\/wp-content\/uploads\/2024\/04\/45FC0799-E09E-4EA6-AF40-D4301F3B5CF3.jpeg\",\"width\":2425,\"height\":2425},{\"@type\":\"BreadcrumbList\",\"@id\":\"https:\/\/neusperiscentrodeestetica.com\/index.php\/servicios-estetica-carcaixent\/nails-bar\/#breadcrumb\",\"itemListElement\":[{\"@type\":\"ListItem\",\"position\":1,\"name\":\"Portada\",\"item\":\"https:\/\/neusperiscentrodeestetica.com\/\"},{\"@type\":\"ListItem\",\"position\":2,\"name\":\"SERVICIOS\",\"item\":\"https:\/\/neusperiscentrodeestetica.com\/index.php\/servicios-estetica-carcaixent\/\"},{\"@type\":\"ListItem\",\"position\":3,\"name\":\"Nails Bar\"}]},{\"@type\":\"WebSite\",\"@id\":\"https:\/\/neusperiscentrodeestetica.com\/#website\",\"url\":\"https:\/\/neusperiscentrodeestetica.com\/\",\"name\":\"Neus Peris Centro De Est\u00e9tica\",\"description\":\"Est&eacute;tica y belleza\",\"potentialAction\":[{\"@type\":\"SearchAction\",\"target\":{\"@type\":\"EntryPoint\",\"urlTemplate\":\"https:\/\/neusperiscentrodeestetica.com\/?s={search_term_string}\"},\"query-input\":{\"@type\":\"PropertyValueSpecification\",\"valueRequired\":true,\"valueName\":\"search_term_string\"}}],\"inLanguage\":\"es\"}]}<\/script>\n<!-- \/ Yoast SEO plugin. -->","yoast_head_json":{"title":"Nails Bar - Neus Peris Centro De Est\u00e9tica","robots":{"index":"noindex","follow":"nofollow"},"og_locale":"es_ES","og_type":"article","og_title":"Nails Bar - Neus Peris Centro De Est\u00e9tica","og_description":"MANICURAS Y PEDICURAS \u00bfC\u00d3MO CUIDAMOS TUS U\u00d1AS? Somos especialistas en manicura y pedicura, elevando el cuidado de tus u\u00f1as a un nivel superior. Nuestro servicio cuenta con una higiene impecable, atenci\u00f3n personalizada, productos de calidad, t\u00e9cnicas expertas&#8230; Excelente profesional. Hoy fui por primera vez y me encant\u00f3 el dise\u00f1o tan bonito que hizo en las [&hellip;]","og_url":"https:\/\/neusperiscentrodeestetica.com\/index.php\/servicios-estetica-carcaixent\/nails-bar\/","og_site_name":"Neus Peris Centro De Est\u00e9tica","article_modified_time":"2026-03-23T11:24:03+00:00","og_image":[{"url":"http:\/\/neusperiscentrodeestetica.com\/wp-content\/uploads\/2024\/04\/45FC0799-E09E-4EA6-AF40-D4301F3B5CF3-1024x1024.jpeg"}],"twitter_card":"summary_large_image","twitter_misc":{"Tiempo de lectura":"2 minutos"},"schema":{"@context":"https:\/\/schema.org","@graph":[{"@type":"WebPage","@id":"https:\/\/neusperiscentrodeestetica.com\/index.php\/servicios-estetica-carcaixent\/nails-bar\/","url":"https:\/\/neusperiscentrodeestetica.com\/index.php\/servicios-estetica-carcaixent\/nails-bar\/","name":"Nails Bar - Neus Peris Centro De Est\u00e9tica","isPartOf":{"@id":"https:\/\/neusperiscentrodeestetica.com\/#website"},"primaryImageOfPage":{"@id":"https:\/\/neusperiscentrodeestetica.com\/index.php\/servicios-estetica-carcaixent\/nails-bar\/#primaryimage"},"image":{"@id":"https:\/\/neusperiscentrodeestetica.com\/index.php\/servicios-estetica-carcaixent\/nails-bar\/#primaryimage"},"thumbnailUrl":"http:\/\/neusperiscentrodeestetica.com\/wp-content\/uploads\/2024\/04\/45FC0799-E09E-4EA6-AF40-D4301F3B5CF3-1024x1024.jpeg","datePublished":"2024-03-06T10:17:58+00:00","dateModified":"2026-03-23T11:24:03+00:00","breadcrumb":{"@id":"https:\/\/neusperiscentrodeestetica.com\/index.php\/servicios-estetica-carcaixent\/nails-bar\/#breadcrumb"},"inLanguage":"es","potentialAction":[{"@type":"ReadAction","target":["https:\/\/neusperiscentrodeestetica.com\/index.php\/servicios-estetica-carcaixent\/nails-bar\/"]}]},{"@type":"ImageObject","inLanguage":"es","@id":"https:\/\/neusperiscentrodeestetica.com\/index.php\/servicios-estetica-carcaixent\/nails-bar\/#primaryimage","url":"https:\/\/neusperiscentrodeestetica.com\/wp-content\/uploads\/2024\/04\/45FC0799-E09E-4EA6-AF40-D4301F3B5CF3.jpeg","contentUrl":"https:\/\/neusperiscentrodeestetica.com\/wp-content\/uploads\/2024\/04\/45FC0799-E09E-4EA6-AF40-D4301F3B5CF3.jpeg","width":2425,"height":2425},{"@type":"BreadcrumbList","@id":"https:\/\/neusperiscentrodeestetica.com\/index.php\/servicios-estetica-carcaixent\/nails-bar\/#breadcrumb","itemListElement":[{"@type":"ListItem","position":1,"name":"Portada","item":"https:\/\/neusperiscentrodeestetica.com\/"},{"@type":"ListItem","position":2,"name":"SERVICIOS","item":"https:\/\/neusperiscentrodeestetica.com\/index.php\/servicios-estetica-carcaixent\/"},{"@type":"ListItem","position":3,"name":"Nails Bar"}]},{"@type":"WebSite","@id":"https:\/\/neusperiscentrodeestetica.com\/#website","url":"https:\/\/neusperiscentrodeestetica.com\/","name":"Neus Peris Centro De Est\u00e9tica","description":"Est&eacute;tica y belleza","potentialAction":[{"@type":"SearchAction","target":{"@type":"EntryPoint","urlTemplate":"https:\/\/neusperiscentrodeestetica.com\/?s={search_term_string}"},"query-input":{"@type":"PropertyValueSpecification","valueRequired":true,"valueName":"search_term_string"}}],"inLanguage":"es"}]}},"_links":{"self":[{"href":"https:\/\/neusperiscentrodeestetica.com\/index.php\/wp-json\/wp\/v2\/pages\/48","targetHints":{"allow":["GET"]}}],"collection":[{"href":"https:\/\/neusperiscentrodeestetica.com\/index.php\/wp-json\/wp\/v2\/pages"}],"about":[{"href":"https:\/\/neusperiscentrodeestetica.com\/index.php\/wp-json\/wp\/v2\/types\/page"}],"author":[{"embeddable":true,"href":"https:\/\/neusperiscentrodeestetica.com\/index.php\/wp-json\/wp\/v2\/users\/1"}],"replies":[{"embeddable":true,"href":"https:\/\/neusperiscentrodeestetica.com\/index.php\/wp-json\/wp\/v2\/comments?post=48"}],"version-history":[{"count":64,"href":"https:\/\/neusperiscentrodeestetica.com\/index.php\/wp-json\/wp\/v2\/pages\/48\/revisions"}],"predecessor-version":[{"id":1335,"href":"https:\/\/neusperiscentrodeestetica.com\/index.php\/wp-json\/wp\/v2\/pages\/48\/revisions\/1335"}],"up":[{"embeddable":true,"href":"https:\/\/neusperiscentrodeestetica.com\/index.php\/wp-json\/wp\/v2\/pages\/32"}],"wp:attachment":[{"href":"https:\/\/neusperiscentrodeestetica.com\/index.php\/wp-json\/wp\/v2\/media?parent=48"}],"curies":[{"name":"wp","href":"https:\/\/api.w.org\/{rel}","templated":true}]}}